{"id":10000631,"date":"2016-03-18T19:23:26","date_gmt":"2016-03-18T18:23:26","guid":{"rendered":"http:\/\/test9.antoniopalumbo.it\/cicloescursionismo\/?page_id=10000631"},"modified":"2018-03-02T21:56:05","modified_gmt":"2018-03-02T20:56:05","slug":"home","status":"publish","type":"page","link":"https:\/\/www.caicagliari.it\/cicloescursionismo\/","title":{"rendered":"ARTICOLI"},"content":{"rendered":"[vc_row][vc_column][vc_column_text]<ul class=\"display-posts-listing\"><li class=\"listing-item\"><a class=\"image\" href=\"https:\/\/www.caicagliari.it\/cicloescursionismo\/2026\/04\/30\/montarbu-selvaggio-in-mtb-7a-cicloescursione-stagionale-23-e-24-maggio-2026\/\"><img loading=\"lazy\" decoding=\"async\" width=\"150\" height=\"150\" src=\"https:\/\/i0.wp.com\/www.caicagliari.it\/cicloescursionismo\/wp-content\/uploads\/sites\/4\/2026\/04\/locandina-Seui.jpeg?resize=150%2C150&amp;ssl=1\" class=\"attachment-thumbnail size-thumbnail wp-post-image\" alt=\"\" srcset=\"https:\/\/i0.wp.com\/www.caicagliari.it\/cicloescursionismo\/wp-content\/uploads\/sites\/4\/2026\/04\/locandina-Seui.jpeg?resize=150%2C150&amp;ssl=1 150w, https:\/\/i0.wp.com\/www.caicagliari.it\/cicloescursionismo\/wp-content\/uploads\/sites\/4\/2026\/04\/locandina-Seui.jpeg?zoom=2&amp;resize=150%2C150&amp;ssl=1 300w, https:\/\/i0.wp.com\/www.caicagliari.it\/cicloescursionismo\/wp-content\/uploads\/sites\/4\/2026\/04\/locandina-Seui.jpeg?zoom=3&amp;resize=150%2C150&amp;ssl=1 450w\" sizes=\"auto, (max-width: 150px) 100vw, 150px\" data-attachment-id=\"10002657\" data-permalink=\"https:\/\/www.caicagliari.it\/cicloescursionismo\/cicloescursioni\/locandina-seui\/\" data-orig-file=\"https:\/\/i0.wp.com\/www.caicagliari.it\/cicloescursionismo\/wp-content\/uploads\/sites\/4\/2026\/04\/locandina-Seui.jpeg?fit=1122%2C1402&amp;ssl=1\" data-orig-size=\"1122,1402\" data-comments-opened=\"0\" data-image-meta=\"{&quot;aperture&quot;:&quot;0&quot;,&quot;credit&quot;:&quot;&quot;,&quot;camera&quot;:&quot;&quot;,&quot;caption&quot;:&quot;&quot;,&quot;created_timestamp&quot;:&quot;0&quot;,&quot;copyright&quot;:&quot;&quot;,&quot;focal_length&quot;:&quot;0&quot;,&quot;iso&quot;:&quot;0&quot;,&quot;shutter_speed&quot;:&quot;0&quot;,&quot;title&quot;:&quot;&quot;,&quot;orientation&quot;:&quot;0&quot;}\" data-image-title=\"locandina Seui\" data-image-description=\"\" data-image-caption=\"\" data-medium-file=\"https:\/\/i0.wp.com\/www.caicagliari.it\/cicloescursionismo\/wp-content\/uploads\/sites\/4\/2026\/04\/locandina-Seui.jpeg?fit=240%2C300&amp;ssl=1\" data-large-file=\"https:\/\/i0.wp.com\/www.caicagliari.it\/cicloescursionismo\/wp-content\/uploads\/sites\/4\/2026\/04\/locandina-Seui.jpeg?fit=819%2C1024&amp;ssl=1\" \/><\/a> <a class=\"title\" href=\"https:\/\/www.caicagliari.it\/cicloescursionismo\/2026\/04\/30\/montarbu-selvaggio-in-mtb-7a-cicloescursione-stagionale-23-e-24-maggio-2026\/\">Montarbu selvaggio in MTB &#8211; 7a cicloescursione stagionale \u2013 23 e 24 maggio 2026<\/a> <span class=\"excerpt-dash\">-<\/span> <span class=\"excerpt\">Un eventu unico, due giorni tra Seui e Ussassai, nel cuore della foresta di Montarbu. E&#8217; ora disponibile la descrizione completa della cicloescursione, ulteriori info e dettagli seguiranno a breve. &nbsp; \u2013 Lunghezza: circa 80 Km (complessivi) \u2013 Dislivello: circa &hellip; <a href=\"https:\/\/www.caicagliari.it\/cicloescursionismo\/2026\/04\/30\/montarbu-selvaggio-in-mtb-7a-cicloescursione-stagionale-23-e-24-maggio-2026\/\">Continua<\/a><\/span><\/li><li class=\"listing-item\"><a class=\"image\" href=\"https:\/\/www.caicagliari.it\/cicloescursionismo\/2026\/04\/26\/5a-cicloescursione-stagionale-2-maggio-2026-mtb-tuili\/\"><img loading=\"lazy\" decoding=\"async\" width=\"150\" height=\"150\" src=\"https:\/\/i0.wp.com\/www.caicagliari.it\/cicloescursionismo\/wp-content\/uploads\/sites\/4\/2026\/04\/image_2026-04-26_120628476.png?resize=150%2C150&amp;ssl=1\" class=\"attachment-thumbnail size-thumbnail wp-post-image\" alt=\"\" data-attachment-id=\"10002649\" data-permalink=\"https:\/\/www.caicagliari.it\/cicloescursionismo\/cicloescursioni\/image_2026-04-26_120628476\/\" data-orig-file=\"https:\/\/i0.wp.com\/www.caicagliari.it\/cicloescursionismo\/wp-content\/uploads\/sites\/4\/2026\/04\/image_2026-04-26_120628476.png?fit=284%2C381&amp;ssl=1\" data-orig-size=\"284,381\" data-comments-opened=\"0\" data-image-meta=\"{&quot;aperture&quot;:&quot;0&quot;,&quot;credit&quot;:&quot;&quot;,&quot;camera&quot;:&quot;&quot;,&quot;caption&quot;:&quot;&quot;,&quot;created_timestamp&quot;:&quot;0&quot;,&quot;copyright&quot;:&quot;&quot;,&quot;focal_length&quot;:&quot;0&quot;,&quot;iso&quot;:&quot;0&quot;,&quot;shutter_speed&quot;:&quot;0&quot;,&quot;title&quot;:&quot;&quot;,&quot;orientation&quot;:&quot;0&quot;}\" data-image-title=\"image_2026-04-26_120628476\" data-image-description=\"\" data-image-caption=\"\" data-medium-file=\"https:\/\/i0.wp.com\/www.caicagliari.it\/cicloescursionismo\/wp-content\/uploads\/sites\/4\/2026\/04\/image_2026-04-26_120628476.png?fit=224%2C300&amp;ssl=1\" data-large-file=\"https:\/\/i0.wp.com\/www.caicagliari.it\/cicloescursionismo\/wp-content\/uploads\/sites\/4\/2026\/04\/image_2026-04-26_120628476.png?fit=284%2C381&amp;ssl=1\" \/><\/a> <a class=\"title\" href=\"https:\/\/www.caicagliari.it\/cicloescursionismo\/2026\/04\/26\/5a-cicloescursione-stagionale-2-maggio-2026-mtb-tuili\/\">5a cicloescursione stagionale &#8211; 2 maggio 2026 &#8211; (MTB) &#8211; Tuili<\/a> <span class=\"excerpt-dash\">-<\/span> <span class=\"excerpt\">Per questa cicloescursione con un itinerario ad anello pedaleremo sull&#8217;altopiano della Giara, ora riccamente fiorita, non mancheranno gli avvistamenti dei cavallini ! &nbsp; \u2013 Lunghezza: 48 Km \u2013 Dislivello: 600 metri \u2013 Impegno fisico: medio \u2013 Difficolt\u00e0: MC\/MC\u00a0 Salita\/discesa\u00a0 (Vedi &hellip; <a href=\"https:\/\/www.caicagliari.it\/cicloescursionismo\/2026\/04\/26\/5a-cicloescursione-stagionale-2-maggio-2026-mtb-tuili\/\">Continua<\/a><\/span><\/li><li class=\"listing-item\"><a class=\"image\" href=\"https:\/\/www.caicagliari.it\/cicloescursionismo\/2026\/04\/20\/montarbu-selvaggio-in-mtb\/\"><img loading=\"lazy\" decoding=\"async\" width=\"150\" height=\"150\" src=\"https:\/\/i0.wp.com\/www.caicagliari.it\/cicloescursionismo\/wp-content\/uploads\/sites\/4\/2026\/04\/loca-1.jpg?resize=150%2C150&amp;ssl=1\" class=\"attachment-thumbnail size-thumbnail wp-post-image\" alt=\"\" srcset=\"https:\/\/i0.wp.com\/www.caicagliari.it\/cicloescursionismo\/wp-content\/uploads\/sites\/4\/2026\/04\/loca-1.jpg?resize=150%2C150&amp;ssl=1 150w, https:\/\/i0.wp.com\/www.caicagliari.it\/cicloescursionismo\/wp-content\/uploads\/sites\/4\/2026\/04\/loca-1.jpg?zoom=2&amp;resize=150%2C150&amp;ssl=1 300w, https:\/\/i0.wp.com\/www.caicagliari.it\/cicloescursionismo\/wp-content\/uploads\/sites\/4\/2026\/04\/loca-1.jpg?zoom=3&amp;resize=150%2C150&amp;ssl=1 450w\" sizes=\"auto, (max-width: 150px) 100vw, 150px\" data-attachment-id=\"10002637\" data-permalink=\"https:\/\/www.caicagliari.it\/cicloescursionismo\/2026\/04\/20\/montarbu-selvaggio-in-mtb\/loca-1\/\" data-orig-file=\"https:\/\/i0.wp.com\/www.caicagliari.it\/cicloescursionismo\/wp-content\/uploads\/sites\/4\/2026\/04\/loca-1.jpg?fit=794%2C1123&amp;ssl=1\" data-orig-size=\"794,1123\" data-comments-opened=\"0\" data-image-meta=\"{&quot;aperture&quot;:&quot;0&quot;,&quot;credit&quot;:&quot;&quot;,&quot;camera&quot;:&quot;&quot;,&quot;caption&quot;:&quot;&quot;,&quot;created_timestamp&quot;:&quot;0&quot;,&quot;copyright&quot;:&quot;&quot;,&quot;focal_length&quot;:&quot;0&quot;,&quot;iso&quot;:&quot;0&quot;,&quot;shutter_speed&quot;:&quot;0&quot;,&quot;title&quot;:&quot;&quot;,&quot;orientation&quot;:&quot;0&quot;}\" data-image-title=\"loca-1\" data-image-description=\"\" data-image-caption=\"\" data-medium-file=\"https:\/\/i0.wp.com\/www.caicagliari.it\/cicloescursionismo\/wp-content\/uploads\/sites\/4\/2026\/04\/loca-1.jpg?fit=212%2C300&amp;ssl=1\" data-large-file=\"https:\/\/i0.wp.com\/www.caicagliari.it\/cicloescursionismo\/wp-content\/uploads\/sites\/4\/2026\/04\/loca-1.jpg?fit=724%2C1024&amp;ssl=1\" \/><\/a> <a class=\"title\" href=\"https:\/\/www.caicagliari.it\/cicloescursionismo\/2026\/04\/20\/montarbu-selvaggio-in-mtb\/\">Montarbu Selvaggio in MTB<\/a> <span class=\"excerpt-dash\">-<\/span> <span class=\"excerpt\">23 e 24 maggio 2026. Due giorni in mountain bike tra Seui, Montarbu e Ussassai. &nbsp; Per maggiori informazioni e per le prenotazioni consultare il Comunicato sull&#8217;evento.<\/span><\/li><li class=\"listing-item\"><a class=\"image\" href=\"https:\/\/www.caicagliari.it\/cicloescursionismo\/2026\/03\/20\/1-corso-per-accompagnatore-sezionale-di-cicloescursionismo-asc\/\"><img loading=\"lazy\" decoding=\"async\" width=\"150\" height=\"150\" src=\"https:\/\/i0.wp.com\/www.caicagliari.it\/cicloescursionismo\/wp-content\/uploads\/sites\/4\/2026\/03\/Ciclo-Corso.jpg?resize=150%2C150&amp;ssl=1\" class=\"attachment-thumbnail size-thumbnail wp-post-image\" alt=\"\" srcset=\"https:\/\/i0.wp.com\/www.caicagliari.it\/cicloescursionismo\/wp-content\/uploads\/sites\/4\/2026\/03\/Ciclo-Corso.jpg?resize=150%2C150&amp;ssl=1 150w, https:\/\/i0.wp.com\/www.caicagliari.it\/cicloescursionismo\/wp-content\/uploads\/sites\/4\/2026\/03\/Ciclo-Corso.jpg?zoom=2&amp;resize=150%2C150&amp;ssl=1 300w, https:\/\/i0.wp.com\/www.caicagliari.it\/cicloescursionismo\/wp-content\/uploads\/sites\/4\/2026\/03\/Ciclo-Corso.jpg?zoom=3&amp;resize=150%2C150&amp;ssl=1 450w\" sizes=\"auto, (max-width: 150px) 100vw, 150px\" data-attachment-id=\"10002627\" data-permalink=\"https:\/\/www.caicagliari.it\/cicloescursionismo\/2026\/03\/20\/1-corso-per-accompagnatore-sezionale-di-cicloescursionismo-asc\/ciclo-corso\/\" data-orig-file=\"https:\/\/i0.wp.com\/www.caicagliari.it\/cicloescursionismo\/wp-content\/uploads\/sites\/4\/2026\/03\/Ciclo-Corso.jpg?fit=1861%2C1041&amp;ssl=1\" data-orig-size=\"1861,1041\" data-comments-opened=\"0\" data-image-meta=\"{&quot;aperture&quot;:&quot;0&quot;,&quot;credit&quot;:&quot;&quot;,&quot;camera&quot;:&quot;&quot;,&quot;caption&quot;:&quot;&quot;,&quot;created_timestamp&quot;:&quot;0&quot;,&quot;copyright&quot;:&quot;&quot;,&quot;focal_length&quot;:&quot;0&quot;,&quot;iso&quot;:&quot;0&quot;,&quot;shutter_speed&quot;:&quot;0&quot;,&quot;title&quot;:&quot;&quot;,&quot;orientation&quot;:&quot;0&quot;}\" data-image-title=\"Ciclo Corso\" data-image-description=\"\" data-image-caption=\"\" data-medium-file=\"https:\/\/i0.wp.com\/www.caicagliari.it\/cicloescursionismo\/wp-content\/uploads\/sites\/4\/2026\/03\/Ciclo-Corso.jpg?fit=300%2C168&amp;ssl=1\" data-large-file=\"https:\/\/i0.wp.com\/www.caicagliari.it\/cicloescursionismo\/wp-content\/uploads\/sites\/4\/2026\/03\/Ciclo-Corso.jpg?fit=1024%2C573&amp;ssl=1\" \/><\/a> <a class=\"title\" href=\"https:\/\/www.caicagliari.it\/cicloescursionismo\/2026\/03\/20\/1-corso-per-accompagnatore-sezionale-di-cicloescursionismo-asc\/\">1\u00b0 Corso per Accompagnatore Sezionale di Cicloescursionismo (ASC)<\/a> <span class=\"excerpt-dash\">-<\/span> <span class=\"excerpt\">L\u2019 OTTO Escursionismo del CAI Sardegna in collaborazione con la SCE Scuola Centrale di Escursionismo, ha il piacere di comunicare che, in data 20 aprile 2026 inizier\u00e0 il 1\u00b0 corso per Accompagnatore Sezionale di Cicloescursionismo (ASC). Il corso sono rivolti &hellip; <a href=\"https:\/\/www.caicagliari.it\/cicloescursionismo\/2026\/03\/20\/1-corso-per-accompagnatore-sezionale-di-cicloescursionismo-asc\/\">Continua<\/a><\/span><\/li><li class=\"listing-item\"><a class=\"image\" href=\"https:\/\/www.caicagliari.it\/cicloescursionismo\/2026\/03\/17\/4a-cicloescursione-stagionale-21-marzo-2026-mtb-domusnovas\/\"><img loading=\"lazy\" decoding=\"async\" width=\"150\" height=\"150\" src=\"https:\/\/i0.wp.com\/www.caicagliari.it\/cicloescursionismo\/wp-content\/uploads\/sites\/4\/2026\/03\/domusnovas.jpg?resize=150%2C150&amp;ssl=1\" class=\"attachment-thumbnail size-thumbnail wp-post-image\" alt=\"\" srcset=\"https:\/\/i0.wp.com\/www.caicagliari.it\/cicloescursionismo\/wp-content\/uploads\/sites\/4\/2026\/03\/domusnovas.jpg?resize=150%2C150&amp;ssl=1 150w, https:\/\/i0.wp.com\/www.caicagliari.it\/cicloescursionismo\/wp-content\/uploads\/sites\/4\/2026\/03\/domusnovas.jpg?zoom=2&amp;resize=150%2C150&amp;ssl=1 300w\" sizes=\"auto, (max-width: 150px) 100vw, 150px\" data-attachment-id=\"10002605\" data-permalink=\"https:\/\/www.caicagliari.it\/cicloescursionismo\/cicloescursioni\/domusnovas\/\" data-orig-file=\"https:\/\/i0.wp.com\/www.caicagliari.it\/cicloescursionismo\/wp-content\/uploads\/sites\/4\/2026\/03\/domusnovas.jpg?fit=442%2C327&amp;ssl=1\" data-orig-size=\"442,327\" data-comments-opened=\"0\" data-image-meta=\"{&quot;aperture&quot;:&quot;0&quot;,&quot;credit&quot;:&quot;&quot;,&quot;camera&quot;:&quot;&quot;,&quot;caption&quot;:&quot;&quot;,&quot;created_timestamp&quot;:&quot;0&quot;,&quot;copyright&quot;:&quot;&quot;,&quot;focal_length&quot;:&quot;0&quot;,&quot;iso&quot;:&quot;0&quot;,&quot;shutter_speed&quot;:&quot;0&quot;,&quot;title&quot;:&quot;&quot;,&quot;orientation&quot;:&quot;0&quot;}\" data-image-title=\"domusnovas\" data-image-description=\"\" data-image-caption=\"\" data-medium-file=\"https:\/\/i0.wp.com\/www.caicagliari.it\/cicloescursionismo\/wp-content\/uploads\/sites\/4\/2026\/03\/domusnovas.jpg?fit=300%2C222&amp;ssl=1\" data-large-file=\"https:\/\/i0.wp.com\/www.caicagliari.it\/cicloescursionismo\/wp-content\/uploads\/sites\/4\/2026\/03\/domusnovas.jpg?fit=442%2C327&amp;ssl=1\" \/><\/a> <a class=\"title\" href=\"https:\/\/www.caicagliari.it\/cicloescursionismo\/2026\/03\/17\/4a-cicloescursione-stagionale-21-marzo-2026-mtb-domusnovas\/\">4a cicloescursione stagionale \u2013 21 marzo 2026 \u2013 (MTB) \u2013 Domusnovas<\/a> <span class=\"excerpt-dash\">-<\/span> <span class=\"excerpt\">Percorreremo un itinerario ad anello sulle antiche vie della civilt\u00e0 mineraria del Marganai, seguendo in parte il tracciato della storica ferrovia Decauville che collegava i cantieri minerari alle laverie della valle. &nbsp; \u2013 Lunghezza: 38 Km \u2013 Dislivello: 1000 metri &hellip; <a href=\"https:\/\/www.caicagliari.it\/cicloescursionismo\/2026\/03\/17\/4a-cicloescursione-stagionale-21-marzo-2026-mtb-domusnovas\/\">Continua<\/a><\/span><\/li><li class=\"listing-item\"><a class=\"image\" href=\"https:\/\/www.caicagliari.it\/cicloescursionismo\/2026\/03\/12\/venerdi-20-marzo-ore-19-30-serata-cicloescursionistica-corso-base-di-ciclomeccanica\/\"><img loading=\"lazy\" decoding=\"async\" width=\"150\" height=\"150\" src=\"https:\/\/i0.wp.com\/www.caicagliari.it\/cicloescursionismo\/wp-content\/uploads\/sites\/4\/2026\/03\/ciclomecc.jpg?resize=150%2C150&amp;ssl=1\" class=\"attachment-thumbnail size-thumbnail wp-post-image\" alt=\"\" srcset=\"https:\/\/i0.wp.com\/www.caicagliari.it\/cicloescursionismo\/wp-content\/uploads\/sites\/4\/2026\/03\/ciclomecc.jpg?resize=150%2C150&amp;ssl=1 150w, https:\/\/i0.wp.com\/www.caicagliari.it\/cicloescursionismo\/wp-content\/uploads\/sites\/4\/2026\/03\/ciclomecc.jpg?zoom=2&amp;resize=150%2C150&amp;ssl=1 300w, https:\/\/i0.wp.com\/www.caicagliari.it\/cicloescursionismo\/wp-content\/uploads\/sites\/4\/2026\/03\/ciclomecc.jpg?zoom=3&amp;resize=150%2C150&amp;ssl=1 450w\" sizes=\"auto, (max-width: 150px) 100vw, 150px\" data-attachment-id=\"10002599\" data-permalink=\"https:\/\/www.caicagliari.it\/cicloescursionismo\/ciclomecc\/\" data-orig-file=\"https:\/\/i0.wp.com\/www.caicagliari.it\/cicloescursionismo\/wp-content\/uploads\/sites\/4\/2026\/03\/ciclomecc.jpg?fit=736%2C414&amp;ssl=1\" data-orig-size=\"736,414\" data-comments-opened=\"0\" data-image-meta=\"{&quot;aperture&quot;:&quot;0&quot;,&quot;credit&quot;:&quot;&quot;,&quot;camera&quot;:&quot;&quot;,&quot;caption&quot;:&quot;&quot;,&quot;created_timestamp&quot;:&quot;0&quot;,&quot;copyright&quot;:&quot;&quot;,&quot;focal_length&quot;:&quot;0&quot;,&quot;iso&quot;:&quot;0&quot;,&quot;shutter_speed&quot;:&quot;0&quot;,&quot;title&quot;:&quot;&quot;,&quot;orientation&quot;:&quot;0&quot;}\" data-image-title=\"ciclomecc\" data-image-description=\"\" data-image-caption=\"\" data-medium-file=\"https:\/\/i0.wp.com\/www.caicagliari.it\/cicloescursionismo\/wp-content\/uploads\/sites\/4\/2026\/03\/ciclomecc.jpg?fit=300%2C169&amp;ssl=1\" data-large-file=\"https:\/\/i0.wp.com\/www.caicagliari.it\/cicloescursionismo\/wp-content\/uploads\/sites\/4\/2026\/03\/ciclomecc.jpg?fit=736%2C414&amp;ssl=1\" \/><\/a> <a class=\"title\" href=\"https:\/\/www.caicagliari.it\/cicloescursionismo\/2026\/03\/12\/venerdi-20-marzo-ore-19-30-serata-cicloescursionistica-corso-base-di-ciclomeccanica\/\">Venerd\u00ec 20 marzo ore 19.30 &#8211; Serata Cicloescursionistica &#8211; CORSO BASE DI CICLOMECCANICA<\/a> <span class=\"excerpt-dash\">-<\/span> <span class=\"excerpt\">Fabio Pau e Stefano Lupini vi daranno le basi per: Acquisire le conoscenze di base del funzionamento di una MTB; Sapere cosa c\u2019\u00e8 da controllare prima di una cicloescursione; Sapere cosa fare in caso di foratura; Acquisire altre nozioni di &hellip; <a href=\"https:\/\/www.caicagliari.it\/cicloescursionismo\/2026\/03\/12\/venerdi-20-marzo-ore-19-30-serata-cicloescursionistica-corso-base-di-ciclomeccanica\/\">Continua<\/a><\/span><\/li><li class=\"listing-item\"><a class=\"image\" href=\"https:\/\/www.caicagliari.it\/cicloescursionismo\/2026\/03\/01\/3a-cicloescursione-stagionale-7-marzo-2026-mtb-capo-pecora\/\"><img loading=\"lazy\" decoding=\"async\" width=\"150\" height=\"150\" src=\"https:\/\/i0.wp.com\/www.caicagliari.it\/cicloescursionismo\/wp-content\/uploads\/sites\/4\/2026\/03\/capo-pecora.png?resize=150%2C150&amp;ssl=1\" class=\"attachment-thumbnail size-thumbnail wp-post-image\" alt=\"\" srcset=\"https:\/\/i0.wp.com\/www.caicagliari.it\/cicloescursionismo\/wp-content\/uploads\/sites\/4\/2026\/03\/capo-pecora.png?resize=150%2C150&amp;ssl=1 150w, https:\/\/i0.wp.com\/www.caicagliari.it\/cicloescursionismo\/wp-content\/uploads\/sites\/4\/2026\/03\/capo-pecora.png?zoom=2&amp;resize=150%2C150&amp;ssl=1 300w, https:\/\/i0.wp.com\/www.caicagliari.it\/cicloescursionismo\/wp-content\/uploads\/sites\/4\/2026\/03\/capo-pecora.png?zoom=3&amp;resize=150%2C150&amp;ssl=1 450w\" sizes=\"auto, (max-width: 150px) 100vw, 150px\" data-attachment-id=\"10002585\" data-permalink=\"https:\/\/www.caicagliari.it\/cicloescursionismo\/cicloescursioni\/capo-pecora\/\" data-orig-file=\"https:\/\/i0.wp.com\/www.caicagliari.it\/cicloescursionismo\/wp-content\/uploads\/sites\/4\/2026\/03\/capo-pecora.png?fit=764%2C388&amp;ssl=1\" data-orig-size=\"764,388\" data-comments-opened=\"0\" data-image-meta=\"{&quot;aperture&quot;:&quot;0&quot;,&quot;credit&quot;:&quot;&quot;,&quot;camera&quot;:&quot;&quot;,&quot;caption&quot;:&quot;&quot;,&quot;created_timestamp&quot;:&quot;0&quot;,&quot;copyright&quot;:&quot;&quot;,&quot;focal_length&quot;:&quot;0&quot;,&quot;iso&quot;:&quot;0&quot;,&quot;shutter_speed&quot;:&quot;0&quot;,&quot;title&quot;:&quot;&quot;,&quot;orientation&quot;:&quot;0&quot;}\" data-image-title=\"capo pecora\" data-image-description=\"\" data-image-caption=\"\" data-medium-file=\"https:\/\/i0.wp.com\/www.caicagliari.it\/cicloescursionismo\/wp-content\/uploads\/sites\/4\/2026\/03\/capo-pecora.png?fit=300%2C152&amp;ssl=1\" data-large-file=\"https:\/\/i0.wp.com\/www.caicagliari.it\/cicloescursionismo\/wp-content\/uploads\/sites\/4\/2026\/03\/capo-pecora.png?fit=764%2C388&amp;ssl=1\" \/><\/a> <a class=\"title\" href=\"https:\/\/www.caicagliari.it\/cicloescursionismo\/2026\/03\/01\/3a-cicloescursione-stagionale-7-marzo-2026-mtb-capo-pecora\/\">3a cicloescursione stagionale \u2013 7 marzo 2026 \u2013 (MTB) \u2013 Capo Pecora<\/a> <span class=\"excerpt-dash\">-<\/span> <span class=\"excerpt\">Un itinerario affascinante e dai due volti: una prima parte tecnica lungo la spettacolare costa verde, seguita da una seconda parte pi\u00f9 scorrevole immersi nei profumi intensi della macchia mediterranea dell\u2019entroterra. &nbsp; \u2013 Lunghezza: 30 Km \u2013 Dislivello: 1000 metri &hellip; <a href=\"https:\/\/www.caicagliari.it\/cicloescursionismo\/2026\/03\/01\/3a-cicloescursione-stagionale-7-marzo-2026-mtb-capo-pecora\/\">Continua<\/a><\/span><\/li><li class=\"listing-item\"><a class=\"image\" href=\"https:\/\/www.caicagliari.it\/cicloescursionismo\/2026\/01\/30\/laghetti-di-corongiu-in-mtb\/\"><img loading=\"lazy\" decoding=\"async\" width=\"150\" height=\"150\" src=\"https:\/\/i0.wp.com\/www.caicagliari.it\/cicloescursionismo\/wp-content\/uploads\/sites\/4\/2026\/01\/corongiu.jpg?resize=150%2C150&amp;ssl=1\" class=\"attachment-thumbnail size-thumbnail wp-post-image\" alt=\"\" srcset=\"https:\/\/i0.wp.com\/www.caicagliari.it\/cicloescursionismo\/wp-content\/uploads\/sites\/4\/2026\/01\/corongiu.jpg?resize=150%2C150&amp;ssl=1 150w, https:\/\/i0.wp.com\/www.caicagliari.it\/cicloescursionismo\/wp-content\/uploads\/sites\/4\/2026\/01\/corongiu.jpg?zoom=2&amp;resize=150%2C150&amp;ssl=1 300w, https:\/\/i0.wp.com\/www.caicagliari.it\/cicloescursionismo\/wp-content\/uploads\/sites\/4\/2026\/01\/corongiu.jpg?zoom=3&amp;resize=150%2C150&amp;ssl=1 450w\" sizes=\"auto, (max-width: 150px) 100vw, 150px\" data-attachment-id=\"10002559\" data-permalink=\"https:\/\/www.caicagliari.it\/cicloescursionismo\/cicloescursioni\/corongiu\/\" data-orig-file=\"https:\/\/i0.wp.com\/www.caicagliari.it\/cicloescursionismo\/wp-content\/uploads\/sites\/4\/2026\/01\/corongiu.jpg?fit=2048%2C1152&amp;ssl=1\" data-orig-size=\"2048,1152\" data-comments-opened=\"0\" data-image-meta=\"{&quot;aperture&quot;:&quot;0&quot;,&quot;credit&quot;:&quot;&quot;,&quot;camera&quot;:&quot;&quot;,&quot;caption&quot;:&quot;&quot;,&quot;created_timestamp&quot;:&quot;0&quot;,&quot;copyright&quot;:&quot;&quot;,&quot;focal_length&quot;:&quot;0&quot;,&quot;iso&quot;:&quot;0&quot;,&quot;shutter_speed&quot;:&quot;0&quot;,&quot;title&quot;:&quot;&quot;,&quot;orientation&quot;:&quot;0&quot;}\" data-image-title=\"corongiu\" data-image-description=\"\" data-image-caption=\"\" data-medium-file=\"https:\/\/i0.wp.com\/www.caicagliari.it\/cicloescursionismo\/wp-content\/uploads\/sites\/4\/2026\/01\/corongiu.jpg?fit=300%2C169&amp;ssl=1\" data-large-file=\"https:\/\/i0.wp.com\/www.caicagliari.it\/cicloescursionismo\/wp-content\/uploads\/sites\/4\/2026\/01\/corongiu.jpg?fit=1024%2C576&amp;ssl=1\" \/><\/a> <a class=\"title\" href=\"https:\/\/www.caicagliari.it\/cicloescursionismo\/2026\/01\/30\/laghetti-di-corongiu-in-mtb\/\">2a cicloescursione stagionale &#8211; 7 febbraio 2026 &#8211; (MTB) &#8211; Sinnai: i Laghetti di Corongiu<\/a> <span class=\"excerpt-dash\">-<\/span> <span class=\"excerpt\">In questa cicloescursione percorreremo un anello attorno a Tasonis che tocca i suggestivi laghetti di Corongiu, sito della prima diga italiana progettata da Felice Giordano, cofondatore del CAI. \u2013 Lunghezza: 26 Km \u2013 Dislivello: 800 metri \u2013 Impegno fisico: medio &hellip; <a href=\"https:\/\/www.caicagliari.it\/cicloescursionismo\/2026\/01\/30\/laghetti-di-corongiu-in-mtb\/\">Continua<\/a><\/span><\/li><li class=\"listing-item\"><a class=\"image\" href=\"https:\/\/www.caicagliari.it\/cicloescursionismo\/2026\/01\/23\/serata-cicloescursionistica-formativa-minicorso-di-navigazione-gps-con-alfredo-panu\/\"><img loading=\"lazy\" decoding=\"async\" width=\"150\" height=\"150\" src=\"https:\/\/i0.wp.com\/www.caicagliari.it\/cicloescursionismo\/wp-content\/uploads\/sites\/4\/2026\/01\/locandina-corso-GPS.jpg?resize=150%2C150&amp;ssl=1\" class=\"attachment-thumbnail size-thumbnail wp-post-image\" alt=\"\" srcset=\"https:\/\/i0.wp.com\/www.caicagliari.it\/cicloescursionismo\/wp-content\/uploads\/sites\/4\/2026\/01\/locandina-corso-GPS.jpg?resize=150%2C150&amp;ssl=1 150w, https:\/\/i0.wp.com\/www.caicagliari.it\/cicloescursionismo\/wp-content\/uploads\/sites\/4\/2026\/01\/locandina-corso-GPS.jpg?zoom=2&amp;resize=150%2C150&amp;ssl=1 300w, https:\/\/i0.wp.com\/www.caicagliari.it\/cicloescursionismo\/wp-content\/uploads\/sites\/4\/2026\/01\/locandina-corso-GPS.jpg?zoom=3&amp;resize=150%2C150&amp;ssl=1 450w\" sizes=\"auto, (max-width: 150px) 100vw, 150px\" data-attachment-id=\"10002556\" data-permalink=\"https:\/\/www.caicagliari.it\/cicloescursionismo\/locandina-corso-gps\/\" data-orig-file=\"https:\/\/i0.wp.com\/www.caicagliari.it\/cicloescursionismo\/wp-content\/uploads\/sites\/4\/2026\/01\/locandina-corso-GPS.jpg?fit=525%2C736&amp;ssl=1\" data-orig-size=\"525,736\" data-comments-opened=\"0\" data-image-meta=\"{&quot;aperture&quot;:&quot;0&quot;,&quot;credit&quot;:&quot;&quot;,&quot;camera&quot;:&quot;&quot;,&quot;caption&quot;:&quot;&quot;,&quot;created_timestamp&quot;:&quot;0&quot;,&quot;copyright&quot;:&quot;&quot;,&quot;focal_length&quot;:&quot;0&quot;,&quot;iso&quot;:&quot;0&quot;,&quot;shutter_speed&quot;:&quot;0&quot;,&quot;title&quot;:&quot;&quot;,&quot;orientation&quot;:&quot;0&quot;}\" data-image-title=\"locandina corso GPS\" data-image-description=\"\" data-image-caption=\"\" data-medium-file=\"https:\/\/i0.wp.com\/www.caicagliari.it\/cicloescursionismo\/wp-content\/uploads\/sites\/4\/2026\/01\/locandina-corso-GPS.jpg?fit=214%2C300&amp;ssl=1\" data-large-file=\"https:\/\/i0.wp.com\/www.caicagliari.it\/cicloescursionismo\/wp-content\/uploads\/sites\/4\/2026\/01\/locandina-corso-GPS.jpg?fit=525%2C736&amp;ssl=1\" \/><\/a> <a class=\"title\" href=\"https:\/\/www.caicagliari.it\/cicloescursionismo\/2026\/01\/23\/serata-cicloescursionistica-formativa-minicorso-di-navigazione-gps-con-alfredo-panu\/\">Serata cicloescursionistica formativa &#8211; minicorso di navigazione GPS (con Alfredo Panu)<\/a> <span class=\"excerpt-dash\">-<\/span> <span class=\"excerpt\">Alfredo Panu, socio CAI e siluppatore dell&#8217;app Sentieri, ci guider\u00e0, anche grazie alla sua app, all&#8217;esperienza di navigazione con dispositivi GPS.<\/span><\/li><li class=\"listing-item\"><a class=\"image\" href=\"https:\/\/www.caicagliari.it\/cicloescursionismo\/2025\/12\/29\/1a-cicloescursione-stagionale-6-gennaio-mtb-teulada-tour-dei-3-nuraghi\/\"><img loading=\"lazy\" decoding=\"async\" width=\"150\" height=\"150\" src=\"https:\/\/i0.wp.com\/www.caicagliari.it\/cicloescursionismo\/wp-content\/uploads\/sites\/4\/2025\/12\/teulada.jpeg?resize=150%2C150&amp;ssl=1\" class=\"attachment-thumbnail size-thumbnail wp-post-image\" alt=\"\" srcset=\"https:\/\/i0.wp.com\/www.caicagliari.it\/cicloescursionismo\/wp-content\/uploads\/sites\/4\/2025\/12\/teulada.jpeg?resize=150%2C150&amp;ssl=1 150w, https:\/\/i0.wp.com\/www.caicagliari.it\/cicloescursionismo\/wp-content\/uploads\/sites\/4\/2025\/12\/teulada.jpeg?zoom=2&amp;resize=150%2C150&amp;ssl=1 300w, https:\/\/i0.wp.com\/www.caicagliari.it\/cicloescursionismo\/wp-content\/uploads\/sites\/4\/2025\/12\/teulada.jpeg?zoom=3&amp;resize=150%2C150&amp;ssl=1 450w\" sizes=\"auto, (max-width: 150px) 100vw, 150px\" data-attachment-id=\"10002520\" data-permalink=\"https:\/\/www.caicagliari.it\/cicloescursionismo\/cicloescursioni\/teulada\/\" data-orig-file=\"https:\/\/i0.wp.com\/www.caicagliari.it\/cicloescursionismo\/wp-content\/uploads\/sites\/4\/2025\/12\/teulada.jpeg?fit=2560%2C1920&amp;ssl=1\" data-orig-size=\"2560,1920\" data-comments-opened=\"0\" data-image-meta=\"{&quot;aperture&quot;:&quot;0&quot;,&quot;credit&quot;:&quot;&quot;,&quot;camera&quot;:&quot;&quot;,&quot;caption&quot;:&quot;&quot;,&quot;created_timestamp&quot;:&quot;0&quot;,&quot;copyright&quot;:&quot;&quot;,&quot;focal_length&quot;:&quot;0&quot;,&quot;iso&quot;:&quot;0&quot;,&quot;shutter_speed&quot;:&quot;0&quot;,&quot;title&quot;:&quot;&quot;,&quot;orientation&quot;:&quot;0&quot;}\" data-image-title=\"teulada\" data-image-description=\"\" data-image-caption=\"\" data-medium-file=\"https:\/\/i0.wp.com\/www.caicagliari.it\/cicloescursionismo\/wp-content\/uploads\/sites\/4\/2025\/12\/teulada.jpeg?fit=300%2C225&amp;ssl=1\" data-large-file=\"https:\/\/i0.wp.com\/www.caicagliari.it\/cicloescursionismo\/wp-content\/uploads\/sites\/4\/2025\/12\/teulada.jpeg?fit=1024%2C768&amp;ssl=1\" \/><\/a> <a class=\"title\" href=\"https:\/\/www.caicagliari.it\/cicloescursionismo\/2025\/12\/29\/1a-cicloescursione-stagionale-6-gennaio-mtb-teulada-tour-dei-3-nuraghi\/\">1a Cicloescursione stagionale \u2013 6 gennaio \u2013 (MTB) \u2013 Teulada \u2013 Tour dei 3 nuraghi<\/a> <span class=\"excerpt-dash\">-<\/span> <span class=\"excerpt\">1a Cicloescursione stagionale \u2013 6 gennaio \u2013 (MTB) \u2013 Teulada &#8211; Tour dei 3 nuraghi Questa prima cicloescursione ci regaler\u00e0 un mix di archeologia e natura: panorami spettacolari sulla costa meridionale dell\u2019isola, paesaggi granitici incontaminati incorniciati dalla macchia mediterranea, e &hellip; <a href=\"https:\/\/www.caicagliari.it\/cicloescursionismo\/2025\/12\/29\/1a-cicloescursione-stagionale-6-gennaio-mtb-teulada-tour-dei-3-nuraghi\/\">Continua<\/a><\/span><\/li><li class=\"listing-item\"><a class=\"image\" href=\"https:\/\/www.caicagliari.it\/cicloescursionismo\/2025\/12\/02\/17-cicloescursione-stagionale-13-dicembre-mtb-in-mtb-tra-i-sentieri-di-sa-pimpenera\/\"><img loading=\"lazy\" decoding=\"async\" width=\"150\" height=\"150\" src=\"https:\/\/i0.wp.com\/www.caicagliari.it\/cicloescursionismo\/wp-content\/uploads\/sites\/4\/2025\/12\/2025_12_13-Cicloescursione-Sinnai-scaled.jpg?resize=150%2C150&amp;ssl=1\" class=\"attachment-thumbnail size-thumbnail wp-post-image\" alt=\"\" srcset=\"https:\/\/i0.wp.com\/www.caicagliari.it\/cicloescursionismo\/wp-content\/uploads\/sites\/4\/2025\/12\/2025_12_13-Cicloescursione-Sinnai-scaled.jpg?resize=150%2C150&amp;ssl=1 150w, https:\/\/i0.wp.com\/www.caicagliari.it\/cicloescursionismo\/wp-content\/uploads\/sites\/4\/2025\/12\/2025_12_13-Cicloescursione-Sinnai-scaled.jpg?zoom=2&amp;resize=150%2C150&amp;ssl=1 300w, https:\/\/i0.wp.com\/www.caicagliari.it\/cicloescursionismo\/wp-content\/uploads\/sites\/4\/2025\/12\/2025_12_13-Cicloescursione-Sinnai-scaled.jpg?zoom=3&amp;resize=150%2C150&amp;ssl=1 450w\" sizes=\"auto, (max-width: 150px) 100vw, 150px\" data-attachment-id=\"10002479\" data-permalink=\"https:\/\/www.caicagliari.it\/cicloescursionismo\/2025_12_13-cicloescursione-sinnai-2\/\" data-orig-file=\"https:\/\/i0.wp.com\/www.caicagliari.it\/cicloescursionismo\/wp-content\/uploads\/sites\/4\/2025\/12\/2025_12_13-Cicloescursione-Sinnai-scaled.jpg?fit=2560%2C1920&amp;ssl=1\" data-orig-size=\"2560,1920\" data-comments-opened=\"0\" data-image-meta=\"{&quot;aperture&quot;:&quot;6.3&quot;,&quot;credit&quot;:&quot;&quot;,&quot;camera&quot;:&quot;TG-6&quot;,&quot;caption&quot;:&quot;&quot;,&quot;created_timestamp&quot;:&quot;1613820691&quot;,&quot;copyright&quot;:&quot;&quot;,&quot;focal_length&quot;:&quot;18&quot;,&quot;iso&quot;:&quot;100&quot;,&quot;shutter_speed&quot;:&quot;0.005&quot;,&quot;title&quot;:&quot;&quot;,&quot;orientation&quot;:&quot;1&quot;}\" data-image-title=\"2025_12_13 Cicloescursione Sinnai\" data-image-description=\"\" data-image-caption=\"\" data-medium-file=\"https:\/\/i0.wp.com\/www.caicagliari.it\/cicloescursionismo\/wp-content\/uploads\/sites\/4\/2025\/12\/2025_12_13-Cicloescursione-Sinnai-scaled.jpg?fit=300%2C225&amp;ssl=1\" data-large-file=\"https:\/\/i0.wp.com\/www.caicagliari.it\/cicloescursionismo\/wp-content\/uploads\/sites\/4\/2025\/12\/2025_12_13-Cicloescursione-Sinnai-scaled.jpg?fit=1024%2C768&amp;ssl=1\" \/><\/a> <a class=\"title\" href=\"https:\/\/www.caicagliari.it\/cicloescursionismo\/2025\/12\/02\/17-cicloescursione-stagionale-13-dicembre-mtb-in-mtb-tra-i-sentieri-di-sa-pimpenera\/\">17\u00b0 Cicloescursione stagionale \u2013 13 Dicembre \u2013 (MTB) \u2013 In mtb tra i sentieri di Sa Pimpenera<\/a> <span class=\"excerpt-dash\">-<\/span> <span class=\"excerpt\">17\u00b0 Cicloescursione stagionale \u2013 13 Dicembre \u2013 (MTB) \u2013 In mtb tra i sentieri di Sa Pimpenera Questa cicloescursione si sviluppa all\u2019interno del parco urbano e della Pineta di Sinnai, uno dei polmoni verdi pi\u00f9 importanti del Sud Sardegna. La &hellip; <a href=\"https:\/\/www.caicagliari.it\/cicloescursionismo\/2025\/12\/02\/17-cicloescursione-stagionale-13-dicembre-mtb-in-mtb-tra-i-sentieri-di-sa-pimpenera\/\">Continua<\/a><\/span><\/li><li class=\"listing-item\"><a class=\"image\" href=\"https:\/\/www.caicagliari.it\/cicloescursionismo\/2025\/11\/05\/cicloescursione-fuori-calendario-9-novembre-mtb-pedalando-lungo-il-parco-forestale-dei-sette-fratelli\/\"><img loading=\"lazy\" decoding=\"async\" width=\"150\" height=\"150\" src=\"https:\/\/i0.wp.com\/www.caicagliari.it\/cicloescursionismo\/wp-content\/uploads\/sites\/4\/2025\/11\/DSC00845-scaled.jpg?resize=150%2C150&amp;ssl=1\" class=\"attachment-thumbnail size-thumbnail wp-post-image\" alt=\"\" srcset=\"https:\/\/i0.wp.com\/www.caicagliari.it\/cicloescursionismo\/wp-content\/uploads\/sites\/4\/2025\/11\/DSC00845-scaled.jpg?resize=150%2C150&amp;ssl=1 150w, https:\/\/i0.wp.com\/www.caicagliari.it\/cicloescursionismo\/wp-content\/uploads\/sites\/4\/2025\/11\/DSC00845-scaled.jpg?zoom=2&amp;resize=150%2C150&amp;ssl=1 300w, https:\/\/i0.wp.com\/www.caicagliari.it\/cicloescursionismo\/wp-content\/uploads\/sites\/4\/2025\/11\/DSC00845-scaled.jpg?zoom=3&amp;resize=150%2C150&amp;ssl=1 450w\" sizes=\"auto, (max-width: 150px) 100vw, 150px\" data-attachment-id=\"10002456\" data-permalink=\"https:\/\/www.caicagliari.it\/cicloescursionismo\/dsc00845\/\" data-orig-file=\"https:\/\/i0.wp.com\/www.caicagliari.it\/cicloescursionismo\/wp-content\/uploads\/sites\/4\/2025\/11\/DSC00845-scaled.jpg?fit=2560%2C1920&amp;ssl=1\" data-orig-size=\"2560,1920\" data-comments-opened=\"0\" data-image-meta=\"{&quot;aperture&quot;:&quot;3.5&quot;,&quot;credit&quot;:&quot;&quot;,&quot;camera&quot;:&quot;DSC-TX30&quot;,&quot;caption&quot;:&quot;&quot;,&quot;created_timestamp&quot;:&quot;1512306627&quot;,&quot;copyright&quot;:&quot;&quot;,&quot;focal_length&quot;:&quot;4.7&quot;,&quot;iso&quot;:&quot;640&quot;,&quot;shutter_speed&quot;:&quot;0.033333333333333&quot;,&quot;title&quot;:&quot;&quot;,&quot;orientation&quot;:&quot;1&quot;}\" data-image-title=\"DSC00845\" data-image-description=\"\" data-image-caption=\"\" data-medium-file=\"https:\/\/i0.wp.com\/www.caicagliari.it\/cicloescursionismo\/wp-content\/uploads\/sites\/4\/2025\/11\/DSC00845-scaled.jpg?fit=300%2C225&amp;ssl=1\" data-large-file=\"https:\/\/i0.wp.com\/www.caicagliari.it\/cicloescursionismo\/wp-content\/uploads\/sites\/4\/2025\/11\/DSC00845-scaled.jpg?fit=1024%2C768&amp;ssl=1\" \/><\/a> <a class=\"title\" href=\"https:\/\/www.caicagliari.it\/cicloescursionismo\/2025\/11\/05\/cicloescursione-fuori-calendario-9-novembre-mtb-pedalando-lungo-il-parco-forestale-dei-sette-fratelli\/\">Cicloescursione fuori calendario \u2013 9 novembre \u2013 (MTB) \u2013 Pedalando lungo il parco forestale dei Sette Fratelli<\/a> <span class=\"excerpt-dash\">-<\/span> <span class=\"excerpt\">Il Parco Forestale dei Sette Fratelli \u00e8 un&#8217;oasi naturalistica di primaria importanza situata nel sud-est della Sardegna, a breve distanza da Cagliari. Caratterizzato da maestosi rilievi granitici che superano i 1000 metri di altitudine, il parco rappresenta un&#8217;area di inestimabile &hellip; <a href=\"https:\/\/www.caicagliari.it\/cicloescursionismo\/2025\/11\/05\/cicloescursione-fuori-calendario-9-novembre-mtb-pedalando-lungo-il-parco-forestale-dei-sette-fratelli\/\">Continua<\/a><\/span><\/li><li class=\"listing-item\"><a class=\"image\" href=\"https:\/\/www.caicagliari.it\/cicloescursionismo\/2025\/10\/17\/15-cicloescursione-stagionale-25-ottobre-mtb-monte-arci\/\"><img loading=\"lazy\" decoding=\"async\" width=\"150\" height=\"150\" src=\"https:\/\/i0.wp.com\/www.caicagliari.it\/cicloescursionismo\/wp-content\/uploads\/sites\/4\/2025\/10\/arci2.png?resize=150%2C150&amp;ssl=1\" class=\"attachment-thumbnail size-thumbnail wp-post-image\" alt=\"\" srcset=\"https:\/\/i0.wp.com\/www.caicagliari.it\/cicloescursionismo\/wp-content\/uploads\/sites\/4\/2025\/10\/arci2.png?resize=150%2C150&amp;ssl=1 150w, https:\/\/i0.wp.com\/www.caicagliari.it\/cicloescursionismo\/wp-content\/uploads\/sites\/4\/2025\/10\/arci2.png?zoom=2&amp;resize=150%2C150&amp;ssl=1 300w\" sizes=\"auto, (max-width: 150px) 100vw, 150px\" data-attachment-id=\"10002435\" data-permalink=\"https:\/\/www.caicagliari.it\/cicloescursionismo\/cicloescursioni\/arci2\/\" data-orig-file=\"https:\/\/i0.wp.com\/www.caicagliari.it\/cicloescursionismo\/wp-content\/uploads\/sites\/4\/2025\/10\/arci2.png?fit=412%2C485&amp;ssl=1\" data-orig-size=\"412,485\" data-comments-opened=\"0\" data-image-meta=\"{&quot;aperture&quot;:&quot;0&quot;,&quot;credit&quot;:&quot;&quot;,&quot;camera&quot;:&quot;&quot;,&quot;caption&quot;:&quot;&quot;,&quot;created_timestamp&quot;:&quot;0&quot;,&quot;copyright&quot;:&quot;&quot;,&quot;focal_length&quot;:&quot;0&quot;,&quot;iso&quot;:&quot;0&quot;,&quot;shutter_speed&quot;:&quot;0&quot;,&quot;title&quot;:&quot;&quot;,&quot;orientation&quot;:&quot;0&quot;}\" data-image-title=\"arci2\" data-image-description=\"\" data-image-caption=\"\" data-medium-file=\"https:\/\/i0.wp.com\/www.caicagliari.it\/cicloescursionismo\/wp-content\/uploads\/sites\/4\/2025\/10\/arci2.png?fit=255%2C300&amp;ssl=1\" data-large-file=\"https:\/\/i0.wp.com\/www.caicagliari.it\/cicloescursionismo\/wp-content\/uploads\/sites\/4\/2025\/10\/arci2.png?fit=412%2C485&amp;ssl=1\" \/><\/a> <a class=\"title\" href=\"https:\/\/www.caicagliari.it\/cicloescursionismo\/2025\/10\/17\/15-cicloescursione-stagionale-25-ottobre-mtb-monte-arci\/\">15\u00b0 Cicloescursione stagionale \u2013 25 Ottobre \u2013 (MTB) \u2013 Monte Arci.<\/a> <span class=\"excerpt-dash\">-<\/span> <span class=\"excerpt\">Grazie alla condivisione delle tracce da parte dei ragazzi di Arrogapignoi Uras, che ringraziamo, pedaleremo tra le alture vulcaniche e i boschi ombrosi del monte Arci, un giro non banale dal punto di vista sia fisico che tecnico, proposto in &hellip; <a href=\"https:\/\/www.caicagliari.it\/cicloescursionismo\/2025\/10\/17\/15-cicloescursione-stagionale-25-ottobre-mtb-monte-arci\/\">Continua<\/a><\/span><\/li><li class=\"listing-item\"><a class=\"image\" href=\"https:\/\/www.caicagliari.it\/cicloescursionismo\/2025\/10\/03\/14-cicloescursione-stagionale-11-ottobre-mtb-barbagia-ussassai-in-mtb\/\"><img loading=\"lazy\" decoding=\"async\" width=\"150\" height=\"150\" src=\"https:\/\/i0.wp.com\/www.caicagliari.it\/cicloescursionismo\/wp-content\/uploads\/sites\/4\/2025\/10\/ussassai-e1759682342530.jpg?resize=150%2C150&amp;ssl=1\" class=\"attachment-thumbnail size-thumbnail wp-post-image\" alt=\"\" data-attachment-id=\"10002427\" data-permalink=\"https:\/\/www.caicagliari.it\/cicloescursionismo\/2025\/10\/03\/14-cicloescursione-stagionale-11-ottobre-mtb-barbagia-ussassai-in-mtb\/ussassai\/\" data-orig-file=\"https:\/\/i0.wp.com\/www.caicagliari.it\/cicloescursionismo\/wp-content\/uploads\/sites\/4\/2025\/10\/ussassai-e1759682342530.jpg?fit=356%2C635&amp;ssl=1\" data-orig-size=\"356,635\" data-comments-opened=\"0\" data-image-meta=\"{&quot;aperture&quot;:&quot;0&quot;,&quot;credit&quot;:&quot;&quot;,&quot;camera&quot;:&quot;&quot;,&quot;caption&quot;:&quot;&quot;,&quot;created_timestamp&quot;:&quot;0&quot;,&quot;copyright&quot;:&quot;&quot;,&quot;focal_length&quot;:&quot;0&quot;,&quot;iso&quot;:&quot;0&quot;,&quot;shutter_speed&quot;:&quot;0&quot;,&quot;title&quot;:&quot;&quot;,&quot;orientation&quot;:&quot;1&quot;}\" data-image-title=\"ussassai\" data-image-description=\"\" data-image-caption=\"\" data-medium-file=\"https:\/\/i0.wp.com\/www.caicagliari.it\/cicloescursionismo\/wp-content\/uploads\/sites\/4\/2025\/10\/ussassai-e1759682342530.jpg?fit=168%2C300&amp;ssl=1\" data-large-file=\"https:\/\/i0.wp.com\/www.caicagliari.it\/cicloescursionismo\/wp-content\/uploads\/sites\/4\/2025\/10\/ussassai-e1759682342530.jpg?fit=573%2C1024&amp;ssl=1\" \/><\/a> <a class=\"title\" href=\"https:\/\/www.caicagliari.it\/cicloescursionismo\/2025\/10\/03\/14-cicloescursione-stagionale-11-ottobre-mtb-barbagia-ussassai-in-mtb\/\">14\u00b0 Cicloescursione stagionale &#8211; 11 Ottobre &#8211; (MTB) &#8211; Barbagia. Ussassai in MTB<\/a> <span class=\"excerpt-dash\">-<\/span> <span class=\"excerpt\">14\u00b0 Cicloescursione stagionale &#8211; 11 Ottobre &#8211; (MTB) &#8211; Barbagia. Ussassai in MTB Questa cicloescursione ci condurr\u00e0 attraverso alcuni dei paesaggi pi\u00f9 suggestivi della Barbagia di Seulo, in un percorso ad anello che parte dal paese di Ussassai e che &hellip; <a href=\"https:\/\/www.caicagliari.it\/cicloescursionismo\/2025\/10\/03\/14-cicloescursione-stagionale-11-ottobre-mtb-barbagia-ussassai-in-mtb\/\">Continua<\/a><\/span><\/li><li class=\"listing-item\"><a class=\"image\" href=\"https:\/\/www.caicagliari.it\/cicloescursionismo\/2025\/09\/09\/13-cicloescursione-stagionale-20-settembre-mtb-i-vini-di-san-pietro\/\"><img loading=\"lazy\" decoding=\"async\" width=\"150\" height=\"150\" src=\"https:\/\/i0.wp.com\/www.caicagliari.it\/cicloescursionismo\/wp-content\/uploads\/sites\/4\/2025\/09\/2025_09_20-Descrizione-cicloescursione-Carloforte-c-var.jpg?resize=150%2C150&amp;ssl=1\" class=\"attachment-thumbnail size-thumbnail wp-post-image\" alt=\"\" srcset=\"https:\/\/i0.wp.com\/www.caicagliari.it\/cicloescursionismo\/wp-content\/uploads\/sites\/4\/2025\/09\/2025_09_20-Descrizione-cicloescursione-Carloforte-c-var.jpg?resize=150%2C150&amp;ssl=1 150w, https:\/\/i0.wp.com\/www.caicagliari.it\/cicloescursionismo\/wp-content\/uploads\/sites\/4\/2025\/09\/2025_09_20-Descrizione-cicloescursione-Carloforte-c-var.jpg?zoom=2&amp;resize=150%2C150&amp;ssl=1 300w, https:\/\/i0.wp.com\/www.caicagliari.it\/cicloescursionismo\/wp-content\/uploads\/sites\/4\/2025\/09\/2025_09_20-Descrizione-cicloescursione-Carloforte-c-var.jpg?zoom=3&amp;resize=150%2C150&amp;ssl=1 450w\" sizes=\"auto, (max-width: 150px) 100vw, 150px\" data-attachment-id=\"10002417\" data-permalink=\"https:\/\/www.caicagliari.it\/cicloescursionismo\/2025_09_20-descrizione-cicloescursione-carloforte-c-var-2\/\" data-orig-file=\"https:\/\/i0.wp.com\/www.caicagliari.it\/cicloescursionismo\/wp-content\/uploads\/sites\/4\/2025\/09\/2025_09_20-Descrizione-cicloescursione-Carloforte-c-var.jpg?fit=947%2C556&amp;ssl=1\" data-orig-size=\"947,556\" data-comments-opened=\"0\" data-image-meta=\"{&quot;aperture&quot;:&quot;0&quot;,&quot;credit&quot;:&quot;&quot;,&quot;camera&quot;:&quot;&quot;,&quot;caption&quot;:&quot;&quot;,&quot;created_timestamp&quot;:&quot;0&quot;,&quot;copyright&quot;:&quot;&quot;,&quot;focal_length&quot;:&quot;0&quot;,&quot;iso&quot;:&quot;0&quot;,&quot;shutter_speed&quot;:&quot;0&quot;,&quot;title&quot;:&quot;&quot;,&quot;orientation&quot;:&quot;0&quot;}\" data-image-title=\"2025_09_20 Descrizione cicloescursione Carloforte c var\" data-image-description=\"\" data-image-caption=\"\" data-medium-file=\"https:\/\/i0.wp.com\/www.caicagliari.it\/cicloescursionismo\/wp-content\/uploads\/sites\/4\/2025\/09\/2025_09_20-Descrizione-cicloescursione-Carloforte-c-var.jpg?fit=300%2C176&amp;ssl=1\" data-large-file=\"https:\/\/i0.wp.com\/www.caicagliari.it\/cicloescursionismo\/wp-content\/uploads\/sites\/4\/2025\/09\/2025_09_20-Descrizione-cicloescursione-Carloforte-c-var.jpg?fit=947%2C556&amp;ssl=1\" \/><\/a> <a class=\"title\" href=\"https:\/\/www.caicagliari.it\/cicloescursionismo\/2025\/09\/09\/13-cicloescursione-stagionale-20-settembre-mtb-i-vini-di-san-pietro\/\">13\u00b0 Cicloescursione stagionale &#8211; 20 Settembre &#8211; (MTB) &#8211; I vini di San Pietro<\/a> <span class=\"excerpt-dash\">-<\/span> <span class=\"excerpt\">13\u00b0 Cicloescursione stagionale &#8211; 20 Settembre &#8211; (MTB) &#8211; I vini di San Pietro Riprendiamo dopo la pausa estiva con le uscite ufficiali, stavolta all\u2019isola di San Pietro con le sue particolari caratteristiche geomorfologiche e con un giro proposto con &hellip; <a href=\"https:\/\/www.caicagliari.it\/cicloescursionismo\/2025\/09\/09\/13-cicloescursione-stagionale-20-settembre-mtb-i-vini-di-san-pietro\/\">Continua<\/a><\/span><\/li><li class=\"listing-item\"><a class=\"image\" href=\"https:\/\/www.caicagliari.it\/cicloescursionismo\/2025\/05\/25\/11-cicloescursione-stagionale-15-giugno-mtb-pedalando-lungo-il-museo-a-cielo-aperto\/\"><img loading=\"lazy\" decoding=\"async\" width=\"150\" height=\"150\" src=\"https:\/\/i0.wp.com\/www.caicagliari.it\/cicloescursionismo\/wp-content\/uploads\/sites\/4\/2025\/05\/P4260110-scaled.jpg?resize=150%2C150&amp;ssl=1\" class=\"attachment-thumbnail size-thumbnail wp-post-image\" alt=\"\" srcset=\"https:\/\/i0.wp.com\/www.caicagliari.it\/cicloescursionismo\/wp-content\/uploads\/sites\/4\/2025\/05\/P4260110-scaled.jpg?resize=150%2C150&amp;ssl=1 150w, https:\/\/i0.wp.com\/www.caicagliari.it\/cicloescursionismo\/wp-content\/uploads\/sites\/4\/2025\/05\/P4260110-scaled.jpg?zoom=2&amp;resize=150%2C150&amp;ssl=1 300w, https:\/\/i0.wp.com\/www.caicagliari.it\/cicloescursionismo\/wp-content\/uploads\/sites\/4\/2025\/05\/P4260110-scaled.jpg?zoom=3&amp;resize=150%2C150&amp;ssl=1 450w\" sizes=\"auto, (max-width: 150px) 100vw, 150px\" data-attachment-id=\"10002398\" data-permalink=\"https:\/\/www.caicagliari.it\/cicloescursionismo\/p4260110\/\" data-orig-file=\"https:\/\/i0.wp.com\/www.caicagliari.it\/cicloescursionismo\/wp-content\/uploads\/sites\/4\/2025\/05\/P4260110-scaled.jpg?fit=2560%2C1920&amp;ssl=1\" data-orig-size=\"2560,1920\" data-comments-opened=\"0\" data-image-meta=\"{&quot;aperture&quot;:&quot;9&quot;,&quot;credit&quot;:&quot;&quot;,&quot;camera&quot;:&quot;TG-7&quot;,&quot;caption&quot;:&quot;&quot;,&quot;created_timestamp&quot;:&quot;1745667969&quot;,&quot;copyright&quot;:&quot;&quot;,&quot;focal_length&quot;:&quot;5.4&quot;,&quot;iso&quot;:&quot;100&quot;,&quot;shutter_speed&quot;:&quot;0.00625&quot;,&quot;title&quot;:&quot;&quot;,&quot;orientation&quot;:&quot;1&quot;}\" data-image-title=\"P4260110\" data-image-description=\"\" data-image-caption=\"\" data-medium-file=\"https:\/\/i0.wp.com\/www.caicagliari.it\/cicloescursionismo\/wp-content\/uploads\/sites\/4\/2025\/05\/P4260110-scaled.jpg?fit=300%2C225&amp;ssl=1\" data-large-file=\"https:\/\/i0.wp.com\/www.caicagliari.it\/cicloescursionismo\/wp-content\/uploads\/sites\/4\/2025\/05\/P4260110-scaled.jpg?fit=1024%2C768&amp;ssl=1\" \/><\/a> <a class=\"title\" href=\"https:\/\/www.caicagliari.it\/cicloescursionismo\/2025\/05\/25\/11-cicloescursione-stagionale-15-giugno-mtb-pedalando-lungo-il-museo-a-cielo-aperto\/\">11\u00b0 Cicloescursione stagionale &#8211; 15 Giugno &#8211; (MTB) &#8211; Pedalando lungo il museo a cielo aperto<\/a> <span class=\"excerpt-dash\">-<\/span> <span class=\"excerpt\">11\u00b0 Cicloescursione stagionale &#8211; 15 Giugno &#8211; (MTB) &#8211; Pedalando lungo il museo a cielo aperto Grazie ad un gemellaggio con la sezione CAI di Oristano, trascorreremo un weekend pedalando lungo i tacchi ogliastrini, con due distinte cicloescursioni, quella del &hellip; <a href=\"https:\/\/www.caicagliari.it\/cicloescursionismo\/2025\/05\/25\/11-cicloescursione-stagionale-15-giugno-mtb-pedalando-lungo-il-museo-a-cielo-aperto\/\">Continua<\/a><\/span><\/li><li class=\"listing-item\"><a class=\"image\" href=\"https:\/\/www.caicagliari.it\/cicloescursionismo\/2025\/05\/25\/10-cicloescursione-stagionale-7-giugno-mtb-al-cospetto-del-monte-genziana-con-la-mtb\/\"><img loading=\"lazy\" decoding=\"async\" width=\"150\" height=\"150\" src=\"https:\/\/i0.wp.com\/www.caicagliari.it\/cicloescursionismo\/wp-content\/uploads\/sites\/4\/2025\/05\/2025_06_07-cicloescursione-Pira-Onne-scaled.jpg?resize=150%2C150&amp;ssl=1\" class=\"attachment-thumbnail size-thumbnail wp-post-image\" alt=\"\" srcset=\"https:\/\/i0.wp.com\/www.caicagliari.it\/cicloescursionismo\/wp-content\/uploads\/sites\/4\/2025\/05\/2025_06_07-cicloescursione-Pira-Onne-scaled.jpg?resize=150%2C150&amp;ssl=1 150w, https:\/\/i0.wp.com\/www.caicagliari.it\/cicloescursionismo\/wp-content\/uploads\/sites\/4\/2025\/05\/2025_06_07-cicloescursione-Pira-Onne-scaled.jpg?zoom=2&amp;resize=150%2C150&amp;ssl=1 300w, https:\/\/i0.wp.com\/www.caicagliari.it\/cicloescursionismo\/wp-content\/uploads\/sites\/4\/2025\/05\/2025_06_07-cicloescursione-Pira-Onne-scaled.jpg?zoom=3&amp;resize=150%2C150&amp;ssl=1 450w\" sizes=\"auto, (max-width: 150px) 100vw, 150px\" data-attachment-id=\"10002392\" data-permalink=\"https:\/\/www.caicagliari.it\/cicloescursionismo\/2025_06_07-cicloescursione-pira-onne\/\" data-orig-file=\"https:\/\/i0.wp.com\/www.caicagliari.it\/cicloescursionismo\/wp-content\/uploads\/sites\/4\/2025\/05\/2025_06_07-cicloescursione-Pira-Onne-scaled.jpg?fit=2560%2C1920&amp;ssl=1\" data-orig-size=\"2560,1920\" data-comments-opened=\"0\" data-image-meta=\"{&quot;aperture&quot;:&quot;2.8&quot;,&quot;credit&quot;:&quot;&quot;,&quot;camera&quot;:&quot;TG-7&quot;,&quot;caption&quot;:&quot;&quot;,&quot;created_timestamp&quot;:&quot;1735385278&quot;,&quot;copyright&quot;:&quot;&quot;,&quot;focal_length&quot;:&quot;4.5&quot;,&quot;iso&quot;:&quot;100&quot;,&quot;shutter_speed&quot;:&quot;0.001&quot;,&quot;title&quot;:&quot;&quot;,&quot;orientation&quot;:&quot;1&quot;}\" data-image-title=\"2025_06_07 cicloescursione Pira &amp;#8216;Onne\" data-image-description=\"\" data-image-caption=\"\" data-medium-file=\"https:\/\/i0.wp.com\/www.caicagliari.it\/cicloescursionismo\/wp-content\/uploads\/sites\/4\/2025\/05\/2025_06_07-cicloescursione-Pira-Onne-scaled.jpg?fit=300%2C225&amp;ssl=1\" data-large-file=\"https:\/\/i0.wp.com\/www.caicagliari.it\/cicloescursionismo\/wp-content\/uploads\/sites\/4\/2025\/05\/2025_06_07-cicloescursione-Pira-Onne-scaled.jpg?fit=1024%2C768&amp;ssl=1\" \/><\/a> <a class=\"title\" href=\"https:\/\/www.caicagliari.it\/cicloescursionismo\/2025\/05\/25\/10-cicloescursione-stagionale-7-giugno-mtb-al-cospetto-del-monte-genziana-con-la-mtb\/\">10\u00b0 Cicloescursione stagionale &#8211; 7 Giugno &#8211; (MTB) &#8211; Al cospetto del Monte Genziana con la MTB<\/a> <span class=\"excerpt-dash\">-<\/span> <span class=\"excerpt\">10\u00b0 Cicloescursione stagionale &#8211; 7 Giugno &#8211; (MTB) &#8211; Al cospetto del Monte Genziana con la MTB La nostra decima cicloescursione stagionale attraversa un territorio naturale estremamente affascinante che conserva ancora il suo aspetto selvaggio, attraversato da strette strade sterrate &hellip; <a href=\"https:\/\/www.caicagliari.it\/cicloescursionismo\/2025\/05\/25\/10-cicloescursione-stagionale-7-giugno-mtb-al-cospetto-del-monte-genziana-con-la-mtb\/\">Continua<\/a><\/span><\/li><li class=\"listing-item\"><a class=\"image\" href=\"https:\/\/www.caicagliari.it\/cicloescursionismo\/2025\/05\/18\/9-cicloescursione-stagionale-24-maggio-mtb-con-la-mtb-in-quota-tra-scisti-capre-e-single-track\/\"><img loading=\"lazy\" decoding=\"async\" width=\"150\" height=\"150\" src=\"https:\/\/i0.wp.com\/www.caicagliari.it\/cicloescursionismo\/wp-content\/uploads\/sites\/4\/2025\/05\/2025_05_24-Seui.jpg?resize=150%2C150&amp;ssl=1\" class=\"attachment-thumbnail size-thumbnail wp-post-image\" alt=\"\" srcset=\"https:\/\/i0.wp.com\/www.caicagliari.it\/cicloescursionismo\/wp-content\/uploads\/sites\/4\/2025\/05\/2025_05_24-Seui.jpg?resize=150%2C150&amp;ssl=1 150w, https:\/\/i0.wp.com\/www.caicagliari.it\/cicloescursionismo\/wp-content\/uploads\/sites\/4\/2025\/05\/2025_05_24-Seui.jpg?zoom=2&amp;resize=150%2C150&amp;ssl=1 300w, https:\/\/i0.wp.com\/www.caicagliari.it\/cicloescursionismo\/wp-content\/uploads\/sites\/4\/2025\/05\/2025_05_24-Seui.jpg?zoom=3&amp;resize=150%2C150&amp;ssl=1 450w\" sizes=\"auto, (max-width: 150px) 100vw, 150px\" data-attachment-id=\"10002386\" data-permalink=\"https:\/\/www.caicagliari.it\/cicloescursionismo\/2025_05_24-seui\/\" data-orig-file=\"https:\/\/i0.wp.com\/www.caicagliari.it\/cicloescursionismo\/wp-content\/uploads\/sites\/4\/2025\/05\/2025_05_24-Seui.jpg?fit=1080%2C472&amp;ssl=1\" data-orig-size=\"1080,472\" data-comments-opened=\"0\" data-image-meta=\"{&quot;aperture&quot;:&quot;0&quot;,&quot;credit&quot;:&quot;&quot;,&quot;camera&quot;:&quot;&quot;,&quot;caption&quot;:&quot;&quot;,&quot;created_timestamp&quot;:&quot;0&quot;,&quot;copyright&quot;:&quot;&quot;,&quot;focal_length&quot;:&quot;0&quot;,&quot;iso&quot;:&quot;0&quot;,&quot;shutter_speed&quot;:&quot;0&quot;,&quot;title&quot;:&quot;&quot;,&quot;orientation&quot;:&quot;0&quot;}\" data-image-title=\"2025_05_24 Seui\" data-image-description=\"\" data-image-caption=\"\" data-medium-file=\"https:\/\/i0.wp.com\/www.caicagliari.it\/cicloescursionismo\/wp-content\/uploads\/sites\/4\/2025\/05\/2025_05_24-Seui.jpg?fit=300%2C131&amp;ssl=1\" data-large-file=\"https:\/\/i0.wp.com\/www.caicagliari.it\/cicloescursionismo\/wp-content\/uploads\/sites\/4\/2025\/05\/2025_05_24-Seui.jpg?fit=1024%2C448&amp;ssl=1\" \/><\/a> <a class=\"title\" href=\"https:\/\/www.caicagliari.it\/cicloescursionismo\/2025\/05\/18\/9-cicloescursione-stagionale-24-maggio-mtb-con-la-mtb-in-quota-tra-scisti-capre-e-single-track\/\">9\u00b0 Cicloescursione stagionale &#8211; 24 Maggio &#8211; (MTB) &#8211; Con la MTB in quota tra scisti, capre e single track!!!<\/a> <span class=\"excerpt-dash\">-<\/span> <span class=\"excerpt\">9\u00b0 Cicloescursione stagionale &#8211; 24 Maggio &#8211; (MTB) &#8211; Con la MTB in quota tra scisti, capre e single track!!! Per la nostra nona cicloescursione stagionale pedaleremo nel territorio di Seui. Abbiamo scelto un percorso non particolarmente lungo e senza &hellip; <a href=\"https:\/\/www.caicagliari.it\/cicloescursionismo\/2025\/05\/18\/9-cicloescursione-stagionale-24-maggio-mtb-con-la-mtb-in-quota-tra-scisti-capre-e-single-track\/\">Continua<\/a><\/span><\/li><li class=\"listing-item\"><a class=\"image\" href=\"https:\/\/www.caicagliari.it\/cicloescursionismo\/2025\/05\/04\/8-cicloescursione-stagionale-10-maggio-mtb-da-villamassargia-a-terraseo\/\"><img loading=\"lazy\" decoding=\"async\" width=\"150\" height=\"150\" src=\"https:\/\/i0.wp.com\/www.caicagliari.it\/cicloescursionismo\/wp-content\/uploads\/sites\/4\/2025\/05\/2025_02_10-Cicloescursione-Villamassargia.jpg?resize=150%2C150&amp;ssl=1\" class=\"attachment-thumbnail size-thumbnail wp-post-image\" alt=\"\" srcset=\"https:\/\/i0.wp.com\/www.caicagliari.it\/cicloescursionismo\/wp-content\/uploads\/sites\/4\/2025\/05\/2025_02_10-Cicloescursione-Villamassargia.jpg?resize=150%2C150&amp;ssl=1 150w, https:\/\/i0.wp.com\/www.caicagliari.it\/cicloescursionismo\/wp-content\/uploads\/sites\/4\/2025\/05\/2025_02_10-Cicloescursione-Villamassargia.jpg?zoom=2&amp;resize=150%2C150&amp;ssl=1 300w, https:\/\/i0.wp.com\/www.caicagliari.it\/cicloescursionismo\/wp-content\/uploads\/sites\/4\/2025\/05\/2025_02_10-Cicloescursione-Villamassargia.jpg?zoom=3&amp;resize=150%2C150&amp;ssl=1 450w\" sizes=\"auto, (max-width: 150px) 100vw, 150px\" data-attachment-id=\"10002378\" data-permalink=\"https:\/\/www.caicagliari.it\/cicloescursionismo\/2025_02_10-cicloescursione-villamassargia-2\/\" data-orig-file=\"https:\/\/i0.wp.com\/www.caicagliari.it\/cicloescursionismo\/wp-content\/uploads\/sites\/4\/2025\/05\/2025_02_10-Cicloescursione-Villamassargia.jpg?fit=1333%2C749&amp;ssl=1\" data-orig-size=\"1333,749\" data-comments-opened=\"0\" data-image-meta=\"{&quot;aperture&quot;:&quot;0&quot;,&quot;credit&quot;:&quot;&quot;,&quot;camera&quot;:&quot;&quot;,&quot;caption&quot;:&quot;&quot;,&quot;created_timestamp&quot;:&quot;0&quot;,&quot;copyright&quot;:&quot;&quot;,&quot;focal_length&quot;:&quot;0&quot;,&quot;iso&quot;:&quot;0&quot;,&quot;shutter_speed&quot;:&quot;0&quot;,&quot;title&quot;:&quot;&quot;,&quot;orientation&quot;:&quot;0&quot;}\" data-image-title=\"2025_02_10 Cicloescursione Villamassargia\" data-image-description=\"\" data-image-caption=\"\" data-medium-file=\"https:\/\/i0.wp.com\/www.caicagliari.it\/cicloescursionismo\/wp-content\/uploads\/sites\/4\/2025\/05\/2025_02_10-Cicloescursione-Villamassargia.jpg?fit=300%2C169&amp;ssl=1\" data-large-file=\"https:\/\/i0.wp.com\/www.caicagliari.it\/cicloescursionismo\/wp-content\/uploads\/sites\/4\/2025\/05\/2025_02_10-Cicloescursione-Villamassargia.jpg?fit=1024%2C575&amp;ssl=1\" \/><\/a> <a class=\"title\" href=\"https:\/\/www.caicagliari.it\/cicloescursionismo\/2025\/05\/04\/8-cicloescursione-stagionale-10-maggio-mtb-da-villamassargia-a-terraseo\/\">8\u00b0 Cicloescursione stagionale &#8211; 10 Maggio &#8211; (MTB) &#8211; Da Villamassargia a Terraseo<\/a> <span class=\"excerpt-dash\">-<\/span> <span class=\"excerpt\">8\u00b0 Cicloescursione stagionale &#8211; 10 Maggio &#8211; (MTB) &#8211; Da Villamassargia a Terraseo Un ciclopercorso lungo gli angoli pi\u00f9 nascosti del Sulcis Iglesiente. Questa volta siamo nel Sulcis Iglesiente, precisamente nel territorio di Villamassargia, paese adagiato sulla valle del fiume &hellip; <a href=\"https:\/\/www.caicagliari.it\/cicloescursionismo\/2025\/05\/04\/8-cicloescursione-stagionale-10-maggio-mtb-da-villamassargia-a-terraseo\/\">Continua<\/a><\/span><\/li><li class=\"listing-item\"><a class=\"image\" href=\"https:\/\/www.caicagliari.it\/cicloescursionismo\/2025\/04\/07\/7-cicloescursione-stagionale-12-aprile-mtb-sadali-seulo\/\"><img loading=\"lazy\" decoding=\"async\" width=\"150\" height=\"150\" src=\"https:\/\/i0.wp.com\/www.caicagliari.it\/cicloescursionismo\/wp-content\/uploads\/sites\/4\/2025\/04\/2025_04_12-Cicloescursione_Sadali_Seulo.jpg?resize=150%2C150&amp;ssl=1\" class=\"attachment-thumbnail size-thumbnail wp-post-image\" alt=\"\" srcset=\"https:\/\/i0.wp.com\/www.caicagliari.it\/cicloescursionismo\/wp-content\/uploads\/sites\/4\/2025\/04\/2025_04_12-Cicloescursione_Sadali_Seulo.jpg?resize=150%2C150&amp;ssl=1 150w, https:\/\/i0.wp.com\/www.caicagliari.it\/cicloescursionismo\/wp-content\/uploads\/sites\/4\/2025\/04\/2025_04_12-Cicloescursione_Sadali_Seulo.jpg?zoom=2&amp;resize=150%2C150&amp;ssl=1 300w, https:\/\/i0.wp.com\/www.caicagliari.it\/cicloescursionismo\/wp-content\/uploads\/sites\/4\/2025\/04\/2025_04_12-Cicloescursione_Sadali_Seulo.jpg?zoom=3&amp;resize=150%2C150&amp;ssl=1 450w\" sizes=\"auto, (max-width: 150px) 100vw, 150px\" data-attachment-id=\"10002363\" data-permalink=\"https:\/\/www.caicagliari.it\/cicloescursionismo\/2025_04_12-cicloescursione_sadali_seulo-2\/\" data-orig-file=\"https:\/\/i0.wp.com\/www.caicagliari.it\/cicloescursionismo\/wp-content\/uploads\/sites\/4\/2025\/04\/2025_04_12-Cicloescursione_Sadali_Seulo.jpg?fit=1600%2C1200&amp;ssl=1\" data-orig-size=\"1600,1200\" data-comments-opened=\"0\" data-image-meta=\"{&quot;aperture&quot;:&quot;0&quot;,&quot;credit&quot;:&quot;&quot;,&quot;camera&quot;:&quot;&quot;,&quot;caption&quot;:&quot;&quot;,&quot;created_timestamp&quot;:&quot;0&quot;,&quot;copyright&quot;:&quot;&quot;,&quot;focal_length&quot;:&quot;0&quot;,&quot;iso&quot;:&quot;0&quot;,&quot;shutter_speed&quot;:&quot;0&quot;,&quot;title&quot;:&quot;&quot;,&quot;orientation&quot;:&quot;0&quot;}\" data-image-title=\"2025_04_12 Cicloescursione_Sadali_Seulo\" data-image-description=\"\" data-image-caption=\"\" data-medium-file=\"https:\/\/i0.wp.com\/www.caicagliari.it\/cicloescursionismo\/wp-content\/uploads\/sites\/4\/2025\/04\/2025_04_12-Cicloescursione_Sadali_Seulo.jpg?fit=300%2C225&amp;ssl=1\" data-large-file=\"https:\/\/i0.wp.com\/www.caicagliari.it\/cicloescursionismo\/wp-content\/uploads\/sites\/4\/2025\/04\/2025_04_12-Cicloescursione_Sadali_Seulo.jpg?fit=1024%2C768&amp;ssl=1\" \/><\/a> <a class=\"title\" href=\"https:\/\/www.caicagliari.it\/cicloescursionismo\/2025\/04\/07\/7-cicloescursione-stagionale-12-aprile-mtb-sadali-seulo\/\">7\u00b0 Cicloescursione stagionale &#8211; 12 Aprile &#8211; (MTB) &#8211; Sadali &#8211; Seulo<\/a> <span class=\"excerpt-dash\">-<\/span> <span class=\"excerpt\">7\u00b0 Cicloescursione stagionale &#8211; 12 Aprile &#8211; (MTB) &#8211; Sadali &#8211; Seulo La cicloescursione di oggi si svolge nella Barbagia di Seulo e ci porter\u00e0 a pedalare nei territori di Sadali e Seulo. Non sono presenti difficolt\u00e0 tecniche di rilievo, &hellip; <a href=\"https:\/\/www.caicagliari.it\/cicloescursionismo\/2025\/04\/07\/7-cicloescursione-stagionale-12-aprile-mtb-sadali-seulo\/\">Continua<\/a><\/span><\/li><li class=\"listing-item\"><a class=\"image\" href=\"https:\/\/www.caicagliari.it\/cicloescursionismo\/2025\/04\/03\/6-cicloescursione-stagionale-5-aprile-mtb-monte-ixi-is-alinos-srt\/\"><img loading=\"lazy\" decoding=\"async\" width=\"150\" height=\"150\" src=\"https:\/\/i0.wp.com\/www.caicagliari.it\/cicloescursionismo\/wp-content\/uploads\/sites\/4\/2025\/04\/2025_04_05-Descrizione-cicloescursione-S-Andrea-Frius.jpg?resize=150%2C150&amp;ssl=1\" class=\"attachment-thumbnail size-thumbnail wp-post-image\" alt=\"\" srcset=\"https:\/\/i0.wp.com\/www.caicagliari.it\/cicloescursionismo\/wp-content\/uploads\/sites\/4\/2025\/04\/2025_04_05-Descrizione-cicloescursione-S-Andrea-Frius.jpg?resize=150%2C150&amp;ssl=1 150w, https:\/\/i0.wp.com\/www.caicagliari.it\/cicloescursionismo\/wp-content\/uploads\/sites\/4\/2025\/04\/2025_04_05-Descrizione-cicloescursione-S-Andrea-Frius.jpg?zoom=2&amp;resize=150%2C150&amp;ssl=1 300w, https:\/\/i0.wp.com\/www.caicagliari.it\/cicloescursionismo\/wp-content\/uploads\/sites\/4\/2025\/04\/2025_04_05-Descrizione-cicloescursione-S-Andrea-Frius.jpg?zoom=3&amp;resize=150%2C150&amp;ssl=1 450w\" sizes=\"auto, (max-width: 150px) 100vw, 150px\" data-attachment-id=\"10002356\" data-permalink=\"https:\/\/www.caicagliari.it\/cicloescursionismo\/2025_04_05-descrizione-cicloescursione-s-andrea-frius-2\/\" data-orig-file=\"https:\/\/i0.wp.com\/www.caicagliari.it\/cicloescursionismo\/wp-content\/uploads\/sites\/4\/2025\/04\/2025_04_05-Descrizione-cicloescursione-S-Andrea-Frius.jpg?fit=1472%2C1104&amp;ssl=1\" data-orig-size=\"1472,1104\" data-comments-opened=\"0\" data-image-meta=\"{&quot;aperture&quot;:&quot;0&quot;,&quot;credit&quot;:&quot;&quot;,&quot;camera&quot;:&quot;&quot;,&quot;caption&quot;:&quot;&quot;,&quot;created_timestamp&quot;:&quot;0&quot;,&quot;copyright&quot;:&quot;&quot;,&quot;focal_length&quot;:&quot;0&quot;,&quot;iso&quot;:&quot;0&quot;,&quot;shutter_speed&quot;:&quot;0&quot;,&quot;title&quot;:&quot;&quot;,&quot;orientation&quot;:&quot;0&quot;}\" data-image-title=\"2025_04_05 Descrizione cicloescursione S Andrea Frius\" data-image-description=\"\" data-image-caption=\"\" data-medium-file=\"https:\/\/i0.wp.com\/www.caicagliari.it\/cicloescursionismo\/wp-content\/uploads\/sites\/4\/2025\/04\/2025_04_05-Descrizione-cicloescursione-S-Andrea-Frius.jpg?fit=300%2C225&amp;ssl=1\" data-large-file=\"https:\/\/i0.wp.com\/www.caicagliari.it\/cicloescursionismo\/wp-content\/uploads\/sites\/4\/2025\/04\/2025_04_05-Descrizione-cicloescursione-S-Andrea-Frius.jpg?fit=1024%2C768&amp;ssl=1\" \/><\/a> <a class=\"title\" href=\"https:\/\/www.caicagliari.it\/cicloescursionismo\/2025\/04\/03\/6-cicloescursione-stagionale-5-aprile-mtb-monte-ixi-is-alinos-srt\/\">6\u00b0 Cicloescursione stagionale &#8211; 5 Aprile &#8211; (MTB) &#8211; Monte Ixi, Is Alinos, SRT<\/a> <span class=\"excerpt-dash\">-<\/span> <span class=\"excerpt\">6\u00b0 Cicloescursione stagionale &#8211; 5 Aprile &#8211; (MTB) &#8211; Monte Ixi, Is Alinos, SRT Per la sesta cicloescursione stagionale pedaleremo nei territori ricompresi tra i comuni di Sant&#8217;Andrea Frius, San Basilio (di cui prima ne costeggeremo il confine col comune &hellip; <a href=\"https:\/\/www.caicagliari.it\/cicloescursionismo\/2025\/04\/03\/6-cicloescursione-stagionale-5-aprile-mtb-monte-ixi-is-alinos-srt\/\">Continua<\/a><\/span><\/li><li class=\"listing-item\"><a class=\"image\" href=\"https:\/\/www.caicagliari.it\/cicloescursionismo\/2025\/03\/24\/5-cicloescursione-stagionale-19-aprile-mtb-da-barega-a-punta-miai\/\"><img loading=\"lazy\" decoding=\"async\" width=\"150\" height=\"150\" src=\"https:\/\/i0.wp.com\/www.caicagliari.it\/cicloescursionismo\/wp-content\/uploads\/sites\/4\/2025\/03\/Barega-01-e1742838669582.jpg?resize=150%2C150&amp;ssl=1\" class=\"attachment-thumbnail size-thumbnail wp-post-image\" alt=\"\" srcset=\"https:\/\/i0.wp.com\/www.caicagliari.it\/cicloescursionismo\/wp-content\/uploads\/sites\/4\/2025\/03\/Barega-01-e1742838669582.jpg?resize=150%2C150&amp;ssl=1 150w, https:\/\/i0.wp.com\/www.caicagliari.it\/cicloescursionismo\/wp-content\/uploads\/sites\/4\/2025\/03\/Barega-01-e1742838669582.jpg?zoom=2&amp;resize=150%2C150&amp;ssl=1 300w, https:\/\/i0.wp.com\/www.caicagliari.it\/cicloescursionismo\/wp-content\/uploads\/sites\/4\/2025\/03\/Barega-01-e1742838669582.jpg?zoom=3&amp;resize=150%2C150&amp;ssl=1 450w\" sizes=\"auto, (max-width: 150px) 100vw, 150px\" data-attachment-id=\"10002347\" data-permalink=\"https:\/\/www.caicagliari.it\/cicloescursionismo\/barega-01\/\" data-orig-file=\"https:\/\/i0.wp.com\/www.caicagliari.it\/cicloescursionismo\/wp-content\/uploads\/sites\/4\/2025\/03\/Barega-01-e1742838669582.jpg?fit=1200%2C820&amp;ssl=1\" data-orig-size=\"1200,820\" data-comments-opened=\"0\" data-image-meta=\"{&quot;aperture&quot;:&quot;0&quot;,&quot;credit&quot;:&quot;&quot;,&quot;camera&quot;:&quot;&quot;,&quot;caption&quot;:&quot;&quot;,&quot;created_timestamp&quot;:&quot;0&quot;,&quot;copyright&quot;:&quot;&quot;,&quot;focal_length&quot;:&quot;0&quot;,&quot;iso&quot;:&quot;0&quot;,&quot;shutter_speed&quot;:&quot;0&quot;,&quot;title&quot;:&quot;&quot;,&quot;orientation&quot;:&quot;0&quot;}\" data-image-title=\"Barega 01\" data-image-description=\"\" data-image-caption=\"\" data-medium-file=\"https:\/\/i0.wp.com\/www.caicagliari.it\/cicloescursionismo\/wp-content\/uploads\/sites\/4\/2025\/03\/Barega-01-e1742838669582.jpg?fit=300%2C205&amp;ssl=1\" data-large-file=\"https:\/\/i0.wp.com\/www.caicagliari.it\/cicloescursionismo\/wp-content\/uploads\/sites\/4\/2025\/03\/Barega-01-e1742838669582.jpg?fit=1024%2C700&amp;ssl=1\" \/><\/a> <a class=\"title\" href=\"https:\/\/www.caicagliari.it\/cicloescursionismo\/2025\/03\/24\/5-cicloescursione-stagionale-19-aprile-mtb-da-barega-a-punta-miai\/\">Recupero della 5\u00b0 Cicloescursione stagionale &#8211; 19 Aprile &#8211; (MTB) &#8211; Da Barega a Punta Miai<\/a> <span class=\"excerpt-dash\">-<\/span> <span class=\"excerpt\">Recupero della 5\u00b0 Cicloescursione stagionale &#8211; 19 Aprile &#8211; (MTB) &#8211; Da Barega a Punta Miai La nostra quinta cicloescursione stagionale ci porter\u00e0 a pedalare lungo un territorio che per la sua conformazione e bellezza risulta molto apprezzato dai bikers, &hellip; <a href=\"https:\/\/www.caicagliari.it\/cicloescursionismo\/2025\/03\/24\/5-cicloescursione-stagionale-19-aprile-mtb-da-barega-a-punta-miai\/\">Continua<\/a><\/span><\/li><li class=\"listing-item\"><a class=\"image\" href=\"https:\/\/www.caicagliari.it\/cicloescursionismo\/2025\/03\/15\/4-cicloescursione-stagionale-22-marzo-mtb-con-la-mtb-fra-antichi-ulivi-e-villaggi-minerari\/\"><img loading=\"lazy\" decoding=\"async\" width=\"150\" height=\"150\" src=\"https:\/\/i0.wp.com\/www.caicagliari.it\/cicloescursionismo\/wp-content\/uploads\/sites\/4\/2025\/03\/orbai.jpg?resize=150%2C150&amp;ssl=1\" class=\"attachment-thumbnail size-thumbnail wp-post-image\" alt=\"\" srcset=\"https:\/\/i0.wp.com\/www.caicagliari.it\/cicloescursionismo\/wp-content\/uploads\/sites\/4\/2025\/03\/orbai.jpg?resize=150%2C150&amp;ssl=1 150w, https:\/\/i0.wp.com\/www.caicagliari.it\/cicloescursionismo\/wp-content\/uploads\/sites\/4\/2025\/03\/orbai.jpg?zoom=2&amp;resize=150%2C150&amp;ssl=1 300w, https:\/\/i0.wp.com\/www.caicagliari.it\/cicloescursionismo\/wp-content\/uploads\/sites\/4\/2025\/03\/orbai.jpg?zoom=3&amp;resize=150%2C150&amp;ssl=1 450w\" sizes=\"auto, (max-width: 150px) 100vw, 150px\" data-attachment-id=\"10002343\" data-permalink=\"https:\/\/www.caicagliari.it\/cicloescursionismo\/orbai\/\" data-orig-file=\"https:\/\/i0.wp.com\/www.caicagliari.it\/cicloescursionismo\/wp-content\/uploads\/sites\/4\/2025\/03\/orbai.jpg?fit=1471%2C1102&amp;ssl=1\" data-orig-size=\"1471,1102\" data-comments-opened=\"0\" data-image-meta=\"{&quot;aperture&quot;:&quot;0&quot;,&quot;credit&quot;:&quot;&quot;,&quot;camera&quot;:&quot;&quot;,&quot;caption&quot;:&quot;&quot;,&quot;created_timestamp&quot;:&quot;0&quot;,&quot;copyright&quot;:&quot;&quot;,&quot;focal_length&quot;:&quot;0&quot;,&quot;iso&quot;:&quot;0&quot;,&quot;shutter_speed&quot;:&quot;0&quot;,&quot;title&quot;:&quot;&quot;,&quot;orientation&quot;:&quot;0&quot;}\" data-image-title=\"orbai\" data-image-description=\"\" data-image-caption=\"\" data-medium-file=\"https:\/\/i0.wp.com\/www.caicagliari.it\/cicloescursionismo\/wp-content\/uploads\/sites\/4\/2025\/03\/orbai.jpg?fit=300%2C225&amp;ssl=1\" data-large-file=\"https:\/\/i0.wp.com\/www.caicagliari.it\/cicloescursionismo\/wp-content\/uploads\/sites\/4\/2025\/03\/orbai.jpg?fit=1024%2C767&amp;ssl=1\" \/><\/a> <a class=\"title\" href=\"https:\/\/www.caicagliari.it\/cicloescursionismo\/2025\/03\/15\/4-cicloescursione-stagionale-22-marzo-mtb-con-la-mtb-fra-antichi-ulivi-e-villaggi-minerari\/\">4\u00b0 Cicloescursione stagionale &#8211; 22 Marzo &#8211; (MTB) &#8211; Con la MTB fra antichi ulivi e villaggi minerari<\/a> <span class=\"excerpt-dash\">-<\/span> <span class=\"excerpt\">4\u00b0 Cicloescursione stagionale &#8211; 22 Marzo &#8211; (MTB) &#8211; Con la MTB fra antichi ulivi e villaggi minerari In questa cicloescursione, la quarta in calendario, pedaleremo nei territori ricompresi tra i comuni di Villamassargia e Narcao. &nbsp; &#8211; Lunghezza: 29 &hellip; <a href=\"https:\/\/www.caicagliari.it\/cicloescursionismo\/2025\/03\/15\/4-cicloescursione-stagionale-22-marzo-mtb-con-la-mtb-fra-antichi-ulivi-e-villaggi-minerari\/\">Continua<\/a><\/span><\/li><li class=\"listing-item\"><a class=\"image\" href=\"https:\/\/www.caicagliari.it\/cicloescursionismo\/2025\/01\/31\/3-cicloescursione-stagionale-15-febbraio-mtb-con-la-mtb-fra-mimose-cisto-mirto-e-ginestre\/\"><img loading=\"lazy\" decoding=\"async\" width=\"150\" height=\"150\" src=\"https:\/\/i0.wp.com\/www.caicagliari.it\/cicloescursionismo\/wp-content\/uploads\/sites\/4\/2025\/01\/2025_02_15-cicloescursione-Villaggio-delle-Mimose-scaled.jpg?resize=150%2C150&amp;ssl=1\" class=\"attachment-thumbnail size-thumbnail wp-post-image\" alt=\"\" srcset=\"https:\/\/i0.wp.com\/www.caicagliari.it\/cicloescursionismo\/wp-content\/uploads\/sites\/4\/2025\/01\/2025_02_15-cicloescursione-Villaggio-delle-Mimose-scaled.jpg?resize=150%2C150&amp;ssl=1 150w, https:\/\/i0.wp.com\/www.caicagliari.it\/cicloescursionismo\/wp-content\/uploads\/sites\/4\/2025\/01\/2025_02_15-cicloescursione-Villaggio-delle-Mimose-scaled.jpg?zoom=2&amp;resize=150%2C150&amp;ssl=1 300w, https:\/\/i0.wp.com\/www.caicagliari.it\/cicloescursionismo\/wp-content\/uploads\/sites\/4\/2025\/01\/2025_02_15-cicloescursione-Villaggio-delle-Mimose-scaled.jpg?zoom=3&amp;resize=150%2C150&amp;ssl=1 450w\" sizes=\"auto, (max-width: 150px) 100vw, 150px\" data-attachment-id=\"10002325\" data-permalink=\"https:\/\/www.caicagliari.it\/cicloescursionismo\/2025_02_15-cicloescursione-villaggio-delle-mimose\/\" data-orig-file=\"https:\/\/i0.wp.com\/www.caicagliari.it\/cicloescursionismo\/wp-content\/uploads\/sites\/4\/2025\/01\/2025_02_15-cicloescursione-Villaggio-delle-Mimose-scaled.jpg?fit=2560%2C1365&amp;ssl=1\" data-orig-size=\"2560,1365\" data-comments-opened=\"0\" data-image-meta=\"{&quot;aperture&quot;:&quot;0&quot;,&quot;credit&quot;:&quot;&quot;,&quot;camera&quot;:&quot;&quot;,&quot;caption&quot;:&quot;&quot;,&quot;created_timestamp&quot;:&quot;0&quot;,&quot;copyright&quot;:&quot;&quot;,&quot;focal_length&quot;:&quot;0&quot;,&quot;iso&quot;:&quot;0&quot;,&quot;shutter_speed&quot;:&quot;0&quot;,&quot;title&quot;:&quot;&quot;,&quot;orientation&quot;:&quot;0&quot;}\" data-image-title=\"2025_02_15 cicloescursione Villaggio delle Mimose\" data-image-description=\"\" data-image-caption=\"\" data-medium-file=\"https:\/\/i0.wp.com\/www.caicagliari.it\/cicloescursionismo\/wp-content\/uploads\/sites\/4\/2025\/01\/2025_02_15-cicloescursione-Villaggio-delle-Mimose-scaled.jpg?fit=300%2C160&amp;ssl=1\" data-large-file=\"https:\/\/i0.wp.com\/www.caicagliari.it\/cicloescursionismo\/wp-content\/uploads\/sites\/4\/2025\/01\/2025_02_15-cicloescursione-Villaggio-delle-Mimose-scaled.jpg?fit=1024%2C546&amp;ssl=1\" \/><\/a> <a class=\"title\" href=\"https:\/\/www.caicagliari.it\/cicloescursionismo\/2025\/01\/31\/3-cicloescursione-stagionale-15-febbraio-mtb-con-la-mtb-fra-mimose-cisto-mirto-e-ginestre\/\">3\u00b0 Cicloescursione stagionale &#8211; 15 Febbraio &#8211; (MTB) &#8211; Con la MTB fra mimose, cisto, mirto e ginestre!!!<\/a> <span class=\"excerpt-dash\">-<\/span> <span class=\"excerpt\">3\u00b0 Cicloescursione stagionale &#8211; 15 Febbraio &#8211; (MTB) &#8211; Con la MTB fra mimose, cisto, mirto e ginestre!!! Per la nostra terza cicloescursione stagionale pedaleremo nei territori ricompresi tra i comuni di Sinnai, Maracalagonis e, in piccola parte, di Quartucciu. &hellip; <a href=\"https:\/\/www.caicagliari.it\/cicloescursionismo\/2025\/01\/31\/3-cicloescursione-stagionale-15-febbraio-mtb-con-la-mtb-fra-mimose-cisto-mirto-e-ginestre\/\">Continua<\/a><\/span><\/li><li class=\"listing-item\"><a class=\"image\" href=\"https:\/\/www.caicagliari.it\/cicloescursionismo\/2025\/01\/07\/2-cicloescursione-stagionale-18-gennaio-mtb-pedalando-per-francesco\/\"><img loading=\"lazy\" decoding=\"async\" width=\"150\" height=\"150\" src=\"https:\/\/i0.wp.com\/www.caicagliari.it\/cicloescursionismo\/wp-content\/uploads\/sites\/4\/2025\/01\/DSC04390-scaled.jpg?resize=150%2C150&amp;ssl=1\" class=\"attachment-thumbnail size-thumbnail wp-post-image\" alt=\"\" srcset=\"https:\/\/i0.wp.com\/www.caicagliari.it\/cicloescursionismo\/wp-content\/uploads\/sites\/4\/2025\/01\/DSC04390-scaled.jpg?resize=150%2C150&amp;ssl=1 150w, https:\/\/i0.wp.com\/www.caicagliari.it\/cicloescursionismo\/wp-content\/uploads\/sites\/4\/2025\/01\/DSC04390-scaled.jpg?zoom=2&amp;resize=150%2C150&amp;ssl=1 300w, https:\/\/i0.wp.com\/www.caicagliari.it\/cicloescursionismo\/wp-content\/uploads\/sites\/4\/2025\/01\/DSC04390-scaled.jpg?zoom=3&amp;resize=150%2C150&amp;ssl=1 450w\" sizes=\"auto, (max-width: 150px) 100vw, 150px\" data-attachment-id=\"10002308\" data-permalink=\"https:\/\/www.caicagliari.it\/cicloescursionismo\/dsc04390\/\" data-orig-file=\"https:\/\/i0.wp.com\/www.caicagliari.it\/cicloescursionismo\/wp-content\/uploads\/sites\/4\/2025\/01\/DSC04390-scaled.jpg?fit=2560%2C1920&amp;ssl=1\" data-orig-size=\"2560,1920\" data-comments-opened=\"0\" data-image-meta=\"{&quot;aperture&quot;:&quot;4.5&quot;,&quot;credit&quot;:&quot;&quot;,&quot;camera&quot;:&quot;DSC-TX30&quot;,&quot;caption&quot;:&quot;&quot;,&quot;created_timestamp&quot;:&quot;1556968583&quot;,&quot;copyright&quot;:&quot;&quot;,&quot;focal_length&quot;:&quot;10.79&quot;,&quot;iso&quot;:&quot;80&quot;,&quot;shutter_speed&quot;:&quot;0.002&quot;,&quot;title&quot;:&quot;&quot;,&quot;orientation&quot;:&quot;1&quot;}\" data-image-title=\"DSC04390\" data-image-description=\"\" data-image-caption=\"\" data-medium-file=\"https:\/\/i0.wp.com\/www.caicagliari.it\/cicloescursionismo\/wp-content\/uploads\/sites\/4\/2025\/01\/DSC04390-scaled.jpg?fit=300%2C225&amp;ssl=1\" data-large-file=\"https:\/\/i0.wp.com\/www.caicagliari.it\/cicloescursionismo\/wp-content\/uploads\/sites\/4\/2025\/01\/DSC04390-scaled.jpg?fit=1024%2C768&amp;ssl=1\" \/><\/a> <a class=\"title\" href=\"https:\/\/www.caicagliari.it\/cicloescursionismo\/2025\/01\/07\/2-cicloescursione-stagionale-18-gennaio-mtb-pedalando-per-francesco\/\">2\u00b0 Cicloescursione stagionale &#8211; 01 Febbraio &#8211; (MTB) &#8211; Pedalando per Francesco<\/a> <span class=\"excerpt-dash\">-<\/span> <span class=\"excerpt\">2\u00b0 Cicloescursione stagionale &#8211; 01 Febbraio &#8211; (MTB) &#8211; Pedalando per Francesco Sono passati tre anni dalla sua inaspettata scomparsa, ma Francesco Rossino \u00e8 sempre vivo nei nostri cuori e ci piace ricordarlo ripercorrendo i sentieri a lui cari. Il &hellip; <a href=\"https:\/\/www.caicagliari.it\/cicloescursionismo\/2025\/01\/07\/2-cicloescursione-stagionale-18-gennaio-mtb-pedalando-per-francesco\/\">Continua<\/a><\/span><\/li><li class=\"listing-item\"><a class=\"image\" href=\"https:\/\/www.caicagliari.it\/cicloescursionismo\/2024\/12\/20\/1-cicloescursione-stagionale-6-gennaio-mtb-teulada-e-i-suoi-nuraghi\/\"><img loading=\"lazy\" decoding=\"async\" width=\"150\" height=\"150\" src=\"https:\/\/i0.wp.com\/www.caicagliari.it\/cicloescursionismo\/wp-content\/uploads\/sites\/4\/2024\/12\/2025_01_06-TEULADA-scaled.jpg?resize=150%2C150&amp;ssl=1\" class=\"attachment-thumbnail size-thumbnail wp-post-image\" alt=\"\" srcset=\"https:\/\/i0.wp.com\/www.caicagliari.it\/cicloescursionismo\/wp-content\/uploads\/sites\/4\/2024\/12\/2025_01_06-TEULADA-scaled.jpg?resize=150%2C150&amp;ssl=1 150w, https:\/\/i0.wp.com\/www.caicagliari.it\/cicloescursionismo\/wp-content\/uploads\/sites\/4\/2024\/12\/2025_01_06-TEULADA-scaled.jpg?zoom=2&amp;resize=150%2C150&amp;ssl=1 300w, https:\/\/i0.wp.com\/www.caicagliari.it\/cicloescursionismo\/wp-content\/uploads\/sites\/4\/2024\/12\/2025_01_06-TEULADA-scaled.jpg?zoom=3&amp;resize=150%2C150&amp;ssl=1 450w\" sizes=\"auto, (max-width: 150px) 100vw, 150px\" data-attachment-id=\"10002299\" data-permalink=\"https:\/\/www.caicagliari.it\/cicloescursionismo\/2025_01_06-teulada-2\/\" data-orig-file=\"https:\/\/i0.wp.com\/www.caicagliari.it\/cicloescursionismo\/wp-content\/uploads\/sites\/4\/2024\/12\/2025_01_06-TEULADA-scaled.jpg?fit=2560%2C1440&amp;ssl=1\" data-orig-size=\"2560,1440\" data-comments-opened=\"0\" data-image-meta=\"{&quot;aperture&quot;:&quot;0&quot;,&quot;credit&quot;:&quot;&quot;,&quot;camera&quot;:&quot;&quot;,&quot;caption&quot;:&quot;&quot;,&quot;created_timestamp&quot;:&quot;0&quot;,&quot;copyright&quot;:&quot;&quot;,&quot;focal_length&quot;:&quot;0&quot;,&quot;iso&quot;:&quot;0&quot;,&quot;shutter_speed&quot;:&quot;0&quot;,&quot;title&quot;:&quot;&quot;,&quot;orientation&quot;:&quot;0&quot;}\" data-image-title=\"2025_01_06 TEULADA\" data-image-description=\"\" data-image-caption=\"\" data-medium-file=\"https:\/\/i0.wp.com\/www.caicagliari.it\/cicloescursionismo\/wp-content\/uploads\/sites\/4\/2024\/12\/2025_01_06-TEULADA-scaled.jpg?fit=300%2C169&amp;ssl=1\" data-large-file=\"https:\/\/i0.wp.com\/www.caicagliari.it\/cicloescursionismo\/wp-content\/uploads\/sites\/4\/2024\/12\/2025_01_06-TEULADA-scaled.jpg?fit=1024%2C576&amp;ssl=1\" \/><\/a> <a class=\"title\" href=\"https:\/\/www.caicagliari.it\/cicloescursionismo\/2024\/12\/20\/1-cicloescursione-stagionale-6-gennaio-mtb-teulada-e-i-suoi-nuraghi\/\">1\u00b0 Cicloescursione stagionale &#8211; 6 Gennaio &#8211; (MTB) &#8211; Teulada e i suoi nuraghi<\/a> <span class=\"excerpt-dash\">-<\/span> <span class=\"excerpt\">1\u00b0 Cicloescursione stagionale &#8211; 6 Gennaio &#8211; (MTB) &#8211; Teulada e i suoi nuraghi Questa volta siamo nel Sulcis Iglesiente, precisamente nel territorio di Teulada, paese di tremilacinquecento abitanti adagiato su un fondovalle e racchiuso da rilievi incontaminati, noto soprattutto &hellip; <a href=\"https:\/\/www.caicagliari.it\/cicloescursionismo\/2024\/12\/20\/1-cicloescursione-stagionale-6-gennaio-mtb-teulada-e-i-suoi-nuraghi\/\">Continua<\/a><\/span><\/li><li class=\"listing-item\"><a class=\"image\" href=\"https:\/\/www.caicagliari.it\/cicloescursionismo\/2024\/10\/18\/13-cicloescursione-stagionale-26-ottobre-mtb-s-vito-mare-e-monti\/\"><img loading=\"lazy\" decoding=\"async\" width=\"150\" height=\"150\" src=\"https:\/\/i0.wp.com\/www.caicagliari.it\/cicloescursionismo\/wp-content\/uploads\/sites\/4\/2024\/10\/2024_10_19-San-Vito-scaled.jpg?resize=150%2C150&amp;ssl=1\" class=\"attachment-thumbnail size-thumbnail wp-post-image\" alt=\"\" srcset=\"https:\/\/i0.wp.com\/www.caicagliari.it\/cicloescursionismo\/wp-content\/uploads\/sites\/4\/2024\/10\/2024_10_19-San-Vito-scaled.jpg?resize=150%2C150&amp;ssl=1 150w, https:\/\/i0.wp.com\/www.caicagliari.it\/cicloescursionismo\/wp-content\/uploads\/sites\/4\/2024\/10\/2024_10_19-San-Vito-scaled.jpg?zoom=2&amp;resize=150%2C150&amp;ssl=1 300w, https:\/\/i0.wp.com\/www.caicagliari.it\/cicloescursionismo\/wp-content\/uploads\/sites\/4\/2024\/10\/2024_10_19-San-Vito-scaled.jpg?zoom=3&amp;resize=150%2C150&amp;ssl=1 450w\" sizes=\"auto, (max-width: 150px) 100vw, 150px\" data-attachment-id=\"10002277\" data-permalink=\"https:\/\/www.caicagliari.it\/cicloescursionismo\/2024_10_19-san-vito\/\" data-orig-file=\"https:\/\/i0.wp.com\/www.caicagliari.it\/cicloescursionismo\/wp-content\/uploads\/sites\/4\/2024\/10\/2024_10_19-San-Vito-scaled.jpg?fit=2560%2C1442&amp;ssl=1\" data-orig-size=\"2560,1442\" data-comments-opened=\"0\" data-image-meta=\"{&quot;aperture&quot;:&quot;0&quot;,&quot;credit&quot;:&quot;&quot;,&quot;camera&quot;:&quot;&quot;,&quot;caption&quot;:&quot;&quot;,&quot;created_timestamp&quot;:&quot;0&quot;,&quot;copyright&quot;:&quot;&quot;,&quot;focal_length&quot;:&quot;0&quot;,&quot;iso&quot;:&quot;0&quot;,&quot;shutter_speed&quot;:&quot;0&quot;,&quot;title&quot;:&quot;&quot;,&quot;orientation&quot;:&quot;0&quot;}\" data-image-title=\"2024_10_19 San Vito\" data-image-description=\"\" data-image-caption=\"\" data-medium-file=\"https:\/\/i0.wp.com\/www.caicagliari.it\/cicloescursionismo\/wp-content\/uploads\/sites\/4\/2024\/10\/2024_10_19-San-Vito-scaled.jpg?fit=300%2C169&amp;ssl=1\" data-large-file=\"https:\/\/i0.wp.com\/www.caicagliari.it\/cicloescursionismo\/wp-content\/uploads\/sites\/4\/2024\/10\/2024_10_19-San-Vito-scaled.jpg?fit=1024%2C577&amp;ssl=1\" \/><\/a> <a class=\"title\" href=\"https:\/\/www.caicagliari.it\/cicloescursionismo\/2024\/10\/18\/13-cicloescursione-stagionale-26-ottobre-mtb-s-vito-mare-e-monti\/\">13\u00b0 Cicloescursione stagionale &#8211; 26 Ottobre &#8211; (MTB) &#8211; S.Vito, Mare e Monti<\/a> <span class=\"excerpt-dash\">-<\/span> <span class=\"excerpt\">13\u00b0 Cicloescursione stagionale &#8211; 26 Ottobre &#8211; (MTB) &#8211; S.Vito, Mare e Monti Il paese di S,Vito in Sardegna, si estende su un territorio fertile da cui derivano produzioni d\u2019eccellenza come gli agrumi, e risulta punteggiato di siti preistorici e &hellip; <a href=\"https:\/\/www.caicagliari.it\/cicloescursionismo\/2024\/10\/18\/13-cicloescursione-stagionale-26-ottobre-mtb-s-vito-mare-e-monti\/\">Continua<\/a><\/span><\/li><li class=\"listing-item\"><a class=\"image\" href=\"https:\/\/www.caicagliari.it\/cicloescursionismo\/2024\/10\/02\/12-cicloescursione-stagionale-12-ottobre-mtb-pedalando-nel-sarcidano-tra-lago-e-ferrovia\/\"><img loading=\"lazy\" decoding=\"async\" width=\"150\" height=\"150\" src=\"https:\/\/i0.wp.com\/www.caicagliari.it\/cicloescursionismo\/wp-content\/uploads\/sites\/4\/2024\/10\/2024_10_12-cicloescursione-Isili-revRM.jpg?resize=150%2C150&amp;ssl=1\" class=\"attachment-thumbnail size-thumbnail wp-post-image\" alt=\"\" srcset=\"https:\/\/i0.wp.com\/www.caicagliari.it\/cicloescursionismo\/wp-content\/uploads\/sites\/4\/2024\/10\/2024_10_12-cicloescursione-Isili-revRM.jpg?resize=150%2C150&amp;ssl=1 150w, https:\/\/i0.wp.com\/www.caicagliari.it\/cicloescursionismo\/wp-content\/uploads\/sites\/4\/2024\/10\/2024_10_12-cicloescursione-Isili-revRM.jpg?zoom=2&amp;resize=150%2C150&amp;ssl=1 300w, https:\/\/i0.wp.com\/www.caicagliari.it\/cicloescursionismo\/wp-content\/uploads\/sites\/4\/2024\/10\/2024_10_12-cicloescursione-Isili-revRM.jpg?zoom=3&amp;resize=150%2C150&amp;ssl=1 450w\" sizes=\"auto, (max-width: 150px) 100vw, 150px\" data-attachment-id=\"10002265\" data-permalink=\"https:\/\/www.caicagliari.it\/cicloescursionismo\/2024_10_12-cicloescursione-isili-revrm\/\" data-orig-file=\"https:\/\/i0.wp.com\/www.caicagliari.it\/cicloescursionismo\/wp-content\/uploads\/sites\/4\/2024\/10\/2024_10_12-cicloescursione-Isili-revRM.jpg?fit=1449%2C717&amp;ssl=1\" data-orig-size=\"1449,717\" data-comments-opened=\"0\" data-image-meta=\"{&quot;aperture&quot;:&quot;0&quot;,&quot;credit&quot;:&quot;&quot;,&quot;camera&quot;:&quot;&quot;,&quot;caption&quot;:&quot;&quot;,&quot;created_timestamp&quot;:&quot;0&quot;,&quot;copyright&quot;:&quot;&quot;,&quot;focal_length&quot;:&quot;0&quot;,&quot;iso&quot;:&quot;0&quot;,&quot;shutter_speed&quot;:&quot;0&quot;,&quot;title&quot;:&quot;&quot;,&quot;orientation&quot;:&quot;0&quot;}\" data-image-title=\"2024_10_12 cicloescursione Isili-revRM\" data-image-description=\"\" data-image-caption=\"\" data-medium-file=\"https:\/\/i0.wp.com\/www.caicagliari.it\/cicloescursionismo\/wp-content\/uploads\/sites\/4\/2024\/10\/2024_10_12-cicloescursione-Isili-revRM.jpg?fit=300%2C148&amp;ssl=1\" data-large-file=\"https:\/\/i0.wp.com\/www.caicagliari.it\/cicloescursionismo\/wp-content\/uploads\/sites\/4\/2024\/10\/2024_10_12-cicloescursione-Isili-revRM.jpg?fit=1024%2C507&amp;ssl=1\" \/><\/a> <a class=\"title\" href=\"https:\/\/www.caicagliari.it\/cicloescursionismo\/2024\/10\/02\/12-cicloescursione-stagionale-12-ottobre-mtb-pedalando-nel-sarcidano-tra-lago-e-ferrovia\/\">12\u00b0 Cicloescursione stagionale &#8211; 12 Ottobre &#8211; (MTB) &#8211; PEDALANDO NEL SARCIDANO TRA LAGO E FERROVIA<\/a> <span class=\"excerpt-dash\">-<\/span> <span class=\"excerpt\">12\u00b0 Cicloescursione stagionale &#8211; 12 Ottobre &#8211; (MTB) &#8211; PEDALANDO NEL SARCIDANO TRA LAGO E FERROVIA Dalla Diga di Is Barrocus al Nuraghe Is Paras fino alla vedetta sul Monte Simudis. La nostra ciclo escursione si svolger\u00e0 nel territorio del &hellip; <a href=\"https:\/\/www.caicagliari.it\/cicloescursionismo\/2024\/10\/02\/12-cicloescursione-stagionale-12-ottobre-mtb-pedalando-nel-sarcidano-tra-lago-e-ferrovia\/\">Continua<\/a><\/span><\/li><li class=\"listing-item\"><a class=\"image\" href=\"https:\/\/www.caicagliari.it\/cicloescursionismo\/2024\/09\/04\/7-settembre-mtb-goceano\/\"><img loading=\"lazy\" decoding=\"async\" width=\"150\" height=\"150\" src=\"https:\/\/i0.wp.com\/www.caicagliari.it\/cicloescursionismo\/wp-content\/uploads\/sites\/4\/2024\/09\/DSCN8474-scaled.jpg?resize=150%2C150&amp;ssl=1\" class=\"attachment-thumbnail size-thumbnail wp-post-image\" alt=\"\" srcset=\"https:\/\/i0.wp.com\/www.caicagliari.it\/cicloescursionismo\/wp-content\/uploads\/sites\/4\/2024\/09\/DSCN8474-scaled.jpg?resize=150%2C150&amp;ssl=1 150w, https:\/\/i0.wp.com\/www.caicagliari.it\/cicloescursionismo\/wp-content\/uploads\/sites\/4\/2024\/09\/DSCN8474-scaled.jpg?zoom=2&amp;resize=150%2C150&amp;ssl=1 300w, https:\/\/i0.wp.com\/www.caicagliari.it\/cicloescursionismo\/wp-content\/uploads\/sites\/4\/2024\/09\/DSCN8474-scaled.jpg?zoom=3&amp;resize=150%2C150&amp;ssl=1 450w\" sizes=\"auto, (max-width: 150px) 100vw, 150px\" data-attachment-id=\"10002257\" data-permalink=\"https:\/\/www.caicagliari.it\/cicloescursionismo\/dscn8474\/\" data-orig-file=\"https:\/\/i0.wp.com\/www.caicagliari.it\/cicloescursionismo\/wp-content\/uploads\/sites\/4\/2024\/09\/DSCN8474-scaled.jpg?fit=2560%2C1920&amp;ssl=1\" data-orig-size=\"2560,1920\" data-comments-opened=\"0\" data-image-meta=\"{&quot;aperture&quot;:&quot;2.8&quot;,&quot;credit&quot;:&quot;&quot;,&quot;camera&quot;:&quot;COOLPIX AW130&quot;,&quot;caption&quot;:&quot;&quot;,&quot;created_timestamp&quot;:&quot;1628425593&quot;,&quot;copyright&quot;:&quot;&quot;,&quot;focal_length&quot;:&quot;4.3&quot;,&quot;iso&quot;:&quot;125&quot;,&quot;shutter_speed&quot;:&quot;0.0008&quot;,&quot;title&quot;:&quot;&quot;,&quot;orientation&quot;:&quot;1&quot;}\" data-image-title=\"DSCN8474\" data-image-description=\"\" data-image-caption=\"\" data-medium-file=\"https:\/\/i0.wp.com\/www.caicagliari.it\/cicloescursionismo\/wp-content\/uploads\/sites\/4\/2024\/09\/DSCN8474-scaled.jpg?fit=300%2C225&amp;ssl=1\" data-large-file=\"https:\/\/i0.wp.com\/www.caicagliari.it\/cicloescursionismo\/wp-content\/uploads\/sites\/4\/2024\/09\/DSCN8474-scaled.jpg?fit=1024%2C768&amp;ssl=1\" \/><\/a> <a class=\"title\" href=\"https:\/\/www.caicagliari.it\/cicloescursionismo\/2024\/09\/04\/7-settembre-mtb-goceano\/\">7 Settembre &#8211; (MTB) &#8211; Goceano<\/a> <span class=\"excerpt-dash\">-<\/span> <span class=\"excerpt\">11\u00b0 Cicloescursione stagionale &#8211; 7 Settembre &#8211; (MTB) &#8211; Goceano La cicloescursione, si svolge nel territorio del Goceano (nome in lingua sarda Sa Cost\u00e8ra) sub-regione della Sardegna centro settentrionale che comprende il tratto del bacino superiore del fiume Tirso, di &hellip; <a href=\"https:\/\/www.caicagliari.it\/cicloescursionismo\/2024\/09\/04\/7-settembre-mtb-goceano\/\">Continua<\/a><\/span><\/li><li class=\"listing-item\"><a class=\"image\" href=\"https:\/\/www.caicagliari.it\/cicloescursionismo\/2024\/05\/18\/25-maggio-mtb-bosa-modolo-e-giro-delle-3-torri\/\"><img loading=\"lazy\" decoding=\"async\" width=\"150\" height=\"150\" src=\"https:\/\/i0.wp.com\/www.caicagliari.it\/cicloescursionismo\/wp-content\/uploads\/sites\/4\/2024\/05\/2024_05_25-Descrizione-cicloescursione-Bosa.jpg?resize=150%2C150&amp;ssl=1\" class=\"attachment-thumbnail size-thumbnail wp-post-image\" alt=\"\" srcset=\"https:\/\/i0.wp.com\/www.caicagliari.it\/cicloescursionismo\/wp-content\/uploads\/sites\/4\/2024\/05\/2024_05_25-Descrizione-cicloescursione-Bosa.jpg?resize=150%2C150&amp;ssl=1 150w, https:\/\/i0.wp.com\/www.caicagliari.it\/cicloescursionismo\/wp-content\/uploads\/sites\/4\/2024\/05\/2024_05_25-Descrizione-cicloescursione-Bosa.jpg?zoom=2&amp;resize=150%2C150&amp;ssl=1 300w, https:\/\/i0.wp.com\/www.caicagliari.it\/cicloescursionismo\/wp-content\/uploads\/sites\/4\/2024\/05\/2024_05_25-Descrizione-cicloescursione-Bosa.jpg?zoom=3&amp;resize=150%2C150&amp;ssl=1 450w\" sizes=\"auto, (max-width: 150px) 100vw, 150px\" data-attachment-id=\"10002243\" data-permalink=\"https:\/\/www.caicagliari.it\/cicloescursionismo\/2024_05_25-descrizione-cicloescursione-bosa\/\" data-orig-file=\"https:\/\/i0.wp.com\/www.caicagliari.it\/cicloescursionismo\/wp-content\/uploads\/sites\/4\/2024\/05\/2024_05_25-Descrizione-cicloescursione-Bosa.jpg?fit=630%2C298&amp;ssl=1\" data-orig-size=\"630,298\" data-comments-opened=\"0\" data-image-meta=\"{&quot;aperture&quot;:&quot;0&quot;,&quot;credit&quot;:&quot;&quot;,&quot;camera&quot;:&quot;&quot;,&quot;caption&quot;:&quot;&quot;,&quot;created_timestamp&quot;:&quot;0&quot;,&quot;copyright&quot;:&quot;&quot;,&quot;focal_length&quot;:&quot;0&quot;,&quot;iso&quot;:&quot;0&quot;,&quot;shutter_speed&quot;:&quot;0&quot;,&quot;title&quot;:&quot;&quot;,&quot;orientation&quot;:&quot;0&quot;}\" data-image-title=\"2024_05_25 Descrizione cicloescursione Bosa\" data-image-description=\"\" data-image-caption=\"\" data-medium-file=\"https:\/\/i0.wp.com\/www.caicagliari.it\/cicloescursionismo\/wp-content\/uploads\/sites\/4\/2024\/05\/2024_05_25-Descrizione-cicloescursione-Bosa.jpg?fit=300%2C142&amp;ssl=1\" data-large-file=\"https:\/\/i0.wp.com\/www.caicagliari.it\/cicloescursionismo\/wp-content\/uploads\/sites\/4\/2024\/05\/2024_05_25-Descrizione-cicloescursione-Bosa.jpg?fit=630%2C298&amp;ssl=1\" \/><\/a> <a class=\"title\" href=\"https:\/\/www.caicagliari.it\/cicloescursionismo\/2024\/05\/18\/25-maggio-mtb-bosa-modolo-e-giro-delle-3-torri\/\">25 Maggio &#8211; (MTB) &#8211; Bosa\u2013 Modolo e giro delle 3 Torri<\/a> <span class=\"excerpt-dash\">-<\/span> <span class=\"excerpt\">8\u00b0 Cicloescursione stagionale &#8211; 25 Maggio &#8211; (MTB) &#8211; Bosa\u2013 Modolo e giro delle 3 Torri Questa cicloescursione si svolger\u00e0 nel territorio della Planargia, una regione storico geografica della Sardegna centro occidentale. Detta nel sardo locale Pianalza, che nel periodo &hellip; <a href=\"https:\/\/www.caicagliari.it\/cicloescursionismo\/2024\/05\/18\/25-maggio-mtb-bosa-modolo-e-giro-delle-3-torri\/\">Continua<\/a><\/span><\/li><li class=\"listing-item\"><a class=\"image\" href=\"https:\/\/www.caicagliari.it\/cicloescursionismo\/2024\/05\/12\/18-maggio-mtb-portoscuso-e-il-sulcis\/\"><img loading=\"lazy\" decoding=\"async\" width=\"150\" height=\"150\" src=\"https:\/\/i0.wp.com\/www.caicagliari.it\/cicloescursionismo\/wp-content\/uploads\/sites\/4\/2024\/05\/2024_05_18-Portoscuso.jpg?resize=150%2C150&amp;ssl=1\" class=\"attachment-thumbnail size-thumbnail wp-post-image\" alt=\"\" srcset=\"https:\/\/i0.wp.com\/www.caicagliari.it\/cicloescursionismo\/wp-content\/uploads\/sites\/4\/2024\/05\/2024_05_18-Portoscuso.jpg?resize=150%2C150&amp;ssl=1 150w, https:\/\/i0.wp.com\/www.caicagliari.it\/cicloescursionismo\/wp-content\/uploads\/sites\/4\/2024\/05\/2024_05_18-Portoscuso.jpg?zoom=2&amp;resize=150%2C150&amp;ssl=1 300w, https:\/\/i0.wp.com\/www.caicagliari.it\/cicloescursionismo\/wp-content\/uploads\/sites\/4\/2024\/05\/2024_05_18-Portoscuso.jpg?zoom=3&amp;resize=150%2C150&amp;ssl=1 450w\" sizes=\"auto, (max-width: 150px) 100vw, 150px\" data-attachment-id=\"10002237\" data-permalink=\"https:\/\/www.caicagliari.it\/cicloescursionismo\/2024_05_18-portoscuso\/\" data-orig-file=\"https:\/\/i0.wp.com\/www.caicagliari.it\/cicloescursionismo\/wp-content\/uploads\/sites\/4\/2024\/05\/2024_05_18-Portoscuso.jpg?fit=2000%2C900&amp;ssl=1\" data-orig-size=\"2000,900\" data-comments-opened=\"0\" data-image-meta=\"{&quot;aperture&quot;:&quot;0&quot;,&quot;credit&quot;:&quot;&quot;,&quot;camera&quot;:&quot;&quot;,&quot;caption&quot;:&quot;&quot;,&quot;created_timestamp&quot;:&quot;0&quot;,&quot;copyright&quot;:&quot;&quot;,&quot;focal_length&quot;:&quot;0&quot;,&quot;iso&quot;:&quot;0&quot;,&quot;shutter_speed&quot;:&quot;0&quot;,&quot;title&quot;:&quot;&quot;,&quot;orientation&quot;:&quot;0&quot;}\" data-image-title=\"2024_05_18 Portoscuso\" data-image-description=\"\" data-image-caption=\"\" data-medium-file=\"https:\/\/i0.wp.com\/www.caicagliari.it\/cicloescursionismo\/wp-content\/uploads\/sites\/4\/2024\/05\/2024_05_18-Portoscuso.jpg?fit=300%2C135&amp;ssl=1\" data-large-file=\"https:\/\/i0.wp.com\/www.caicagliari.it\/cicloescursionismo\/wp-content\/uploads\/sites\/4\/2024\/05\/2024_05_18-Portoscuso.jpg?fit=1024%2C461&amp;ssl=1\" \/><\/a> <a class=\"title\" href=\"https:\/\/www.caicagliari.it\/cicloescursionismo\/2024\/05\/12\/18-maggio-mtb-portoscuso-e-il-sulcis\/\">18 Maggio &#8211; (MTB) &#8211; Portoscuso e il Sulcis<\/a> <span class=\"excerpt-dash\">-<\/span> <span class=\"excerpt\">7\u00b0 Cicloescursione stagionale &#8211; 18 Maggio &#8211; (MTB) &#8211; Portoscuso e il Sulcis La nostra settima cicloescursione ci porter\u00e0 a pedalare nel territorio del Sulcis Iglesiente, nella costa sud-occidentale della Sardegna, conosciuto per la presenza di numerose miniere, ormai in &hellip; <a href=\"https:\/\/www.caicagliari.it\/cicloescursionismo\/2024\/05\/12\/18-maggio-mtb-portoscuso-e-il-sulcis\/\">Continua<\/a><\/span><\/li><li class=\"listing-item\"><a class=\"image\" href=\"https:\/\/www.caicagliari.it\/cicloescursionismo\/2024\/05\/02\/11-maggio-mtb-sadali-esterzili\/\"><img loading=\"lazy\" decoding=\"async\" width=\"150\" height=\"150\" src=\"https:\/\/i0.wp.com\/www.caicagliari.it\/cicloescursionismo\/wp-content\/uploads\/sites\/4\/2024\/05\/2024_05_11-Sadali-Esterzili.jpg?resize=150%2C150&amp;ssl=1\" class=\"attachment-thumbnail size-thumbnail wp-post-image\" alt=\"\" srcset=\"https:\/\/i0.wp.com\/www.caicagliari.it\/cicloescursionismo\/wp-content\/uploads\/sites\/4\/2024\/05\/2024_05_11-Sadali-Esterzili.jpg?resize=150%2C150&amp;ssl=1 150w, https:\/\/i0.wp.com\/www.caicagliari.it\/cicloescursionismo\/wp-content\/uploads\/sites\/4\/2024\/05\/2024_05_11-Sadali-Esterzili.jpg?zoom=2&amp;resize=150%2C150&amp;ssl=1 300w, https:\/\/i0.wp.com\/www.caicagliari.it\/cicloescursionismo\/wp-content\/uploads\/sites\/4\/2024\/05\/2024_05_11-Sadali-Esterzili.jpg?zoom=3&amp;resize=150%2C150&amp;ssl=1 450w\" sizes=\"auto, (max-width: 150px) 100vw, 150px\" data-attachment-id=\"10002228\" data-permalink=\"https:\/\/www.caicagliari.it\/cicloescursionismo\/2024_05_11-sadali-esterzili\/\" data-orig-file=\"https:\/\/i0.wp.com\/www.caicagliari.it\/cicloescursionismo\/wp-content\/uploads\/sites\/4\/2024\/05\/2024_05_11-Sadali-Esterzili.jpg?fit=2048%2C981&amp;ssl=1\" data-orig-size=\"2048,981\" data-comments-opened=\"0\" data-image-meta=\"{&quot;aperture&quot;:&quot;0&quot;,&quot;credit&quot;:&quot;&quot;,&quot;camera&quot;:&quot;&quot;,&quot;caption&quot;:&quot;&quot;,&quot;created_timestamp&quot;:&quot;0&quot;,&quot;copyright&quot;:&quot;&quot;,&quot;focal_length&quot;:&quot;0&quot;,&quot;iso&quot;:&quot;0&quot;,&quot;shutter_speed&quot;:&quot;0&quot;,&quot;title&quot;:&quot;&quot;,&quot;orientation&quot;:&quot;0&quot;}\" data-image-title=\"2024_05_11 Sadali Esterzili\" data-image-description=\"\" data-image-caption=\"\" data-medium-file=\"https:\/\/i0.wp.com\/www.caicagliari.it\/cicloescursionismo\/wp-content\/uploads\/sites\/4\/2024\/05\/2024_05_11-Sadali-Esterzili.jpg?fit=300%2C144&amp;ssl=1\" data-large-file=\"https:\/\/i0.wp.com\/www.caicagliari.it\/cicloescursionismo\/wp-content\/uploads\/sites\/4\/2024\/05\/2024_05_11-Sadali-Esterzili.jpg?fit=1024%2C491&amp;ssl=1\" \/><\/a> <a class=\"title\" href=\"https:\/\/www.caicagliari.it\/cicloescursionismo\/2024\/05\/02\/11-maggio-mtb-sadali-esterzili\/\">11 Maggio &#8211; (MTB) &#8211; Sadali \u2013 Esterzili<\/a> <span class=\"excerpt-dash\">-<\/span> <span class=\"excerpt\">6\u00b0 Cicloescursione stagionale &#8211; 11 Maggio &#8211; (MTB) &#8211; Sadali \u2013 Esterzili La cicloescursione, che si svolge nel territorio della Barbagia di Seulo, ci porter\u00e0 a pedalare fra le montagne e i centri storici di Sadali e Esterzili. La pedalata &hellip; <a href=\"https:\/\/www.caicagliari.it\/cicloescursionismo\/2024\/05\/02\/11-maggio-mtb-sadali-esterzili\/\">Continua<\/a><\/span><\/li><li class=\"listing-item\"><a class=\"image\" href=\"https:\/\/www.caicagliari.it\/cicloescursionismo\/2024\/04\/16\/27-aprile-mtb-sardara-borgo-autentico-ditalia\/\"><img loading=\"lazy\" decoding=\"async\" width=\"150\" height=\"150\" src=\"https:\/\/i0.wp.com\/www.caicagliari.it\/cicloescursionismo\/wp-content\/uploads\/sites\/4\/2024\/04\/27_04_2024-Sardara.jpg?resize=150%2C150&amp;ssl=1\" class=\"attachment-thumbnail size-thumbnail wp-post-image\" alt=\"\" srcset=\"https:\/\/i0.wp.com\/www.caicagliari.it\/cicloescursionismo\/wp-content\/uploads\/sites\/4\/2024\/04\/27_04_2024-Sardara.jpg?resize=150%2C150&amp;ssl=1 150w, https:\/\/i0.wp.com\/www.caicagliari.it\/cicloescursionismo\/wp-content\/uploads\/sites\/4\/2024\/04\/27_04_2024-Sardara.jpg?zoom=2&amp;resize=150%2C150&amp;ssl=1 300w, https:\/\/i0.wp.com\/www.caicagliari.it\/cicloescursionismo\/wp-content\/uploads\/sites\/4\/2024\/04\/27_04_2024-Sardara.jpg?zoom=3&amp;resize=150%2C150&amp;ssl=1 450w\" sizes=\"auto, (max-width: 150px) 100vw, 150px\" data-attachment-id=\"10002218\" data-permalink=\"https:\/\/www.caicagliari.it\/cicloescursionismo\/27_04_2024-sardara\/\" data-orig-file=\"https:\/\/i0.wp.com\/www.caicagliari.it\/cicloescursionismo\/wp-content\/uploads\/sites\/4\/2024\/04\/27_04_2024-Sardara.jpg?fit=531%2C707&amp;ssl=1\" data-orig-size=\"531,707\" data-comments-opened=\"0\" data-image-meta=\"{&quot;aperture&quot;:&quot;0&quot;,&quot;credit&quot;:&quot;&quot;,&quot;camera&quot;:&quot;&quot;,&quot;caption&quot;:&quot;&quot;,&quot;created_timestamp&quot;:&quot;0&quot;,&quot;copyright&quot;:&quot;&quot;,&quot;focal_length&quot;:&quot;0&quot;,&quot;iso&quot;:&quot;0&quot;,&quot;shutter_speed&quot;:&quot;0&quot;,&quot;title&quot;:&quot;&quot;,&quot;orientation&quot;:&quot;0&quot;}\" data-image-title=\"27_04_2024 Sardara\" data-image-description=\"\" data-image-caption=\"\" data-medium-file=\"https:\/\/i0.wp.com\/www.caicagliari.it\/cicloescursionismo\/wp-content\/uploads\/sites\/4\/2024\/04\/27_04_2024-Sardara.jpg?fit=225%2C300&amp;ssl=1\" data-large-file=\"https:\/\/i0.wp.com\/www.caicagliari.it\/cicloescursionismo\/wp-content\/uploads\/sites\/4\/2024\/04\/27_04_2024-Sardara.jpg?fit=531%2C707&amp;ssl=1\" \/><\/a> <a class=\"title\" href=\"https:\/\/www.caicagliari.it\/cicloescursionismo\/2024\/04\/16\/27-aprile-mtb-sardara-borgo-autentico-ditalia\/\">27 Aprile &#8211; (MTB) &#8211; Sardara, Borgo autentico d\u2019Italia<\/a> <span class=\"excerpt-dash\">-<\/span> <span class=\"excerpt\">5\u00b0 Cicloescursione stagionale &#8211; 27 Aprile &#8211; (MTB) &#8211; Sardara, Borgo autentico d\u2019Italia La nostra quinta cicloescursione sar\u00e0 caratterizzata dalla presenza di vari siti di interesse culturale, naturalistico e archeologico, che troveremo nel percorso durante la pedalata. Passeremo attraverso un &hellip; <a href=\"https:\/\/www.caicagliari.it\/cicloescursionismo\/2024\/04\/16\/27-aprile-mtb-sardara-borgo-autentico-ditalia\/\">Continua<\/a><\/span><\/li><li class=\"listing-item\"><a class=\"image\" href=\"https:\/\/www.caicagliari.it\/cicloescursionismo\/2024\/04\/05\/13-aprile-mtb-fluminese-genne-carru\/\"><img loading=\"lazy\" decoding=\"async\" width=\"150\" height=\"150\" src=\"https:\/\/i0.wp.com\/www.caicagliari.it\/cicloescursionismo\/wp-content\/uploads\/sites\/4\/2024\/04\/2024_04_13_Fluminese-scaled.jpg?resize=150%2C150&amp;ssl=1\" class=\"attachment-thumbnail size-thumbnail wp-post-image\" alt=\"\" srcset=\"https:\/\/i0.wp.com\/www.caicagliari.it\/cicloescursionismo\/wp-content\/uploads\/sites\/4\/2024\/04\/2024_04_13_Fluminese-scaled.jpg?resize=150%2C150&amp;ssl=1 150w, https:\/\/i0.wp.com\/www.caicagliari.it\/cicloescursionismo\/wp-content\/uploads\/sites\/4\/2024\/04\/2024_04_13_Fluminese-scaled.jpg?zoom=2&amp;resize=150%2C150&amp;ssl=1 300w, https:\/\/i0.wp.com\/www.caicagliari.it\/cicloescursionismo\/wp-content\/uploads\/sites\/4\/2024\/04\/2024_04_13_Fluminese-scaled.jpg?zoom=3&amp;resize=150%2C150&amp;ssl=1 450w\" sizes=\"auto, (max-width: 150px) 100vw, 150px\" data-attachment-id=\"10002211\" data-permalink=\"https:\/\/www.caicagliari.it\/cicloescursionismo\/2024_04_13_fluminese\/\" data-orig-file=\"https:\/\/i0.wp.com\/www.caicagliari.it\/cicloescursionismo\/wp-content\/uploads\/sites\/4\/2024\/04\/2024_04_13_Fluminese-scaled.jpg?fit=2560%2C1920&amp;ssl=1\" data-orig-size=\"2560,1920\" data-comments-opened=\"0\" data-image-meta=\"{&quot;aperture&quot;:&quot;0&quot;,&quot;credit&quot;:&quot;&quot;,&quot;camera&quot;:&quot;&quot;,&quot;caption&quot;:&quot;&quot;,&quot;created_timestamp&quot;:&quot;0&quot;,&quot;copyright&quot;:&quot;&quot;,&quot;focal_length&quot;:&quot;0&quot;,&quot;iso&quot;:&quot;0&quot;,&quot;shutter_speed&quot;:&quot;0&quot;,&quot;title&quot;:&quot;&quot;,&quot;orientation&quot;:&quot;0&quot;}\" data-image-title=\"2024_04_13_Fluminese\" data-image-description=\"\" data-image-caption=\"\" data-medium-file=\"https:\/\/i0.wp.com\/www.caicagliari.it\/cicloescursionismo\/wp-content\/uploads\/sites\/4\/2024\/04\/2024_04_13_Fluminese-scaled.jpg?fit=300%2C225&amp;ssl=1\" data-large-file=\"https:\/\/i0.wp.com\/www.caicagliari.it\/cicloescursionismo\/wp-content\/uploads\/sites\/4\/2024\/04\/2024_04_13_Fluminese-scaled.jpg?fit=1024%2C768&amp;ssl=1\" \/><\/a> <a class=\"title\" href=\"https:\/\/www.caicagliari.it\/cicloescursionismo\/2024\/04\/05\/13-aprile-mtb-fluminese-genne-carru\/\">13 Aprile &#8211; (MTB) &#8211; Fluminese \u2013 Genn\u2019e Carru<\/a> <span class=\"excerpt-dash\">-<\/span> <span class=\"excerpt\">4\u00b0 Cicloescursione stagionale &#8211; 13 Aprile &#8211; (MTB) &#8211; Fluminese \u2013 Genn\u2019e Carru Escursione che trae ispirazione dagli itinerari \u201cAntas\u201d e \u201cGenn\u2019e Carru\u201d contenuti nella guida Mountain bike nel Marganai, edita da edizioni segnavia. Alle spalle di Fluminimaggiore si irradia &hellip; <a href=\"https:\/\/www.caicagliari.it\/cicloescursionismo\/2024\/04\/05\/13-aprile-mtb-fluminese-genne-carru\/\">Continua<\/a><\/span><\/li><li class=\"listing-item\"><a class=\"image\" href=\"https:\/\/www.caicagliari.it\/cicloescursionismo\/2024\/03\/09\/16-marzo-mtb-laconi-dal-sarcidano-alla-barbagia-di-belvi\/\"><img loading=\"lazy\" decoding=\"async\" width=\"150\" height=\"150\" src=\"https:\/\/i0.wp.com\/www.caicagliari.it\/cicloescursionismo\/wp-content\/uploads\/sites\/4\/2024\/03\/cop.jpg?resize=150%2C150&amp;ssl=1\" class=\"attachment-thumbnail size-thumbnail wp-post-image\" alt=\"\" srcset=\"https:\/\/i0.wp.com\/www.caicagliari.it\/cicloescursionismo\/wp-content\/uploads\/sites\/4\/2024\/03\/cop.jpg?resize=150%2C150&amp;ssl=1 150w, https:\/\/i0.wp.com\/www.caicagliari.it\/cicloescursionismo\/wp-content\/uploads\/sites\/4\/2024\/03\/cop.jpg?zoom=2&amp;resize=150%2C150&amp;ssl=1 300w, https:\/\/i0.wp.com\/www.caicagliari.it\/cicloescursionismo\/wp-content\/uploads\/sites\/4\/2024\/03\/cop.jpg?zoom=3&amp;resize=150%2C150&amp;ssl=1 450w\" sizes=\"auto, (max-width: 150px) 100vw, 150px\" data-attachment-id=\"10002202\" data-permalink=\"https:\/\/www.caicagliari.it\/cicloescursionismo\/cop\/\" data-orig-file=\"https:\/\/i0.wp.com\/www.caicagliari.it\/cicloescursionismo\/wp-content\/uploads\/sites\/4\/2024\/03\/cop.jpg?fit=720%2C1600&amp;ssl=1\" data-orig-size=\"720,1600\" data-comments-opened=\"0\" data-image-meta=\"{&quot;aperture&quot;:&quot;0&quot;,&quot;credit&quot;:&quot;&quot;,&quot;camera&quot;:&quot;&quot;,&quot;caption&quot;:&quot;&quot;,&quot;created_timestamp&quot;:&quot;0&quot;,&quot;copyright&quot;:&quot;&quot;,&quot;focal_length&quot;:&quot;0&quot;,&quot;iso&quot;:&quot;0&quot;,&quot;shutter_speed&quot;:&quot;0&quot;,&quot;title&quot;:&quot;&quot;,&quot;orientation&quot;:&quot;0&quot;}\" data-image-title=\"cop\" data-image-description=\"\" data-image-caption=\"\" data-medium-file=\"https:\/\/i0.wp.com\/www.caicagliari.it\/cicloescursionismo\/wp-content\/uploads\/sites\/4\/2024\/03\/cop.jpg?fit=135%2C300&amp;ssl=1\" data-large-file=\"https:\/\/i0.wp.com\/www.caicagliari.it\/cicloescursionismo\/wp-content\/uploads\/sites\/4\/2024\/03\/cop.jpg?fit=461%2C1024&amp;ssl=1\" \/><\/a> <a class=\"title\" href=\"https:\/\/www.caicagliari.it\/cicloescursionismo\/2024\/03\/09\/16-marzo-mtb-laconi-dal-sarcidano-alla-barbagia-di-belvi\/\">16 Marzo &#8211; (MTB) &#8211; Laconi &#8211; Dal Sarcidano alla Barbagia di Belvi\u2019<\/a> <span class=\"excerpt-dash\">-<\/span> <span class=\"excerpt\">3\u00b0 Cicloescursione stagionale &#8211; 16 Marzo &#8211; (MTB) &#8211; Laconi &#8211; Dal Sarcidano alla Barbagia di Belvi\u2019 La nostra terza cicloescursione partir\u00e0 da Laconi, paese incastonato nel verde di un bosco ai piedi dei Monti del Sarcidano. Il percorso si &hellip; <a href=\"https:\/\/www.caicagliari.it\/cicloescursionismo\/2024\/03\/09\/16-marzo-mtb-laconi-dal-sarcidano-alla-barbagia-di-belvi\/\">Continua<\/a><\/span><\/li><li class=\"listing-item\"><a class=\"image\" href=\"https:\/\/www.caicagliari.it\/cicloescursionismo\/2024\/02\/02\/18-febbraio-mtb-cardedu-fra-mari-e-monti-in-mtb\/\"><img loading=\"lazy\" decoding=\"async\" width=\"150\" height=\"150\" src=\"https:\/\/i0.wp.com\/www.caicagliari.it\/cicloescursionismo\/wp-content\/uploads\/sites\/4\/2024\/02\/2024_02_18_cicloescursione-Tertenia.jpg?resize=150%2C150&amp;ssl=1\" class=\"attachment-thumbnail size-thumbnail wp-post-image\" alt=\"\" srcset=\"https:\/\/i0.wp.com\/www.caicagliari.it\/cicloescursionismo\/wp-content\/uploads\/sites\/4\/2024\/02\/2024_02_18_cicloescursione-Tertenia.jpg?resize=150%2C150&amp;ssl=1 150w, https:\/\/i0.wp.com\/www.caicagliari.it\/cicloescursionismo\/wp-content\/uploads\/sites\/4\/2024\/02\/2024_02_18_cicloescursione-Tertenia.jpg?zoom=2&amp;resize=150%2C150&amp;ssl=1 300w, https:\/\/i0.wp.com\/www.caicagliari.it\/cicloescursionismo\/wp-content\/uploads\/sites\/4\/2024\/02\/2024_02_18_cicloescursione-Tertenia.jpg?zoom=3&amp;resize=150%2C150&amp;ssl=1 450w\" sizes=\"auto, (max-width: 150px) 100vw, 150px\" data-attachment-id=\"10002189\" data-permalink=\"https:\/\/www.caicagliari.it\/cicloescursionismo\/2024_02_18_cicloescursione-tertenia\/\" data-orig-file=\"https:\/\/i0.wp.com\/www.caicagliari.it\/cicloescursionismo\/wp-content\/uploads\/sites\/4\/2024\/02\/2024_02_18_cicloescursione-Tertenia.jpg?fit=1469%2C1102&amp;ssl=1\" data-orig-size=\"1469,1102\" data-comments-opened=\"0\" data-image-meta=\"{&quot;aperture&quot;:&quot;0&quot;,&quot;credit&quot;:&quot;&quot;,&quot;camera&quot;:&quot;&quot;,&quot;caption&quot;:&quot;&quot;,&quot;created_timestamp&quot;:&quot;0&quot;,&quot;copyright&quot;:&quot;&quot;,&quot;focal_length&quot;:&quot;0&quot;,&quot;iso&quot;:&quot;0&quot;,&quot;shutter_speed&quot;:&quot;0&quot;,&quot;title&quot;:&quot;&quot;,&quot;orientation&quot;:&quot;0&quot;}\" data-image-title=\"2024_02_18_cicloescursione Tertenia\" data-image-description=\"\" data-image-caption=\"\" data-medium-file=\"https:\/\/i0.wp.com\/www.caicagliari.it\/cicloescursionismo\/wp-content\/uploads\/sites\/4\/2024\/02\/2024_02_18_cicloescursione-Tertenia.jpg?fit=300%2C225&amp;ssl=1\" data-large-file=\"https:\/\/i0.wp.com\/www.caicagliari.it\/cicloescursionismo\/wp-content\/uploads\/sites\/4\/2024\/02\/2024_02_18_cicloescursione-Tertenia.jpg?fit=1024%2C768&amp;ssl=1\" \/><\/a> <a class=\"title\" href=\"https:\/\/www.caicagliari.it\/cicloescursionismo\/2024\/02\/02\/18-febbraio-mtb-cardedu-fra-mari-e-monti-in-mtb\/\">18 Febbraio &#8211; (MTB) &#8211; Cardedu &#8211; Fra mari e monti in MTB<\/a> <span class=\"excerpt-dash\">-<\/span> <span class=\"excerpt\">Cicloescursione stagionale &#8211; 18 Febbraio &#8211; (MTB) &#8211; Cardedu &#8211; Fra mari e monti in MTB Il protagonista di questa cicloescursione extra calendario \u00e8 il Monte Ferru e la sua area. Il contesto paesaggistico che ci ospita \u00e8 quello del &hellip; <a href=\"https:\/\/www.caicagliari.it\/cicloescursionismo\/2024\/02\/02\/18-febbraio-mtb-cardedu-fra-mari-e-monti-in-mtb\/\">Continua<\/a><\/span><\/li><li class=\"listing-item\"><a class=\"image\" href=\"https:\/\/www.caicagliari.it\/cicloescursionismo\/2024\/02\/02\/17-febbraio-mtb-jerzu-in-punta-di-tacchi-con-la-mtb\/\"><img loading=\"lazy\" decoding=\"async\" width=\"150\" height=\"150\" src=\"https:\/\/i0.wp.com\/www.caicagliari.it\/cicloescursionismo\/wp-content\/uploads\/sites\/4\/2024\/02\/2024_02_17-cicloescursione-Jerzu-scaled.jpg?resize=150%2C150&amp;ssl=1\" class=\"attachment-thumbnail size-thumbnail wp-post-image\" alt=\"\" srcset=\"https:\/\/i0.wp.com\/www.caicagliari.it\/cicloescursionismo\/wp-content\/uploads\/sites\/4\/2024\/02\/2024_02_17-cicloescursione-Jerzu-scaled.jpg?resize=150%2C150&amp;ssl=1 150w, https:\/\/i0.wp.com\/www.caicagliari.it\/cicloescursionismo\/wp-content\/uploads\/sites\/4\/2024\/02\/2024_02_17-cicloescursione-Jerzu-scaled.jpg?zoom=2&amp;resize=150%2C150&amp;ssl=1 300w, https:\/\/i0.wp.com\/www.caicagliari.it\/cicloescursionismo\/wp-content\/uploads\/sites\/4\/2024\/02\/2024_02_17-cicloescursione-Jerzu-scaled.jpg?zoom=3&amp;resize=150%2C150&amp;ssl=1 450w\" sizes=\"auto, (max-width: 150px) 100vw, 150px\" data-attachment-id=\"10002192\" data-permalink=\"https:\/\/www.caicagliari.it\/cicloescursionismo\/2024_02_17-cicloescursione-jerzu\/\" data-orig-file=\"https:\/\/i0.wp.com\/www.caicagliari.it\/cicloescursionismo\/wp-content\/uploads\/sites\/4\/2024\/02\/2024_02_17-cicloescursione-Jerzu-scaled.jpg?fit=2560%2C1920&amp;ssl=1\" data-orig-size=\"2560,1920\" data-comments-opened=\"0\" data-image-meta=\"{&quot;aperture&quot;:&quot;4.4&quot;,&quot;credit&quot;:&quot;&quot;,&quot;camera&quot;:&quot;COOLPIX AW130&quot;,&quot;caption&quot;:&quot;&quot;,&quot;created_timestamp&quot;:&quot;1653731635&quot;,&quot;copyright&quot;:&quot;&quot;,&quot;focal_length&quot;:&quot;10.1&quot;,&quot;iso&quot;:&quot;125&quot;,&quot;shutter_speed&quot;:&quot;0.00125&quot;,&quot;title&quot;:&quot;&quot;,&quot;orientation&quot;:&quot;1&quot;}\" data-image-title=\"2024_02_17 cicloescursione Jerzu\" data-image-description=\"\" data-image-caption=\"\" data-medium-file=\"https:\/\/i0.wp.com\/www.caicagliari.it\/cicloescursionismo\/wp-content\/uploads\/sites\/4\/2024\/02\/2024_02_17-cicloescursione-Jerzu-scaled.jpg?fit=300%2C225&amp;ssl=1\" data-large-file=\"https:\/\/i0.wp.com\/www.caicagliari.it\/cicloescursionismo\/wp-content\/uploads\/sites\/4\/2024\/02\/2024_02_17-cicloescursione-Jerzu-scaled.jpg?fit=1024%2C768&amp;ssl=1\" \/><\/a> <a class=\"title\" href=\"https:\/\/www.caicagliari.it\/cicloescursionismo\/2024\/02\/02\/17-febbraio-mtb-jerzu-in-punta-di-tacchi-con-la-mtb\/\">17 Febbraio &#8211; (MTB) &#8211; Jerzu &#8211; In punta di tacchi con la MTB<\/a> <span class=\"excerpt-dash\">-<\/span> <span class=\"excerpt\">2\u00b0 Cicloescursione stagionale &#8211; 17 Febbraio &#8211; (MTB) &#8211; Jerzu &#8211; In punta di tacchi con la MTB Per la nostra seconda cicloescursione annuale andremo a pedalare nei territori ricompresi nel comune di Jerzu, lungo un percorso affascinante per la &hellip; <a href=\"https:\/\/www.caicagliari.it\/cicloescursionismo\/2024\/02\/02\/17-febbraio-mtb-jerzu-in-punta-di-tacchi-con-la-mtb\/\">Continua<\/a><\/span><\/li><li class=\"listing-item\"><a class=\"image\" href=\"https:\/\/www.caicagliari.it\/cicloescursionismo\/2024\/01\/01\/13-gennaio-mtb-capoterra-pedalando-per-francesco\/\"><img loading=\"lazy\" decoding=\"async\" width=\"150\" height=\"150\" src=\"https:\/\/i0.wp.com\/www.caicagliari.it\/cicloescursionismo\/wp-content\/uploads\/sites\/4\/2024\/01\/DSCN3686-scaled.jpg?resize=150%2C150&amp;ssl=1\" class=\"attachment-thumbnail size-thumbnail wp-post-image\" alt=\"\" srcset=\"https:\/\/i0.wp.com\/www.caicagliari.it\/cicloescursionismo\/wp-content\/uploads\/sites\/4\/2024\/01\/DSCN3686-scaled.jpg?resize=150%2C150&amp;ssl=1 150w, https:\/\/i0.wp.com\/www.caicagliari.it\/cicloescursionismo\/wp-content\/uploads\/sites\/4\/2024\/01\/DSCN3686-scaled.jpg?zoom=2&amp;resize=150%2C150&amp;ssl=1 300w, https:\/\/i0.wp.com\/www.caicagliari.it\/cicloescursionismo\/wp-content\/uploads\/sites\/4\/2024\/01\/DSCN3686-scaled.jpg?zoom=3&amp;resize=150%2C150&amp;ssl=1 450w\" sizes=\"auto, (max-width: 150px) 100vw, 150px\" data-attachment-id=\"10002179\" data-permalink=\"https:\/\/www.caicagliari.it\/cicloescursionismo\/dscn3686\/\" data-orig-file=\"https:\/\/i0.wp.com\/www.caicagliari.it\/cicloescursionismo\/wp-content\/uploads\/sites\/4\/2024\/01\/DSCN3686-scaled.jpg?fit=2560%2C1920&amp;ssl=1\" data-orig-size=\"2560,1920\" data-comments-opened=\"0\" data-image-meta=\"{&quot;aperture&quot;:&quot;4.1&quot;,&quot;credit&quot;:&quot;&quot;,&quot;camera&quot;:&quot;COOLPIX AW130&quot;,&quot;caption&quot;:&quot;&quot;,&quot;created_timestamp&quot;:&quot;1556971564&quot;,&quot;copyright&quot;:&quot;&quot;,&quot;focal_length&quot;:&quot;4.3&quot;,&quot;iso&quot;:&quot;125&quot;,&quot;shutter_speed&quot;:&quot;0.00125&quot;,&quot;title&quot;:&quot;&quot;,&quot;orientation&quot;:&quot;1&quot;}\" data-image-title=\"DSCN3686\" data-image-description=\"\" data-image-caption=\"\" data-medium-file=\"https:\/\/i0.wp.com\/www.caicagliari.it\/cicloescursionismo\/wp-content\/uploads\/sites\/4\/2024\/01\/DSCN3686-scaled.jpg?fit=300%2C225&amp;ssl=1\" data-large-file=\"https:\/\/i0.wp.com\/www.caicagliari.it\/cicloescursionismo\/wp-content\/uploads\/sites\/4\/2024\/01\/DSCN3686-scaled.jpg?fit=1024%2C768&amp;ssl=1\" \/><\/a> <a class=\"title\" href=\"https:\/\/www.caicagliari.it\/cicloescursionismo\/2024\/01\/01\/13-gennaio-mtb-capoterra-pedalando-per-francesco\/\">13 Gennaio &#8211; (MTB) &#8211; Capoterra &#8211; Pedalando per Francesco<\/a> <span class=\"excerpt-dash\">-<\/span> <span class=\"excerpt\">1\u00b0 Cicloescursione stagionale &#8211; 13 Gennaio &#8211; (MTB) &#8211; Capoterra &#8211; Pedalando per Francesco Iniziamo questo nuovo anno ripercorrendo i sentieri cari a Francesco che ci lasciato inaspettatamente due anni fa. Rivivremo il suo entusiasmo per questo luogo in una &hellip; <a href=\"https:\/\/www.caicagliari.it\/cicloescursionismo\/2024\/01\/01\/13-gennaio-mtb-capoterra-pedalando-per-francesco\/\">Continua<\/a><\/span><\/li><li class=\"listing-item\"><a class=\"image\" href=\"https:\/\/www.caicagliari.it\/cicloescursionismo\/2023\/11\/23\/lanzarote-in-mtb-il-filmato-venerdi-15-dicembre-ore-2030\/\"><img loading=\"lazy\" decoding=\"async\" width=\"150\" height=\"150\" src=\"https:\/\/i0.wp.com\/www.caicagliari.it\/cicloescursionismo\/wp-content\/uploads\/sites\/4\/2023\/11\/Locandina-Video-Lanzarote-2.png?resize=150%2C150&amp;ssl=1\" class=\"attachment-thumbnail size-thumbnail wp-post-image\" alt=\"\" srcset=\"https:\/\/i0.wp.com\/www.caicagliari.it\/cicloescursionismo\/wp-content\/uploads\/sites\/4\/2023\/11\/Locandina-Video-Lanzarote-2.png?resize=150%2C150&amp;ssl=1 150w, https:\/\/i0.wp.com\/www.caicagliari.it\/cicloescursionismo\/wp-content\/uploads\/sites\/4\/2023\/11\/Locandina-Video-Lanzarote-2.png?zoom=2&amp;resize=150%2C150&amp;ssl=1 300w, https:\/\/i0.wp.com\/www.caicagliari.it\/cicloescursionismo\/wp-content\/uploads\/sites\/4\/2023\/11\/Locandina-Video-Lanzarote-2.png?zoom=3&amp;resize=150%2C150&amp;ssl=1 450w\" sizes=\"auto, (max-width: 150px) 100vw, 150px\" data-attachment-id=\"10002153\" data-permalink=\"https:\/\/www.caicagliari.it\/cicloescursionismo\/locandina-video-lanzarote-2\/\" data-orig-file=\"https:\/\/i0.wp.com\/www.caicagliari.it\/cicloescursionismo\/wp-content\/uploads\/sites\/4\/2023\/11\/Locandina-Video-Lanzarote-2.png?fit=4455%2C2703&amp;ssl=1\" data-orig-size=\"4455,2703\" data-comments-opened=\"0\" data-image-meta=\"{&quot;aperture&quot;:&quot;0&quot;,&quot;credit&quot;:&quot;&quot;,&quot;camera&quot;:&quot;&quot;,&quot;caption&quot;:&quot;&quot;,&quot;created_timestamp&quot;:&quot;0&quot;,&quot;copyright&quot;:&quot;&quot;,&quot;focal_length&quot;:&quot;0&quot;,&quot;iso&quot;:&quot;0&quot;,&quot;shutter_speed&quot;:&quot;0&quot;,&quot;title&quot;:&quot;&quot;,&quot;orientation&quot;:&quot;0&quot;}\" data-image-title=\"Locandina Video Lanzarote 2\" data-image-description=\"\" data-image-caption=\"\" data-medium-file=\"https:\/\/i0.wp.com\/www.caicagliari.it\/cicloescursionismo\/wp-content\/uploads\/sites\/4\/2023\/11\/Locandina-Video-Lanzarote-2.png?fit=300%2C182&amp;ssl=1\" data-large-file=\"https:\/\/i0.wp.com\/www.caicagliari.it\/cicloescursionismo\/wp-content\/uploads\/sites\/4\/2023\/11\/Locandina-Video-Lanzarote-2.png?fit=1024%2C621&amp;ssl=1\" \/><\/a> <a class=\"title\" href=\"https:\/\/www.caicagliari.it\/cicloescursionismo\/2023\/11\/23\/lanzarote-in-mtb-il-filmato-venerdi-15-dicembre-ore-2030\/\">Lanzarote in MTB &#8211; Il filmato &#8211; Venerd\u00ec 15 dicembre ore 20:30<\/a> <span class=\"excerpt-dash\">-<\/span> <span class=\"excerpt\">Ingresso gratuito aperto a tutti La commissione di cicloescursionismo del CAI di Cagliari organizza una serata in cui si parler\u00e0 di un recente tour in mountain bike nell\u2019isola di Lanzarote. Durante la serata ci sar\u00e0 la proiezione del docufilm che &hellip; <a href=\"https:\/\/www.caicagliari.it\/cicloescursionismo\/2023\/11\/23\/lanzarote-in-mtb-il-filmato-venerdi-15-dicembre-ore-2030\/\">Continua<\/a><\/span><\/li><li class=\"listing-item\"><a class=\"image\" href=\"https:\/\/www.caicagliari.it\/cicloescursionismo\/2023\/11\/09\/18-novembre-mtb-montiferru-sa-rocca-traessa\/\"><img loading=\"lazy\" decoding=\"async\" width=\"150\" height=\"150\" src=\"https:\/\/i0.wp.com\/www.caicagliari.it\/cicloescursionismo\/wp-content\/uploads\/sites\/4\/2023\/11\/2023_11_18-Montiferru-scaled.jpg?resize=150%2C150&amp;ssl=1\" class=\"attachment-thumbnail size-thumbnail wp-post-image\" alt=\"\" srcset=\"https:\/\/i0.wp.com\/www.caicagliari.it\/cicloescursionismo\/wp-content\/uploads\/sites\/4\/2023\/11\/2023_11_18-Montiferru-scaled.jpg?resize=150%2C150&amp;ssl=1 150w, https:\/\/i0.wp.com\/www.caicagliari.it\/cicloescursionismo\/wp-content\/uploads\/sites\/4\/2023\/11\/2023_11_18-Montiferru-scaled.jpg?zoom=2&amp;resize=150%2C150&amp;ssl=1 300w, https:\/\/i0.wp.com\/www.caicagliari.it\/cicloescursionismo\/wp-content\/uploads\/sites\/4\/2023\/11\/2023_11_18-Montiferru-scaled.jpg?zoom=3&amp;resize=150%2C150&amp;ssl=1 450w\" sizes=\"auto, (max-width: 150px) 100vw, 150px\" data-attachment-id=\"10002141\" data-permalink=\"https:\/\/www.caicagliari.it\/cicloescursionismo\/2023_11_18-montiferru\/\" data-orig-file=\"https:\/\/i0.wp.com\/www.caicagliari.it\/cicloescursionismo\/wp-content\/uploads\/sites\/4\/2023\/11\/2023_11_18-Montiferru-scaled.jpg?fit=2560%2C1920&amp;ssl=1\" data-orig-size=\"2560,1920\" data-comments-opened=\"0\" data-image-meta=\"{&quot;aperture&quot;:&quot;0&quot;,&quot;credit&quot;:&quot;&quot;,&quot;camera&quot;:&quot;&quot;,&quot;caption&quot;:&quot;&quot;,&quot;created_timestamp&quot;:&quot;0&quot;,&quot;copyright&quot;:&quot;&quot;,&quot;focal_length&quot;:&quot;0&quot;,&quot;iso&quot;:&quot;0&quot;,&quot;shutter_speed&quot;:&quot;0&quot;,&quot;title&quot;:&quot;&quot;,&quot;orientation&quot;:&quot;0&quot;}\" data-image-title=\"2023_11_18 Montiferru\" data-image-description=\"\" data-image-caption=\"\" data-medium-file=\"https:\/\/i0.wp.com\/www.caicagliari.it\/cicloescursionismo\/wp-content\/uploads\/sites\/4\/2023\/11\/2023_11_18-Montiferru-scaled.jpg?fit=300%2C225&amp;ssl=1\" data-large-file=\"https:\/\/i0.wp.com\/www.caicagliari.it\/cicloescursionismo\/wp-content\/uploads\/sites\/4\/2023\/11\/2023_11_18-Montiferru-scaled.jpg?fit=1024%2C768&amp;ssl=1\" \/><\/a> <a class=\"title\" href=\"https:\/\/www.caicagliari.it\/cicloescursionismo\/2023\/11\/09\/18-novembre-mtb-montiferru-sa-rocca-traessa\/\">18 Novembre &#8211; (MTB) &#8211; Montiferru &#8211; Sa Rocca Traessa<\/a> <span class=\"excerpt-dash\">-<\/span> <span class=\"excerpt\">13\u00b0 Cicloescursione stagionale &#8211; 18 Novembre &#8211; (MTB) &#8211; Montiferru &#8211; Sa Rocca Traessa L\u2019itinerario, che prende spunto dalla guida \u201cMountain bike nel Montiferru\u201d edita per Edizioni Segnavia, si sviluppa alle spalle di Cuglieri, nel versante nord-occidentale del Montiferru, pi\u00f9 &hellip; <a href=\"https:\/\/www.caicagliari.it\/cicloescursionismo\/2023\/11\/09\/18-novembre-mtb-montiferru-sa-rocca-traessa\/\">Continua<\/a><\/span><\/li><li class=\"listing-item\"><a class=\"image\" href=\"https:\/\/www.caicagliari.it\/cicloescursionismo\/2023\/10\/06\/14-ottobre-mtb-tonara\/\"><img loading=\"lazy\" decoding=\"async\" width=\"150\" height=\"150\" src=\"https:\/\/i0.wp.com\/www.caicagliari.it\/cicloescursionismo\/wp-content\/uploads\/sites\/4\/2023\/10\/14.10.2023_TONARA-2-Copertina.jpg?resize=150%2C150&amp;ssl=1\" class=\"attachment-thumbnail size-thumbnail wp-post-image\" alt=\"\" srcset=\"https:\/\/i0.wp.com\/www.caicagliari.it\/cicloescursionismo\/wp-content\/uploads\/sites\/4\/2023\/10\/14.10.2023_TONARA-2-Copertina.jpg?resize=150%2C150&amp;ssl=1 150w, https:\/\/i0.wp.com\/www.caicagliari.it\/cicloescursionismo\/wp-content\/uploads\/sites\/4\/2023\/10\/14.10.2023_TONARA-2-Copertina.jpg?zoom=2&amp;resize=150%2C150&amp;ssl=1 300w, https:\/\/i0.wp.com\/www.caicagliari.it\/cicloescursionismo\/wp-content\/uploads\/sites\/4\/2023\/10\/14.10.2023_TONARA-2-Copertina.jpg?zoom=3&amp;resize=150%2C150&amp;ssl=1 450w\" sizes=\"auto, (max-width: 150px) 100vw, 150px\" data-attachment-id=\"10002128\" data-permalink=\"https:\/\/www.caicagliari.it\/cicloescursionismo\/14-10-2023_tonara-2-copertina\/\" data-orig-file=\"https:\/\/i0.wp.com\/www.caicagliari.it\/cicloescursionismo\/wp-content\/uploads\/sites\/4\/2023\/10\/14.10.2023_TONARA-2-Copertina.jpg?fit=874%2C655&amp;ssl=1\" data-orig-size=\"874,655\" data-comments-opened=\"0\" data-image-meta=\"{&quot;aperture&quot;:&quot;0&quot;,&quot;credit&quot;:&quot;&quot;,&quot;camera&quot;:&quot;&quot;,&quot;caption&quot;:&quot;&quot;,&quot;created_timestamp&quot;:&quot;0&quot;,&quot;copyright&quot;:&quot;&quot;,&quot;focal_length&quot;:&quot;0&quot;,&quot;iso&quot;:&quot;0&quot;,&quot;shutter_speed&quot;:&quot;0&quot;,&quot;title&quot;:&quot;&quot;,&quot;orientation&quot;:&quot;0&quot;}\" data-image-title=\"14.10.2023_TONARA 2 Copertina\" data-image-description=\"\" data-image-caption=\"\" data-medium-file=\"https:\/\/i0.wp.com\/www.caicagliari.it\/cicloescursionismo\/wp-content\/uploads\/sites\/4\/2023\/10\/14.10.2023_TONARA-2-Copertina.jpg?fit=300%2C225&amp;ssl=1\" data-large-file=\"https:\/\/i0.wp.com\/www.caicagliari.it\/cicloescursionismo\/wp-content\/uploads\/sites\/4\/2023\/10\/14.10.2023_TONARA-2-Copertina.jpg?fit=874%2C655&amp;ssl=1\" \/><\/a> <a class=\"title\" href=\"https:\/\/www.caicagliari.it\/cicloescursionismo\/2023\/10\/06\/14-ottobre-mtb-tonara\/\">14 Ottobre &#8211; (MTB) &#8211; TONARA<\/a> <span class=\"excerpt-dash\">-<\/span> <span class=\"excerpt\">12\u00b0 Cicloescursione stagionale &#8211; 14 Ottobre &#8211; (MTB) &#8211; TONARA; Sorgenti e castagneti verso Monte Muggianeddu\u00a0 Itinerario che si sviluppa tra i 900 e i 1468 metri, nel territorio del comune di Tonara, tipico borgo montano, identificato da quattro storici &hellip; <a href=\"https:\/\/www.caicagliari.it\/cicloescursionismo\/2023\/10\/06\/14-ottobre-mtb-tonara\/\">Continua<\/a><\/span><\/li><li class=\"listing-item\"><a class=\"image\" href=\"https:\/\/www.caicagliari.it\/cicloescursionismo\/2023\/06\/05\/10-giugno-mtb-cuile-burranca\/\"><img loading=\"lazy\" decoding=\"async\" width=\"150\" height=\"150\" src=\"https:\/\/i0.wp.com\/www.caicagliari.it\/cicloescursionismo\/wp-content\/uploads\/sites\/4\/2023\/06\/2023_06_10-Cicloescursione-Burranca-scaled.jpg?resize=150%2C150&amp;ssl=1\" class=\"attachment-thumbnail size-thumbnail wp-post-image\" alt=\"\" srcset=\"https:\/\/i0.wp.com\/www.caicagliari.it\/cicloescursionismo\/wp-content\/uploads\/sites\/4\/2023\/06\/2023_06_10-Cicloescursione-Burranca-scaled.jpg?resize=150%2C150&amp;ssl=1 150w, https:\/\/i0.wp.com\/www.caicagliari.it\/cicloescursionismo\/wp-content\/uploads\/sites\/4\/2023\/06\/2023_06_10-Cicloescursione-Burranca-scaled.jpg?zoom=2&amp;resize=150%2C150&amp;ssl=1 300w, https:\/\/i0.wp.com\/www.caicagliari.it\/cicloescursionismo\/wp-content\/uploads\/sites\/4\/2023\/06\/2023_06_10-Cicloescursione-Burranca-scaled.jpg?zoom=3&amp;resize=150%2C150&amp;ssl=1 450w\" sizes=\"auto, (max-width: 150px) 100vw, 150px\" data-attachment-id=\"10002119\" data-permalink=\"https:\/\/www.caicagliari.it\/cicloescursionismo\/2023_06_10-cicloescursione-burranca-2\/\" data-orig-file=\"https:\/\/i0.wp.com\/www.caicagliari.it\/cicloescursionismo\/wp-content\/uploads\/sites\/4\/2023\/06\/2023_06_10-Cicloescursione-Burranca-scaled.jpg?fit=2560%2C1154&amp;ssl=1\" data-orig-size=\"2560,1154\" data-comments-opened=\"0\" data-image-meta=\"{&quot;aperture&quot;:&quot;0&quot;,&quot;credit&quot;:&quot;&quot;,&quot;camera&quot;:&quot;&quot;,&quot;caption&quot;:&quot;&quot;,&quot;created_timestamp&quot;:&quot;0&quot;,&quot;copyright&quot;:&quot;&quot;,&quot;focal_length&quot;:&quot;0&quot;,&quot;iso&quot;:&quot;0&quot;,&quot;shutter_speed&quot;:&quot;0&quot;,&quot;title&quot;:&quot;&quot;,&quot;orientation&quot;:&quot;0&quot;}\" data-image-title=\"2023_06_10 Cicloescursione Burranca\" data-image-description=\"\" data-image-caption=\"\" data-medium-file=\"https:\/\/i0.wp.com\/www.caicagliari.it\/cicloescursionismo\/wp-content\/uploads\/sites\/4\/2023\/06\/2023_06_10-Cicloescursione-Burranca-scaled.jpg?fit=300%2C135&amp;ssl=1\" data-large-file=\"https:\/\/i0.wp.com\/www.caicagliari.it\/cicloescursionismo\/wp-content\/uploads\/sites\/4\/2023\/06\/2023_06_10-Cicloescursione-Burranca-scaled.jpg?fit=1024%2C462&amp;ssl=1\" \/><\/a> <a class=\"title\" href=\"https:\/\/www.caicagliari.it\/cicloescursionismo\/2023\/06\/05\/10-giugno-mtb-cuile-burranca\/\">10 Giugno &#8211; (MTB) &#8211; CUILE BURRANCA<\/a> <span class=\"excerpt-dash\">-<\/span> <span class=\"excerpt\">10\u00b0 Cicloescursione stagionale &#8211; 10 Giugno &#8211; (MTB) &#8211; CUILE BURRANCA Per questa passeggiata in bici, che sar\u00e0 l&#8217;ultima prima della pausa estiva, abbiamo pensato a un giro breve vicino a Cagliari e alle sue spiagge che potranno tornarci utili &hellip; <a href=\"https:\/\/www.caicagliari.it\/cicloescursionismo\/2023\/06\/05\/10-giugno-mtb-cuile-burranca\/\">Continua<\/a><\/span><\/li><li class=\"listing-item\"><a class=\"image\" href=\"https:\/\/www.caicagliari.it\/cicloescursionismo\/2023\/05\/16\/2-3-giugno-mtb-pedalando-nel-cuore-del-supramonte\/\"><img loading=\"lazy\" decoding=\"async\" width=\"150\" height=\"150\" src=\"https:\/\/i0.wp.com\/www.caicagliari.it\/cicloescursionismo\/wp-content\/uploads\/sites\/4\/2023\/05\/2023_06_2_3-Pedalando-nel-cuore-del-Supramonte.jpg?resize=150%2C150&amp;ssl=1\" class=\"attachment-thumbnail size-thumbnail wp-post-image\" alt=\"\" srcset=\"https:\/\/i0.wp.com\/www.caicagliari.it\/cicloescursionismo\/wp-content\/uploads\/sites\/4\/2023\/05\/2023_06_2_3-Pedalando-nel-cuore-del-Supramonte.jpg?resize=150%2C150&amp;ssl=1 150w, https:\/\/i0.wp.com\/www.caicagliari.it\/cicloescursionismo\/wp-content\/uploads\/sites\/4\/2023\/05\/2023_06_2_3-Pedalando-nel-cuore-del-Supramonte.jpg?zoom=2&amp;resize=150%2C150&amp;ssl=1 300w, https:\/\/i0.wp.com\/www.caicagliari.it\/cicloescursionismo\/wp-content\/uploads\/sites\/4\/2023\/05\/2023_06_2_3-Pedalando-nel-cuore-del-Supramonte.jpg?zoom=3&amp;resize=150%2C150&amp;ssl=1 450w\" sizes=\"auto, (max-width: 150px) 100vw, 150px\" data-attachment-id=\"10002109\" data-permalink=\"https:\/\/www.caicagliari.it\/cicloescursionismo\/2023_06_2_3-pedalando-nel-cuore-del-supramonte-2\/\" data-orig-file=\"https:\/\/i0.wp.com\/www.caicagliari.it\/cicloescursionismo\/wp-content\/uploads\/sites\/4\/2023\/05\/2023_06_2_3-Pedalando-nel-cuore-del-Supramonte.jpg?fit=1473%2C1105&amp;ssl=1\" data-orig-size=\"1473,1105\" data-comments-opened=\"0\" data-image-meta=\"{&quot;aperture&quot;:&quot;0&quot;,&quot;credit&quot;:&quot;&quot;,&quot;camera&quot;:&quot;&quot;,&quot;caption&quot;:&quot;&quot;,&quot;created_timestamp&quot;:&quot;0&quot;,&quot;copyright&quot;:&quot;&quot;,&quot;focal_length&quot;:&quot;0&quot;,&quot;iso&quot;:&quot;0&quot;,&quot;shutter_speed&quot;:&quot;0&quot;,&quot;title&quot;:&quot;&quot;,&quot;orientation&quot;:&quot;0&quot;}\" data-image-title=\"2023_06_2_3 Pedalando nel cuore del Supramonte\" data-image-description=\"\" data-image-caption=\"\" data-medium-file=\"https:\/\/i0.wp.com\/www.caicagliari.it\/cicloescursionismo\/wp-content\/uploads\/sites\/4\/2023\/05\/2023_06_2_3-Pedalando-nel-cuore-del-Supramonte.jpg?fit=300%2C225&amp;ssl=1\" data-large-file=\"https:\/\/i0.wp.com\/www.caicagliari.it\/cicloescursionismo\/wp-content\/uploads\/sites\/4\/2023\/05\/2023_06_2_3-Pedalando-nel-cuore-del-Supramonte.jpg?fit=1024%2C768&amp;ssl=1\" \/><\/a> <a class=\"title\" href=\"https:\/\/www.caicagliari.it\/cicloescursionismo\/2023\/05\/16\/2-3-giugno-mtb-pedalando-nel-cuore-del-supramonte\/\">2-3 Giugno &#8211; (MTB) &#8211; Pedalando nel cuore del Supramonte<\/a> <span class=\"excerpt-dash\">-<\/span> <span class=\"excerpt\">9\u00b0 Cicloescursione stagionale &#8211; 2-3 Giugno &#8211; (MTB) &#8211; Pedalando nel cuore del Supramonte Il Supramonte \u00e8 un vasto complesso montuoso calcareo-dolomitico sito nella parte centro-orientale della Sardegna, che, con un\u2019estensione di circa 350 km2, ricomprende gran parte del territorio &hellip; <a href=\"https:\/\/www.caicagliari.it\/cicloescursionismo\/2023\/05\/16\/2-3-giugno-mtb-pedalando-nel-cuore-del-supramonte\/\">Continua<\/a><\/span><\/li><li class=\"listing-item\"><a class=\"image\" href=\"https:\/\/www.caicagliari.it\/cicloescursionismo\/2023\/05\/07\/13-maggio-mtb-sadali-esterzili\/\"><img loading=\"lazy\" decoding=\"async\" width=\"150\" height=\"150\" src=\"https:\/\/i0.wp.com\/www.caicagliari.it\/cicloescursionismo\/wp-content\/uploads\/sites\/4\/2023\/05\/2023_05_13-Esterzili.png?resize=150%2C150&amp;ssl=1\" class=\"attachment-thumbnail size-thumbnail wp-post-image\" alt=\"\" srcset=\"https:\/\/i0.wp.com\/www.caicagliari.it\/cicloescursionismo\/wp-content\/uploads\/sites\/4\/2023\/05\/2023_05_13-Esterzili.png?resize=150%2C150&amp;ssl=1 150w, https:\/\/i0.wp.com\/www.caicagliari.it\/cicloescursionismo\/wp-content\/uploads\/sites\/4\/2023\/05\/2023_05_13-Esterzili.png?zoom=2&amp;resize=150%2C150&amp;ssl=1 300w, https:\/\/i0.wp.com\/www.caicagliari.it\/cicloescursionismo\/wp-content\/uploads\/sites\/4\/2023\/05\/2023_05_13-Esterzili.png?zoom=3&amp;resize=150%2C150&amp;ssl=1 450w\" sizes=\"auto, (max-width: 150px) 100vw, 150px\" data-attachment-id=\"10002095\" data-permalink=\"https:\/\/www.caicagliari.it\/cicloescursionismo\/2023_05_13-esterzili\/\" data-orig-file=\"https:\/\/i0.wp.com\/www.caicagliari.it\/cicloescursionismo\/wp-content\/uploads\/sites\/4\/2023\/05\/2023_05_13-Esterzili.png?fit=2048%2C981&amp;ssl=1\" data-orig-size=\"2048,981\" data-comments-opened=\"0\" data-image-meta=\"{&quot;aperture&quot;:&quot;0&quot;,&quot;credit&quot;:&quot;&quot;,&quot;camera&quot;:&quot;&quot;,&quot;caption&quot;:&quot;&quot;,&quot;created_timestamp&quot;:&quot;0&quot;,&quot;copyright&quot;:&quot;&quot;,&quot;focal_length&quot;:&quot;0&quot;,&quot;iso&quot;:&quot;0&quot;,&quot;shutter_speed&quot;:&quot;0&quot;,&quot;title&quot;:&quot;&quot;,&quot;orientation&quot;:&quot;0&quot;}\" data-image-title=\"2023_05_13 Esterzili\" data-image-description=\"\" data-image-caption=\"\" data-medium-file=\"https:\/\/i0.wp.com\/www.caicagliari.it\/cicloescursionismo\/wp-content\/uploads\/sites\/4\/2023\/05\/2023_05_13-Esterzili.png?fit=300%2C144&amp;ssl=1\" data-large-file=\"https:\/\/i0.wp.com\/www.caicagliari.it\/cicloescursionismo\/wp-content\/uploads\/sites\/4\/2023\/05\/2023_05_13-Esterzili.png?fit=1024%2C491&amp;ssl=1\" \/><\/a> <a class=\"title\" href=\"https:\/\/www.caicagliari.it\/cicloescursionismo\/2023\/05\/07\/13-maggio-mtb-sadali-esterzili\/\">13 Maggio &#8211; (MTB) &#8211; Sadali\u2013 Esterzili<\/a> <span class=\"excerpt-dash\">-<\/span> <span class=\"excerpt\">8\u00b0 Cicloescursione stagionale &#8211; 13 Maggio &#8211; (MTB) &#8211;\u00a0Sadali\u2013 Esterzili La cicloescursione, che si svolge nel territorio della Barbagia di Seulo, ci porter\u00e0 a pedalare fra le montagne e i centri storici di Sadali e Esterzili. &nbsp; &#8211; Lunghezza: 35 &hellip; <a href=\"https:\/\/www.caicagliari.it\/cicloescursionismo\/2023\/05\/07\/13-maggio-mtb-sadali-esterzili\/\">Continua<\/a><\/span><\/li><li class=\"listing-item\"><a class=\"image\" href=\"https:\/\/www.caicagliari.it\/cicloescursionismo\/2023\/04\/30\/6-maggio-mtb-macomer-e-il-monte-di-santantonio\/\"><img loading=\"lazy\" decoding=\"async\" width=\"150\" height=\"150\" src=\"https:\/\/i0.wp.com\/www.caicagliari.it\/cicloescursionismo\/wp-content\/uploads\/sites\/4\/2023\/04\/2023_05_06-Macomer.jpg?resize=150%2C150&amp;ssl=1\" class=\"attachment-thumbnail size-thumbnail wp-post-image\" alt=\"\" srcset=\"https:\/\/i0.wp.com\/www.caicagliari.it\/cicloescursionismo\/wp-content\/uploads\/sites\/4\/2023\/04\/2023_05_06-Macomer.jpg?resize=150%2C150&amp;ssl=1 150w, https:\/\/i0.wp.com\/www.caicagliari.it\/cicloescursionismo\/wp-content\/uploads\/sites\/4\/2023\/04\/2023_05_06-Macomer.jpg?zoom=2&amp;resize=150%2C150&amp;ssl=1 300w, https:\/\/i0.wp.com\/www.caicagliari.it\/cicloescursionismo\/wp-content\/uploads\/sites\/4\/2023\/04\/2023_05_06-Macomer.jpg?zoom=3&amp;resize=150%2C150&amp;ssl=1 450w\" sizes=\"auto, (max-width: 150px) 100vw, 150px\" data-attachment-id=\"10002089\" data-permalink=\"https:\/\/www.caicagliari.it\/cicloescursionismo\/2023_05_06-macomer\/\" data-orig-file=\"https:\/\/i0.wp.com\/www.caicagliari.it\/cicloescursionismo\/wp-content\/uploads\/sites\/4\/2023\/04\/2023_05_06-Macomer.jpg?fit=1645%2C771&amp;ssl=1\" data-orig-size=\"1645,771\" data-comments-opened=\"0\" data-image-meta=\"{&quot;aperture&quot;:&quot;0&quot;,&quot;credit&quot;:&quot;&quot;,&quot;camera&quot;:&quot;&quot;,&quot;caption&quot;:&quot;&quot;,&quot;created_timestamp&quot;:&quot;0&quot;,&quot;copyright&quot;:&quot;&quot;,&quot;focal_length&quot;:&quot;0&quot;,&quot;iso&quot;:&quot;0&quot;,&quot;shutter_speed&quot;:&quot;0&quot;,&quot;title&quot;:&quot;&quot;,&quot;orientation&quot;:&quot;0&quot;}\" data-image-title=\"2023_05_06 Macomer\" data-image-description=\"\" data-image-caption=\"\" data-medium-file=\"https:\/\/i0.wp.com\/www.caicagliari.it\/cicloescursionismo\/wp-content\/uploads\/sites\/4\/2023\/04\/2023_05_06-Macomer.jpg?fit=300%2C141&amp;ssl=1\" data-large-file=\"https:\/\/i0.wp.com\/www.caicagliari.it\/cicloescursionismo\/wp-content\/uploads\/sites\/4\/2023\/04\/2023_05_06-Macomer.jpg?fit=1024%2C480&amp;ssl=1\" \/><\/a> <a class=\"title\" href=\"https:\/\/www.caicagliari.it\/cicloescursionismo\/2023\/04\/30\/6-maggio-mtb-macomer-e-il-monte-di-santantonio\/\">6 Maggio &#8211; (MTB) &#8211; Macomer e il Monte di Sant\u2019Antonio<\/a> <span class=\"excerpt-dash\">-<\/span> <span class=\"excerpt\">7\u00b0 Cicloescursione stagionale &#8211; 6 Maggio &#8211; (MTB) &#8211; Macomer e il Monte di Sant\u2019Antonio La settima escursione dell\u2019anno ci porta in territorio di Macomer, capoluogo del Marghine, noto soprattutto per un importante evento mondano tenutosi nell\u2019agosto del 2020. &#8211; &hellip; <a href=\"https:\/\/www.caicagliari.it\/cicloescursionismo\/2023\/04\/30\/6-maggio-mtb-macomer-e-il-monte-di-santantonio\/\">Continua<\/a><\/span><\/li><li class=\"listing-item\"><a class=\"image\" href=\"https:\/\/www.caicagliari.it\/cicloescursionismo\/2023\/03\/31\/8-aprile-mtb-orroli-nurri-attraverso-il-lago-basso-del-flumendosa\/\"><img loading=\"lazy\" decoding=\"async\" width=\"150\" height=\"150\" src=\"https:\/\/i0.wp.com\/www.caicagliari.it\/cicloescursionismo\/wp-content\/uploads\/sites\/4\/2023\/03\/2023_04_08-Cicloescursione-Orroli.jpg?resize=150%2C150&amp;ssl=1\" class=\"attachment-thumbnail size-thumbnail wp-post-image\" alt=\"\" srcset=\"https:\/\/i0.wp.com\/www.caicagliari.it\/cicloescursionismo\/wp-content\/uploads\/sites\/4\/2023\/03\/2023_04_08-Cicloescursione-Orroli.jpg?resize=150%2C150&amp;ssl=1 150w, https:\/\/i0.wp.com\/www.caicagliari.it\/cicloescursionismo\/wp-content\/uploads\/sites\/4\/2023\/03\/2023_04_08-Cicloescursione-Orroli.jpg?zoom=2&amp;resize=150%2C150&amp;ssl=1 300w, https:\/\/i0.wp.com\/www.caicagliari.it\/cicloescursionismo\/wp-content\/uploads\/sites\/4\/2023\/03\/2023_04_08-Cicloescursione-Orroli.jpg?zoom=3&amp;resize=150%2C150&amp;ssl=1 450w\" sizes=\"auto, (max-width: 150px) 100vw, 150px\" data-attachment-id=\"10002078\" data-permalink=\"https:\/\/www.caicagliari.it\/cicloescursionismo\/2023_04_08-cicloescursione-orroli\/\" data-orig-file=\"https:\/\/i0.wp.com\/www.caicagliari.it\/cicloescursionismo\/wp-content\/uploads\/sites\/4\/2023\/03\/2023_04_08-Cicloescursione-Orroli.jpg?fit=1790%2C857&amp;ssl=1\" data-orig-size=\"1790,857\" data-comments-opened=\"0\" data-image-meta=\"{&quot;aperture&quot;:&quot;0&quot;,&quot;credit&quot;:&quot;&quot;,&quot;camera&quot;:&quot;&quot;,&quot;caption&quot;:&quot;&quot;,&quot;created_timestamp&quot;:&quot;0&quot;,&quot;copyright&quot;:&quot;&quot;,&quot;focal_length&quot;:&quot;0&quot;,&quot;iso&quot;:&quot;0&quot;,&quot;shutter_speed&quot;:&quot;0&quot;,&quot;title&quot;:&quot;&quot;,&quot;orientation&quot;:&quot;0&quot;}\" data-image-title=\"2023_04_08 Cicloescursione Orroli\" data-image-description=\"\" data-image-caption=\"\" data-medium-file=\"https:\/\/i0.wp.com\/www.caicagliari.it\/cicloescursionismo\/wp-content\/uploads\/sites\/4\/2023\/03\/2023_04_08-Cicloescursione-Orroli.jpg?fit=300%2C144&amp;ssl=1\" data-large-file=\"https:\/\/i0.wp.com\/www.caicagliari.it\/cicloescursionismo\/wp-content\/uploads\/sites\/4\/2023\/03\/2023_04_08-Cicloescursione-Orroli.jpg?fit=1024%2C490&amp;ssl=1\" \/><\/a> <a class=\"title\" href=\"https:\/\/www.caicagliari.it\/cicloescursionismo\/2023\/03\/31\/8-aprile-mtb-orroli-nurri-attraverso-il-lago-basso-del-flumendosa\/\">8 Aprile &#8211; (MTB) &#8211; Orroli Nurri attraverso il lago basso del Flumendosa<\/a> <span class=\"excerpt-dash\">-<\/span> <span class=\"excerpt\">5\u00b0 Cicloescursione stagionale &#8211; 8 Aprile &#8211; (MTB) &#8211; Orroli Nurri attraverso il lago basso del Flumendosa Per questa interessante passeggiata in bici, ci sposteremo questa volta nel territorio del Sarcidano, sub-regione della Sardegna caratterizzata da un altopiano che si &hellip; <a href=\"https:\/\/www.caicagliari.it\/cicloescursionismo\/2023\/03\/31\/8-aprile-mtb-orroli-nurri-attraverso-il-lago-basso-del-flumendosa\/\">Continua<\/a><\/span><\/li><li class=\"listing-item\"><a class=\"image\" href=\"https:\/\/www.caicagliari.it\/cicloescursionismo\/2023\/03\/02\/11_3_2023_is-pauceris\/\"><img loading=\"lazy\" decoding=\"async\" width=\"150\" height=\"150\" src=\"https:\/\/i0.wp.com\/www.caicagliari.it\/cicloescursionismo\/wp-content\/uploads\/sites\/4\/2023\/03\/2023_03_11-Da-Is-Pauceris-a-M.Nieddu.jpg?resize=150%2C150&amp;ssl=1\" class=\"attachment-thumbnail size-thumbnail wp-post-image\" alt=\"\" srcset=\"https:\/\/i0.wp.com\/www.caicagliari.it\/cicloescursionismo\/wp-content\/uploads\/sites\/4\/2023\/03\/2023_03_11-Da-Is-Pauceris-a-M.Nieddu.jpg?resize=150%2C150&amp;ssl=1 150w, https:\/\/i0.wp.com\/www.caicagliari.it\/cicloescursionismo\/wp-content\/uploads\/sites\/4\/2023\/03\/2023_03_11-Da-Is-Pauceris-a-M.Nieddu.jpg?zoom=2&amp;resize=150%2C150&amp;ssl=1 300w, https:\/\/i0.wp.com\/www.caicagliari.it\/cicloescursionismo\/wp-content\/uploads\/sites\/4\/2023\/03\/2023_03_11-Da-Is-Pauceris-a-M.Nieddu.jpg?zoom=3&amp;resize=150%2C150&amp;ssl=1 450w\" sizes=\"auto, (max-width: 150px) 100vw, 150px\" data-attachment-id=\"10002071\" data-permalink=\"https:\/\/www.caicagliari.it\/cicloescursionismo\/2023_03_11-da-is-pauceris-a-m-nieddu\/\" data-orig-file=\"https:\/\/i0.wp.com\/www.caicagliari.it\/cicloescursionismo\/wp-content\/uploads\/sites\/4\/2023\/03\/2023_03_11-Da-Is-Pauceris-a-M.Nieddu.jpg?fit=1409%2C906&amp;ssl=1\" data-orig-size=\"1409,906\" data-comments-opened=\"0\" data-image-meta=\"{&quot;aperture&quot;:&quot;0&quot;,&quot;credit&quot;:&quot;&quot;,&quot;camera&quot;:&quot;&quot;,&quot;caption&quot;:&quot;&quot;,&quot;created_timestamp&quot;:&quot;0&quot;,&quot;copyright&quot;:&quot;&quot;,&quot;focal_length&quot;:&quot;0&quot;,&quot;iso&quot;:&quot;0&quot;,&quot;shutter_speed&quot;:&quot;0&quot;,&quot;title&quot;:&quot;&quot;,&quot;orientation&quot;:&quot;0&quot;}\" data-image-title=\"2023_03_11 Da Is Pauceris a M.Nieddu\" data-image-description=\"\" data-image-caption=\"\" data-medium-file=\"https:\/\/i0.wp.com\/www.caicagliari.it\/cicloescursionismo\/wp-content\/uploads\/sites\/4\/2023\/03\/2023_03_11-Da-Is-Pauceris-a-M.Nieddu.jpg?fit=300%2C193&amp;ssl=1\" data-large-file=\"https:\/\/i0.wp.com\/www.caicagliari.it\/cicloescursionismo\/wp-content\/uploads\/sites\/4\/2023\/03\/2023_03_11-Da-Is-Pauceris-a-M.Nieddu.jpg?fit=1024%2C658&amp;ssl=1\" \/><\/a> <a class=\"title\" href=\"https:\/\/www.caicagliari.it\/cicloescursionismo\/2023\/03\/02\/11_3_2023_is-pauceris\/\">11 Marzo &#8211; (MTB) &#8211; Da Is Pauceris a M.Nieddu attraverso il Rio Capeddu<\/a> <span class=\"excerpt-dash\">-<\/span> <span class=\"excerpt\">4\u00b0 Cicloescursione stagionale &#8211; 11 Marzo &#8211; (MTB) &#8211; Da Is Pauceris a M.Nieddu attraverso il Rio Capeddu Sterrate e sentieri nella pi\u00f9 grande foresta del mediterraneo. &#8211; Lunghezza: 24 Km\u00a0 &#8211; Dislivello: 900 metri &#8211; Impegno fisico: medio-alto &#8211; &hellip; <a href=\"https:\/\/www.caicagliari.it\/cicloescursionismo\/2023\/03\/02\/11_3_2023_is-pauceris\/\">Continua<\/a><\/span><\/li><li class=\"listing-item\"><a class=\"image\" href=\"https:\/\/www.caicagliari.it\/cicloescursionismo\/2023\/01\/30\/18-febbraio-mtb-il-marganai-e-laltopiano-di-oridda\/\"><img loading=\"lazy\" decoding=\"async\" width=\"150\" height=\"150\" src=\"https:\/\/i0.wp.com\/www.caicagliari.it\/cicloescursionismo\/wp-content\/uploads\/sites\/4\/2023\/01\/2023_02_18-Marganai-scaled.jpg?resize=150%2C150&amp;ssl=1\" class=\"attachment-thumbnail size-thumbnail wp-post-image\" alt=\"\" srcset=\"https:\/\/i0.wp.com\/www.caicagliari.it\/cicloescursionismo\/wp-content\/uploads\/sites\/4\/2023\/01\/2023_02_18-Marganai-scaled.jpg?resize=150%2C150&amp;ssl=1 150w, https:\/\/i0.wp.com\/www.caicagliari.it\/cicloescursionismo\/wp-content\/uploads\/sites\/4\/2023\/01\/2023_02_18-Marganai-scaled.jpg?zoom=2&amp;resize=150%2C150&amp;ssl=1 300w, https:\/\/i0.wp.com\/www.caicagliari.it\/cicloescursionismo\/wp-content\/uploads\/sites\/4\/2023\/01\/2023_02_18-Marganai-scaled.jpg?zoom=3&amp;resize=150%2C150&amp;ssl=1 450w\" sizes=\"auto, (max-width: 150px) 100vw, 150px\" data-attachment-id=\"10002064\" data-permalink=\"https:\/\/www.caicagliari.it\/cicloescursionismo\/2023_02_18-marganai\/\" data-orig-file=\"https:\/\/i0.wp.com\/www.caicagliari.it\/cicloescursionismo\/wp-content\/uploads\/sites\/4\/2023\/01\/2023_02_18-Marganai-scaled.jpg?fit=2560%2C1920&amp;ssl=1\" data-orig-size=\"2560,1920\" data-comments-opened=\"0\" data-image-meta=\"{&quot;aperture&quot;:&quot;0&quot;,&quot;credit&quot;:&quot;&quot;,&quot;camera&quot;:&quot;&quot;,&quot;caption&quot;:&quot;&quot;,&quot;created_timestamp&quot;:&quot;0&quot;,&quot;copyright&quot;:&quot;&quot;,&quot;focal_length&quot;:&quot;0&quot;,&quot;iso&quot;:&quot;0&quot;,&quot;shutter_speed&quot;:&quot;0&quot;,&quot;title&quot;:&quot;&quot;,&quot;orientation&quot;:&quot;0&quot;}\" data-image-title=\"2023_02_18 Marganai\" data-image-description=\"\" data-image-caption=\"\" data-medium-file=\"https:\/\/i0.wp.com\/www.caicagliari.it\/cicloescursionismo\/wp-content\/uploads\/sites\/4\/2023\/01\/2023_02_18-Marganai-scaled.jpg?fit=300%2C225&amp;ssl=1\" data-large-file=\"https:\/\/i0.wp.com\/www.caicagliari.it\/cicloescursionismo\/wp-content\/uploads\/sites\/4\/2023\/01\/2023_02_18-Marganai-scaled.jpg?fit=1024%2C768&amp;ssl=1\" \/><\/a> <a class=\"title\" href=\"https:\/\/www.caicagliari.it\/cicloescursionismo\/2023\/01\/30\/18-febbraio-mtb-il-marganai-e-laltopiano-di-oridda\/\">18 Febbraio &#8211; (MTB) &#8211; Il Marganai e l\u2019altopiano di Oridda<\/a> <span class=\"excerpt-dash\">-<\/span> <span class=\"excerpt\">3\u00b0 Cicloescursione stagionale &#8211; 18 Febbraio &#8211; (MTB) &#8211; Il Marganai e l\u2019altopiano di Oridda Itinerario ispirato da quelli contenuti nella guida \u201cMountain bike nel Marganai\u201d, Edizioni Segnavia. L&#8217;escursione tocca alcuni dei siti minerari pi\u00f9 importanti del Marganai, complesso montuoso &hellip; <a href=\"https:\/\/www.caicagliari.it\/cicloescursionismo\/2023\/01\/30\/18-febbraio-mtb-il-marganai-e-laltopiano-di-oridda\/\">Continua<\/a><\/span><\/li><li class=\"listing-item\"><a class=\"image\" href=\"https:\/\/www.caicagliari.it\/cicloescursionismo\/2023\/01\/06\/14-gennaio-mtb-pedalando-per-francesco\/\"><img loading=\"lazy\" decoding=\"async\" width=\"150\" height=\"150\" src=\"https:\/\/i0.wp.com\/www.caicagliari.it\/cicloescursionismo\/wp-content\/uploads\/sites\/4\/2023\/01\/2023_01_14-Giro-Francesco-scaled.jpg?resize=150%2C150&amp;ssl=1\" class=\"attachment-thumbnail size-thumbnail wp-post-image\" alt=\"\" srcset=\"https:\/\/i0.wp.com\/www.caicagliari.it\/cicloescursionismo\/wp-content\/uploads\/sites\/4\/2023\/01\/2023_01_14-Giro-Francesco-scaled.jpg?resize=150%2C150&amp;ssl=1 150w, https:\/\/i0.wp.com\/www.caicagliari.it\/cicloescursionismo\/wp-content\/uploads\/sites\/4\/2023\/01\/2023_01_14-Giro-Francesco-scaled.jpg?zoom=2&amp;resize=150%2C150&amp;ssl=1 300w, https:\/\/i0.wp.com\/www.caicagliari.it\/cicloescursionismo\/wp-content\/uploads\/sites\/4\/2023\/01\/2023_01_14-Giro-Francesco-scaled.jpg?zoom=3&amp;resize=150%2C150&amp;ssl=1 450w\" sizes=\"auto, (max-width: 150px) 100vw, 150px\" data-attachment-id=\"10002055\" data-permalink=\"https:\/\/www.caicagliari.it\/cicloescursionismo\/2023_01_14-giro-francesco\/\" data-orig-file=\"https:\/\/i0.wp.com\/www.caicagliari.it\/cicloescursionismo\/wp-content\/uploads\/sites\/4\/2023\/01\/2023_01_14-Giro-Francesco-scaled.jpg?fit=2560%2C1920&amp;ssl=1\" data-orig-size=\"2560,1920\" data-comments-opened=\"0\" data-image-meta=\"{&quot;aperture&quot;:&quot;4.1&quot;,&quot;credit&quot;:&quot;&quot;,&quot;camera&quot;:&quot;COOLPIX AW130&quot;,&quot;caption&quot;:&quot;&quot;,&quot;created_timestamp&quot;:&quot;1582380978&quot;,&quot;copyright&quot;:&quot;&quot;,&quot;focal_length&quot;:&quot;4.3&quot;,&quot;iso&quot;:&quot;125&quot;,&quot;shutter_speed&quot;:&quot;0.0008&quot;,&quot;title&quot;:&quot;&quot;,&quot;orientation&quot;:&quot;1&quot;}\" data-image-title=\"2023_01_14 Giro Francesco\" data-image-description=\"\" data-image-caption=\"\" data-medium-file=\"https:\/\/i0.wp.com\/www.caicagliari.it\/cicloescursionismo\/wp-content\/uploads\/sites\/4\/2023\/01\/2023_01_14-Giro-Francesco-scaled.jpg?fit=300%2C225&amp;ssl=1\" data-large-file=\"https:\/\/i0.wp.com\/www.caicagliari.it\/cicloescursionismo\/wp-content\/uploads\/sites\/4\/2023\/01\/2023_01_14-Giro-Francesco-scaled.jpg?fit=1024%2C768&amp;ssl=1\" \/><\/a> <a class=\"title\" href=\"https:\/\/www.caicagliari.it\/cicloescursionismo\/2023\/01\/06\/14-gennaio-mtb-pedalando-per-francesco\/\">14 Gennaio &#8211; (MTB) &#8211; Pedalando per Francesco<\/a> <span class=\"excerpt-dash\">-<\/span> <span class=\"excerpt\">2\u00b0 Cicloescursione stagionale &#8211; 14 Gennaio &#8211; (MTB) &#8211; Pedalando per Francesco \u00c8 passato un anno dalla sua inaspettata scomparsa, ma Francesco Rossino \u00e8 rimasto vivo nei nostri cuori e ci piace ricordarlo dedicando a lui questa cicloescursione. Il percorso &hellip; <a href=\"https:\/\/www.caicagliari.it\/cicloescursionismo\/2023\/01\/06\/14-gennaio-mtb-pedalando-per-francesco\/\">Continua<\/a><\/span><\/li><li class=\"listing-item\"><a class=\"image\" href=\"https:\/\/www.caicagliari.it\/cicloescursionismo\/2023\/01\/01\/7-gennaio-mtb-pedalando-nei-dintorni-di-iglesias\/\"><img loading=\"lazy\" decoding=\"async\" width=\"150\" height=\"150\" src=\"https:\/\/i0.wp.com\/www.caicagliari.it\/cicloescursionismo\/wp-content\/uploads\/sites\/4\/2023\/01\/2023_01_07-Cicloescursione-Iglesias.jpg?resize=150%2C150&amp;ssl=1\" class=\"attachment-thumbnail size-thumbnail wp-post-image\" alt=\"\" srcset=\"https:\/\/i0.wp.com\/www.caicagliari.it\/cicloescursionismo\/wp-content\/uploads\/sites\/4\/2023\/01\/2023_01_07-Cicloescursione-Iglesias.jpg?resize=150%2C150&amp;ssl=1 150w, https:\/\/i0.wp.com\/www.caicagliari.it\/cicloescursionismo\/wp-content\/uploads\/sites\/4\/2023\/01\/2023_01_07-Cicloescursione-Iglesias.jpg?zoom=2&amp;resize=150%2C150&amp;ssl=1 300w, https:\/\/i0.wp.com\/www.caicagliari.it\/cicloescursionismo\/wp-content\/uploads\/sites\/4\/2023\/01\/2023_01_07-Cicloescursione-Iglesias.jpg?zoom=3&amp;resize=150%2C150&amp;ssl=1 450w\" sizes=\"auto, (max-width: 150px) 100vw, 150px\" data-attachment-id=\"10002050\" data-permalink=\"https:\/\/www.caicagliari.it\/cicloescursionismo\/cicloescursioni\/2023_01_07-cicloescursione-iglesias\/\" data-orig-file=\"https:\/\/i0.wp.com\/www.caicagliari.it\/cicloescursionismo\/wp-content\/uploads\/sites\/4\/2023\/01\/2023_01_07-Cicloescursione-Iglesias.jpg?fit=1732%2C860&amp;ssl=1\" data-orig-size=\"1732,860\" data-comments-opened=\"0\" data-image-meta=\"{&quot;aperture&quot;:&quot;0&quot;,&quot;credit&quot;:&quot;&quot;,&quot;camera&quot;:&quot;&quot;,&quot;caption&quot;:&quot;&quot;,&quot;created_timestamp&quot;:&quot;0&quot;,&quot;copyright&quot;:&quot;&quot;,&quot;focal_length&quot;:&quot;0&quot;,&quot;iso&quot;:&quot;0&quot;,&quot;shutter_speed&quot;:&quot;0&quot;,&quot;title&quot;:&quot;&quot;,&quot;orientation&quot;:&quot;0&quot;}\" data-image-title=\"2023_01_07 Cicloescursione Iglesias\" data-image-description=\"\" data-image-caption=\"\" data-medium-file=\"https:\/\/i0.wp.com\/www.caicagliari.it\/cicloescursionismo\/wp-content\/uploads\/sites\/4\/2023\/01\/2023_01_07-Cicloescursione-Iglesias.jpg?fit=300%2C149&amp;ssl=1\" data-large-file=\"https:\/\/i0.wp.com\/www.caicagliari.it\/cicloescursionismo\/wp-content\/uploads\/sites\/4\/2023\/01\/2023_01_07-Cicloescursione-Iglesias.jpg?fit=1024%2C508&amp;ssl=1\" \/><\/a> <a class=\"title\" href=\"https:\/\/www.caicagliari.it\/cicloescursionismo\/2023\/01\/01\/7-gennaio-mtb-pedalando-nei-dintorni-di-iglesias\/\">7 Gennaio &#8211; (MTB) &#8211; Pedalando nei dintorni di Iglesias<\/a> <span class=\"excerpt-dash\">-<\/span> <span class=\"excerpt\">1\u00b0 Cicloescursione stagionale &#8211; 7 Gennaio &#8211; (MTB) &#8211; Pedalando nei dintorni di Iglesias Augurando a tutti un buon inizio anno, inizieremo a pedalare questo 2023 presso l&#8217;ex Mattatoio della citt\u00e0 di Iglesias, famosa soprattutto per il suo immenso bacino &hellip; <a href=\"https:\/\/www.caicagliari.it\/cicloescursionismo\/2023\/01\/01\/7-gennaio-mtb-pedalando-nei-dintorni-di-iglesias\/\">Continua<\/a><\/span><\/li><li class=\"listing-item\"><a class=\"image\" href=\"https:\/\/www.caicagliari.it\/cicloescursionismo\/2022\/11\/25\/3-dicembre-mtb-da-santa-cristina-a-santagostino\/\"><img loading=\"lazy\" decoding=\"async\" width=\"150\" height=\"150\" src=\"https:\/\/i0.wp.com\/www.caicagliari.it\/cicloescursionismo\/wp-content\/uploads\/sites\/4\/2022\/11\/2022_12_03-Descrizione-Paulilatino.jpg?resize=150%2C150&amp;ssl=1\" class=\"attachment-thumbnail size-thumbnail wp-post-image\" alt=\"\" srcset=\"https:\/\/i0.wp.com\/www.caicagliari.it\/cicloescursionismo\/wp-content\/uploads\/sites\/4\/2022\/11\/2022_12_03-Descrizione-Paulilatino.jpg?resize=150%2C150&amp;ssl=1 150w, https:\/\/i0.wp.com\/www.caicagliari.it\/cicloescursionismo\/wp-content\/uploads\/sites\/4\/2022\/11\/2022_12_03-Descrizione-Paulilatino.jpg?zoom=2&amp;resize=150%2C150&amp;ssl=1 300w, https:\/\/i0.wp.com\/www.caicagliari.it\/cicloescursionismo\/wp-content\/uploads\/sites\/4\/2022\/11\/2022_12_03-Descrizione-Paulilatino.jpg?zoom=3&amp;resize=150%2C150&amp;ssl=1 450w\" sizes=\"auto, (max-width: 150px) 100vw, 150px\" data-attachment-id=\"10002038\" data-permalink=\"https:\/\/www.caicagliari.it\/cicloescursionismo\/2022_12_03-descrizione-paulilatino\/\" data-orig-file=\"https:\/\/i0.wp.com\/www.caicagliari.it\/cicloescursionismo\/wp-content\/uploads\/sites\/4\/2022\/11\/2022_12_03-Descrizione-Paulilatino.jpg?fit=2048%2C1365&amp;ssl=1\" data-orig-size=\"2048,1365\" data-comments-opened=\"0\" data-image-meta=\"{&quot;aperture&quot;:&quot;0&quot;,&quot;credit&quot;:&quot;&quot;,&quot;camera&quot;:&quot;&quot;,&quot;caption&quot;:&quot;&quot;,&quot;created_timestamp&quot;:&quot;0&quot;,&quot;copyright&quot;:&quot;&quot;,&quot;focal_length&quot;:&quot;0&quot;,&quot;iso&quot;:&quot;0&quot;,&quot;shutter_speed&quot;:&quot;0&quot;,&quot;title&quot;:&quot;&quot;,&quot;orientation&quot;:&quot;0&quot;}\" data-image-title=\"2022_12_03 Descrizione Paulilatino\" data-image-description=\"\" data-image-caption=\"\" data-medium-file=\"https:\/\/i0.wp.com\/www.caicagliari.it\/cicloescursionismo\/wp-content\/uploads\/sites\/4\/2022\/11\/2022_12_03-Descrizione-Paulilatino.jpg?fit=300%2C200&amp;ssl=1\" data-large-file=\"https:\/\/i0.wp.com\/www.caicagliari.it\/cicloescursionismo\/wp-content\/uploads\/sites\/4\/2022\/11\/2022_12_03-Descrizione-Paulilatino.jpg?fit=1024%2C683&amp;ssl=1\" \/><\/a> <a class=\"title\" href=\"https:\/\/www.caicagliari.it\/cicloescursionismo\/2022\/11\/25\/3-dicembre-mtb-da-santa-cristina-a-santagostino\/\">3 Dicembre &#8211; (MTB) &#8211; Da Santa Cristina a Sant\u2019Agostino<\/a> <span class=\"excerpt-dash\">-<\/span> <span class=\"excerpt\">17\u00b0 Cicloescursione stagionale &#8211; 3 Dicembre &#8211; (MTB) &#8211; Da Santa Cristina a Sant\u2019Agostino La 17^ \u00a0cicloescursione dell\u2019anno \u00e8 stata ispirata da uno dei tanti itinerari pubblicati nel libro del socio CAI Antonio Cocco \u201cMountain Bike nel Montiferru\u201d, che rende &hellip; <a href=\"https:\/\/www.caicagliari.it\/cicloescursionismo\/2022\/11\/25\/3-dicembre-mtb-da-santa-cristina-a-santagostino\/\">Continua<\/a><\/span><\/li><li class=\"listing-item\"><a class=\"image\" href=\"https:\/\/www.caicagliari.it\/cicloescursionismo\/2022\/11\/16\/bortigali\/\"><img loading=\"lazy\" decoding=\"async\" width=\"150\" height=\"150\" src=\"https:\/\/i0.wp.com\/www.caicagliari.it\/cicloescursionismo\/wp-content\/uploads\/sites\/4\/2022\/11\/2022_11_26-Bortigali.jpg?resize=150%2C150&amp;ssl=1\" class=\"attachment-thumbnail size-thumbnail wp-post-image\" alt=\"\" srcset=\"https:\/\/i0.wp.com\/www.caicagliari.it\/cicloescursionismo\/wp-content\/uploads\/sites\/4\/2022\/11\/2022_11_26-Bortigali.jpg?resize=150%2C150&amp;ssl=1 150w, https:\/\/i0.wp.com\/www.caicagliari.it\/cicloescursionismo\/wp-content\/uploads\/sites\/4\/2022\/11\/2022_11_26-Bortigali.jpg?zoom=2&amp;resize=150%2C150&amp;ssl=1 300w, https:\/\/i0.wp.com\/www.caicagliari.it\/cicloescursionismo\/wp-content\/uploads\/sites\/4\/2022\/11\/2022_11_26-Bortigali.jpg?zoom=3&amp;resize=150%2C150&amp;ssl=1 450w\" sizes=\"auto, (max-width: 150px) 100vw, 150px\" data-attachment-id=\"10002024\" data-permalink=\"https:\/\/www.caicagliari.it\/cicloescursionismo\/2022_11_26-bortigali\/\" data-orig-file=\"https:\/\/i0.wp.com\/www.caicagliari.it\/cicloescursionismo\/wp-content\/uploads\/sites\/4\/2022\/11\/2022_11_26-Bortigali.jpg?fit=1465%2C668&amp;ssl=1\" data-orig-size=\"1465,668\" data-comments-opened=\"0\" data-image-meta=\"{&quot;aperture&quot;:&quot;0&quot;,&quot;credit&quot;:&quot;&quot;,&quot;camera&quot;:&quot;&quot;,&quot;caption&quot;:&quot;&quot;,&quot;created_timestamp&quot;:&quot;0&quot;,&quot;copyright&quot;:&quot;&quot;,&quot;focal_length&quot;:&quot;0&quot;,&quot;iso&quot;:&quot;0&quot;,&quot;shutter_speed&quot;:&quot;0&quot;,&quot;title&quot;:&quot;&quot;,&quot;orientation&quot;:&quot;0&quot;}\" data-image-title=\"2022_11_26 Bortigali\" data-image-description=\"\" data-image-caption=\"\" data-medium-file=\"https:\/\/i0.wp.com\/www.caicagliari.it\/cicloescursionismo\/wp-content\/uploads\/sites\/4\/2022\/11\/2022_11_26-Bortigali.jpg?fit=300%2C137&amp;ssl=1\" data-large-file=\"https:\/\/i0.wp.com\/www.caicagliari.it\/cicloescursionismo\/wp-content\/uploads\/sites\/4\/2022\/11\/2022_11_26-Bortigali.jpg?fit=1024%2C467&amp;ssl=1\" \/><\/a> <a class=\"title\" href=\"https:\/\/www.caicagliari.it\/cicloescursionismo\/2022\/11\/16\/bortigali\/\">26 Novembre &#8211; Marghine in MTB: Bortigali<\/a> <span class=\"excerpt-dash\">-<\/span> <span class=\"excerpt\">16\u00b0 Cicloescursione stagionale &#8211; 26 Novembre &#8211; (MTB) Marghine in MTB: Bortigali Il percorso si sviluppa nei territori di Bortigali, Silanus, Lei e Bolotana. Questi sono i paesi che si affacciano a mezza costa sul versante sudorientale della catena del &hellip; <a href=\"https:\/\/www.caicagliari.it\/cicloescursionismo\/2022\/11\/16\/bortigali\/\">Continua<\/a><\/span><\/li><li class=\"listing-item\"><a class=\"image\" href=\"https:\/\/www.caicagliari.it\/cicloescursionismo\/2022\/11\/06\/13-novembre-mtb-vedetta-di-monte-truba-manna\/\"><img loading=\"lazy\" decoding=\"async\" width=\"150\" height=\"150\" src=\"https:\/\/i0.wp.com\/www.caicagliari.it\/cicloescursionismo\/wp-content\/uploads\/sites\/4\/2022\/11\/DSC02484-scaled.jpg?resize=150%2C150&amp;ssl=1\" class=\"attachment-thumbnail size-thumbnail wp-post-image\" alt=\"\" srcset=\"https:\/\/i0.wp.com\/www.caicagliari.it\/cicloescursionismo\/wp-content\/uploads\/sites\/4\/2022\/11\/DSC02484-scaled.jpg?resize=150%2C150&amp;ssl=1 150w, https:\/\/i0.wp.com\/www.caicagliari.it\/cicloescursionismo\/wp-content\/uploads\/sites\/4\/2022\/11\/DSC02484-scaled.jpg?zoom=2&amp;resize=150%2C150&amp;ssl=1 300w, https:\/\/i0.wp.com\/www.caicagliari.it\/cicloescursionismo\/wp-content\/uploads\/sites\/4\/2022\/11\/DSC02484-scaled.jpg?zoom=3&amp;resize=150%2C150&amp;ssl=1 450w\" sizes=\"auto, (max-width: 150px) 100vw, 150px\" data-attachment-id=\"10002015\" data-permalink=\"https:\/\/www.caicagliari.it\/cicloescursionismo\/dsc02484\/\" data-orig-file=\"https:\/\/i0.wp.com\/www.caicagliari.it\/cicloescursionismo\/wp-content\/uploads\/sites\/4\/2022\/11\/DSC02484-scaled.jpg?fit=2560%2C1920&amp;ssl=1\" data-orig-size=\"2560,1920\" data-comments-opened=\"0\" data-image-meta=\"{&quot;aperture&quot;:&quot;4&quot;,&quot;credit&quot;:&quot;&quot;,&quot;camera&quot;:&quot;DSC-TX30&quot;,&quot;caption&quot;:&quot;&quot;,&quot;created_timestamp&quot;:&quot;1446901766&quot;,&quot;copyright&quot;:&quot;&quot;,&quot;focal_length&quot;:&quot;13.81&quot;,&quot;iso&quot;:&quot;80&quot;,&quot;shutter_speed&quot;:&quot;0.003125&quot;,&quot;title&quot;:&quot;&quot;,&quot;orientation&quot;:&quot;1&quot;}\" data-image-title=\"DSC02484\" data-image-description=\"\" data-image-caption=\"\" data-medium-file=\"https:\/\/i0.wp.com\/www.caicagliari.it\/cicloescursionismo\/wp-content\/uploads\/sites\/4\/2022\/11\/DSC02484-scaled.jpg?fit=300%2C225&amp;ssl=1\" data-large-file=\"https:\/\/i0.wp.com\/www.caicagliari.it\/cicloescursionismo\/wp-content\/uploads\/sites\/4\/2022\/11\/DSC02484-scaled.jpg?fit=1024%2C768&amp;ssl=1\" \/><\/a> <a class=\"title\" href=\"https:\/\/www.caicagliari.it\/cicloescursionismo\/2022\/11\/06\/13-novembre-mtb-vedetta-di-monte-truba-manna\/\">13 Novembre &#8211; (MTB) Vedetta di Monte Truba Manna<\/a> <span class=\"excerpt-dash\">-<\/span> <span class=\"excerpt\">Cicloescursione stagionale &#8211; 13 Novembre &#8211; (MTB) Vedetta di Monte Truba Manna In occasione dei festeggiamenti dei 90 anni della sezione del CAI di Cagliari, ricalcheremo una cicloescursione, fatta nel lontano dicembre 2015 che ci port\u00f2 e ci riporter\u00e0 a &hellip; <a href=\"https:\/\/www.caicagliari.it\/cicloescursionismo\/2022\/11\/06\/13-novembre-mtb-vedetta-di-monte-truba-manna\/\">Continua<\/a><\/span><\/li><li class=\"listing-item\"><a class=\"image\" href=\"https:\/\/www.caicagliari.it\/cicloescursionismo\/2022\/10\/10\/22-ottobre-mtb-a-spasso-per-la-foresta-di-gutturu-mannu\/\"><img loading=\"lazy\" decoding=\"async\" width=\"150\" height=\"150\" src=\"https:\/\/i0.wp.com\/www.caicagliari.it\/cicloescursionismo\/wp-content\/uploads\/sites\/4\/2022\/10\/copertina-scaled.jpg?resize=150%2C150&amp;ssl=1\" class=\"attachment-thumbnail size-thumbnail wp-post-image\" alt=\"\" srcset=\"https:\/\/i0.wp.com\/www.caicagliari.it\/cicloescursionismo\/wp-content\/uploads\/sites\/4\/2022\/10\/copertina-scaled.jpg?resize=150%2C150&amp;ssl=1 150w, https:\/\/i0.wp.com\/www.caicagliari.it\/cicloescursionismo\/wp-content\/uploads\/sites\/4\/2022\/10\/copertina-scaled.jpg?zoom=2&amp;resize=150%2C150&amp;ssl=1 300w, https:\/\/i0.wp.com\/www.caicagliari.it\/cicloescursionismo\/wp-content\/uploads\/sites\/4\/2022\/10\/copertina-scaled.jpg?zoom=3&amp;resize=150%2C150&amp;ssl=1 450w\" sizes=\"auto, (max-width: 150px) 100vw, 150px\" data-attachment-id=\"10002004\" data-permalink=\"https:\/\/www.caicagliari.it\/cicloescursionismo\/copertina\/\" data-orig-file=\"https:\/\/i0.wp.com\/www.caicagliari.it\/cicloescursionismo\/wp-content\/uploads\/sites\/4\/2022\/10\/copertina-scaled.jpg?fit=2560%2C1152&amp;ssl=1\" data-orig-size=\"2560,1152\" data-comments-opened=\"0\" data-image-meta=\"{&quot;aperture&quot;:&quot;0&quot;,&quot;credit&quot;:&quot;&quot;,&quot;camera&quot;:&quot;&quot;,&quot;caption&quot;:&quot;&quot;,&quot;created_timestamp&quot;:&quot;0&quot;,&quot;copyright&quot;:&quot;&quot;,&quot;focal_length&quot;:&quot;0&quot;,&quot;iso&quot;:&quot;0&quot;,&quot;shutter_speed&quot;:&quot;0&quot;,&quot;title&quot;:&quot;&quot;,&quot;orientation&quot;:&quot;0&quot;}\" data-image-title=\"copertina\" data-image-description=\"\" data-image-caption=\"\" data-medium-file=\"https:\/\/i0.wp.com\/www.caicagliari.it\/cicloescursionismo\/wp-content\/uploads\/sites\/4\/2022\/10\/copertina-scaled.jpg?fit=300%2C135&amp;ssl=1\" data-large-file=\"https:\/\/i0.wp.com\/www.caicagliari.it\/cicloescursionismo\/wp-content\/uploads\/sites\/4\/2022\/10\/copertina-scaled.jpg?fit=1024%2C461&amp;ssl=1\" \/><\/a> <a class=\"title\" href=\"https:\/\/www.caicagliari.it\/cicloescursionismo\/2022\/10\/10\/22-ottobre-mtb-a-spasso-per-la-foresta-di-gutturu-mannu\/\">22 Ottobre &#8211; (MTB) A spasso per la foresta di Gutturu Mannu<\/a> <span class=\"excerpt-dash\">-<\/span> <span class=\"excerpt\">15\u00b0 Cicloescursione stagionale &#8211; 22 Ottobre &#8211; (MTB) A spasso per la foresta di Gutturu Mannu Arriva sempre il momento in cui vorresti pedalare percorsi inusuali, dove ti capita di non incontrare nessuno per tutto il giorno e puoi rimanere &hellip; <a href=\"https:\/\/www.caicagliari.it\/cicloescursionismo\/2022\/10\/10\/22-ottobre-mtb-a-spasso-per-la-foresta-di-gutturu-mannu\/\">Continua<\/a><\/span><\/li><li class=\"listing-item\"><a class=\"image\" href=\"https:\/\/www.caicagliari.it\/cicloescursionismo\/2022\/10\/01\/9-ottobre-mtb-pedalando-attorno-al-meseddu-de-texile\/\"><img loading=\"lazy\" decoding=\"async\" width=\"150\" height=\"150\" src=\"https:\/\/i0.wp.com\/www.caicagliari.it\/cicloescursionismo\/wp-content\/uploads\/sites\/4\/2022\/10\/PA010175-scaled.jpg?resize=150%2C150&amp;ssl=1\" class=\"attachment-thumbnail size-thumbnail wp-post-image\" alt=\"\" srcset=\"https:\/\/i0.wp.com\/www.caicagliari.it\/cicloescursionismo\/wp-content\/uploads\/sites\/4\/2022\/10\/PA010175-scaled.jpg?resize=150%2C150&amp;ssl=1 150w, https:\/\/i0.wp.com\/www.caicagliari.it\/cicloescursionismo\/wp-content\/uploads\/sites\/4\/2022\/10\/PA010175-scaled.jpg?zoom=2&amp;resize=150%2C150&amp;ssl=1 300w, https:\/\/i0.wp.com\/www.caicagliari.it\/cicloescursionismo\/wp-content\/uploads\/sites\/4\/2022\/10\/PA010175-scaled.jpg?zoom=3&amp;resize=150%2C150&amp;ssl=1 450w\" sizes=\"auto, (max-width: 150px) 100vw, 150px\" data-attachment-id=\"10001994\" data-permalink=\"https:\/\/www.caicagliari.it\/cicloescursionismo\/pa010175\/\" data-orig-file=\"https:\/\/i0.wp.com\/www.caicagliari.it\/cicloescursionismo\/wp-content\/uploads\/sites\/4\/2022\/10\/PA010175-scaled.jpg?fit=2560%2C1920&amp;ssl=1\" data-orig-size=\"2560,1920\" data-comments-opened=\"0\" data-image-meta=\"{&quot;aperture&quot;:&quot;2.8&quot;,&quot;credit&quot;:&quot;&quot;,&quot;camera&quot;:&quot;TG-6&quot;,&quot;caption&quot;:&quot;&quot;,&quot;created_timestamp&quot;:&quot;1664615753&quot;,&quot;copyright&quot;:&quot;&quot;,&quot;focal_length&quot;:&quot;4.5&quot;,&quot;iso&quot;:&quot;100&quot;,&quot;shutter_speed&quot;:&quot;0.0015625&quot;,&quot;title&quot;:&quot;&quot;,&quot;orientation&quot;:&quot;1&quot;}\" data-image-title=\"PA010175\" data-image-description=\"\" data-image-caption=\"\" data-medium-file=\"https:\/\/i0.wp.com\/www.caicagliari.it\/cicloescursionismo\/wp-content\/uploads\/sites\/4\/2022\/10\/PA010175-scaled.jpg?fit=300%2C225&amp;ssl=1\" data-large-file=\"https:\/\/i0.wp.com\/www.caicagliari.it\/cicloescursionismo\/wp-content\/uploads\/sites\/4\/2022\/10\/PA010175-scaled.jpg?fit=1024%2C768&amp;ssl=1\" \/><\/a> <a class=\"title\" href=\"https:\/\/www.caicagliari.it\/cicloescursionismo\/2022\/10\/01\/9-ottobre-mtb-pedalando-attorno-al-meseddu-de-texile\/\">9 Ottobre &#8211; (MTB) Pedalando attorno al Meseddu de Texile<\/a> <span class=\"excerpt-dash\">-<\/span> <span class=\"excerpt\">Cicloescursione stagionale &#8211; 9 Ottobre &#8211; (MTB) Pedalando attorno al Meseddu de Texile In occasione dell\u2019inaugurazione della \u201cCapanna sociale Texile\u201d, coincidente con il 90\u00b0 anno di fondazione della sezione del CAI di Cagliari e del 10\u00b0 anno dalla nascita della &hellip; <a href=\"https:\/\/www.caicagliari.it\/cicloescursionismo\/2022\/10\/01\/9-ottobre-mtb-pedalando-attorno-al-meseddu-de-texile\/\">Continua<\/a><\/span><\/li><li class=\"listing-item\"><a class=\"image\" href=\"https:\/\/www.caicagliari.it\/cicloescursionismo\/2022\/09\/18\/24-settembre-mtb-gennargentu\/\"><img loading=\"lazy\" decoding=\"async\" width=\"150\" height=\"150\" src=\"https:\/\/i0.wp.com\/www.caicagliari.it\/cicloescursionismo\/wp-content\/uploads\/sites\/4\/2022\/09\/2022_09_24-Gennargentu.jpg?resize=150%2C150&amp;ssl=1\" class=\"attachment-thumbnail size-thumbnail wp-post-image\" alt=\"\" srcset=\"https:\/\/i0.wp.com\/www.caicagliari.it\/cicloescursionismo\/wp-content\/uploads\/sites\/4\/2022\/09\/2022_09_24-Gennargentu.jpg?resize=150%2C150&amp;ssl=1 150w, https:\/\/i0.wp.com\/www.caicagliari.it\/cicloescursionismo\/wp-content\/uploads\/sites\/4\/2022\/09\/2022_09_24-Gennargentu.jpg?zoom=2&amp;resize=150%2C150&amp;ssl=1 300w, https:\/\/i0.wp.com\/www.caicagliari.it\/cicloescursionismo\/wp-content\/uploads\/sites\/4\/2022\/09\/2022_09_24-Gennargentu.jpg?zoom=3&amp;resize=150%2C150&amp;ssl=1 450w\" sizes=\"auto, (max-width: 150px) 100vw, 150px\" data-attachment-id=\"10001980\" data-permalink=\"https:\/\/www.caicagliari.it\/cicloescursionismo\/2022_09_24-gennargentu\/\" data-orig-file=\"https:\/\/i0.wp.com\/www.caicagliari.it\/cicloescursionismo\/wp-content\/uploads\/sites\/4\/2022\/09\/2022_09_24-Gennargentu.jpg?fit=1576%2C882&amp;ssl=1\" data-orig-size=\"1576,882\" data-comments-opened=\"0\" data-image-meta=\"{&quot;aperture&quot;:&quot;0&quot;,&quot;credit&quot;:&quot;&quot;,&quot;camera&quot;:&quot;&quot;,&quot;caption&quot;:&quot;&quot;,&quot;created_timestamp&quot;:&quot;0&quot;,&quot;copyright&quot;:&quot;&quot;,&quot;focal_length&quot;:&quot;0&quot;,&quot;iso&quot;:&quot;0&quot;,&quot;shutter_speed&quot;:&quot;0&quot;,&quot;title&quot;:&quot;&quot;,&quot;orientation&quot;:&quot;0&quot;}\" data-image-title=\"2022_09_24 Gennargentu\" data-image-description=\"\" data-image-caption=\"\" data-medium-file=\"https:\/\/i0.wp.com\/www.caicagliari.it\/cicloescursionismo\/wp-content\/uploads\/sites\/4\/2022\/09\/2022_09_24-Gennargentu.jpg?fit=300%2C168&amp;ssl=1\" data-large-file=\"https:\/\/i0.wp.com\/www.caicagliari.it\/cicloescursionismo\/wp-content\/uploads\/sites\/4\/2022\/09\/2022_09_24-Gennargentu.jpg?fit=1024%2C573&amp;ssl=1\" \/><\/a> <a class=\"title\" href=\"https:\/\/www.caicagliari.it\/cicloescursionismo\/2022\/09\/18\/24-settembre-mtb-gennargentu\/\">24 Settembre &#8211; (MTB) Gennargentu<\/a> <span class=\"excerpt-dash\">-<\/span> <span class=\"excerpt\">13\u00b0 Cicloescursione stagionale &#8211; 24 Settembre &#8211; (MTB) Gennargentu Riprendiamo le ciclo-escursioni dopo la pausa estiva con la conquista della vetta pi\u00f9 alta della Sardegna: Punta La Marmora. Questa ciclo-escursione si svolger\u00e0 nel massiccio del Gennargentu. Il Gennargentu, \u201dla porta &hellip; <a href=\"https:\/\/www.caicagliari.it\/cicloescursionismo\/2022\/09\/18\/24-settembre-mtb-gennargentu\/\">Continua<\/a><\/span><\/li><li class=\"listing-item\"><a class=\"image\" href=\"https:\/\/www.caicagliari.it\/cicloescursionismo\/2022\/09\/17\/lagiara\/\"><img loading=\"lazy\" decoding=\"async\" width=\"150\" height=\"150\" src=\"https:\/\/i0.wp.com\/www.caicagliari.it\/cicloescursionismo\/wp-content\/uploads\/sites\/4\/2022\/09\/DSC00167-scaled.jpg?resize=150%2C150&amp;ssl=1\" class=\"attachment-thumbnail size-thumbnail wp-post-image\" alt=\"\" srcset=\"https:\/\/i0.wp.com\/www.caicagliari.it\/cicloescursionismo\/wp-content\/uploads\/sites\/4\/2022\/09\/DSC00167-scaled.jpg?resize=150%2C150&amp;ssl=1 150w, https:\/\/i0.wp.com\/www.caicagliari.it\/cicloescursionismo\/wp-content\/uploads\/sites\/4\/2022\/09\/DSC00167-scaled.jpg?zoom=2&amp;resize=150%2C150&amp;ssl=1 300w, https:\/\/i0.wp.com\/www.caicagliari.it\/cicloescursionismo\/wp-content\/uploads\/sites\/4\/2022\/09\/DSC00167-scaled.jpg?zoom=3&amp;resize=150%2C150&amp;ssl=1 450w\" sizes=\"auto, (max-width: 150px) 100vw, 150px\" data-attachment-id=\"10001975\" data-permalink=\"https:\/\/www.caicagliari.it\/cicloescursionismo\/dsc00167\/\" data-orig-file=\"https:\/\/i0.wp.com\/www.caicagliari.it\/cicloescursionismo\/wp-content\/uploads\/sites\/4\/2022\/09\/DSC00167-scaled.jpg?fit=2560%2C1920&amp;ssl=1\" data-orig-size=\"2560,1920\" data-comments-opened=\"0\" data-image-meta=\"{&quot;aperture&quot;:&quot;5&quot;,&quot;credit&quot;:&quot;&quot;,&quot;camera&quot;:&quot;DSC-TX30&quot;,&quot;caption&quot;:&quot;&quot;,&quot;created_timestamp&quot;:&quot;1604842267&quot;,&quot;copyright&quot;:&quot;&quot;,&quot;focal_length&quot;:&quot;12.33&quot;,&quot;iso&quot;:&quot;80&quot;,&quot;shutter_speed&quot;:&quot;0.0025&quot;,&quot;title&quot;:&quot;&quot;,&quot;orientation&quot;:&quot;1&quot;}\" data-image-title=\"DSC00167\" data-image-description=\"\" data-image-caption=\"\" data-medium-file=\"https:\/\/i0.wp.com\/www.caicagliari.it\/cicloescursionismo\/wp-content\/uploads\/sites\/4\/2022\/09\/DSC00167-scaled.jpg?fit=300%2C225&amp;ssl=1\" data-large-file=\"https:\/\/i0.wp.com\/www.caicagliari.it\/cicloescursionismo\/wp-content\/uploads\/sites\/4\/2022\/09\/DSC00167-scaled.jpg?fit=1024%2C768&amp;ssl=1\" \/><\/a> <a class=\"title\" href=\"https:\/\/www.caicagliari.it\/cicloescursionismo\/2022\/09\/17\/lagiara\/\">2 Ottobre &#8211; (MTB) Il parco della Giara<\/a> <span class=\"excerpt-dash\">-<\/span> <span class=\"excerpt\">14\u00b0 Cicloescursione stagionale &#8211; 2 Ottobre &#8211; (MTB) Il parco della Giara In occasione dei 90 anni della sezione del CAI di Cagliari e dei 10 anni della nostra commissione proponiamo una cicloescursione adatta anche ai neofiti della mountain bike, &hellip; <a href=\"https:\/\/www.caicagliari.it\/cicloescursionismo\/2022\/09\/17\/lagiara\/\">Continua<\/a><\/span><\/li><li class=\"listing-item\"><a class=\"image\" href=\"https:\/\/www.caicagliari.it\/cicloescursionismo\/2022\/06\/03\/11-giugno-mtb-le-genziane-del-gennargentu\/\"><img loading=\"lazy\" decoding=\"async\" width=\"150\" height=\"150\" src=\"https:\/\/i0.wp.com\/www.caicagliari.it\/cicloescursionismo\/wp-content\/uploads\/sites\/4\/2022\/06\/DSCN5412-scaled.jpg?resize=150%2C150&amp;ssl=1\" class=\"attachment-thumbnail size-thumbnail wp-post-image\" alt=\"\" srcset=\"https:\/\/i0.wp.com\/www.caicagliari.it\/cicloescursionismo\/wp-content\/uploads\/sites\/4\/2022\/06\/DSCN5412-scaled.jpg?resize=150%2C150&amp;ssl=1 150w, https:\/\/i0.wp.com\/www.caicagliari.it\/cicloescursionismo\/wp-content\/uploads\/sites\/4\/2022\/06\/DSCN5412-scaled.jpg?zoom=2&amp;resize=150%2C150&amp;ssl=1 300w, https:\/\/i0.wp.com\/www.caicagliari.it\/cicloescursionismo\/wp-content\/uploads\/sites\/4\/2022\/06\/DSCN5412-scaled.jpg?zoom=3&amp;resize=150%2C150&amp;ssl=1 450w\" sizes=\"auto, (max-width: 150px) 100vw, 150px\" data-attachment-id=\"10001963\" data-permalink=\"https:\/\/www.caicagliari.it\/cicloescursionismo\/dscn5412\/\" data-orig-file=\"https:\/\/i0.wp.com\/www.caicagliari.it\/cicloescursionismo\/wp-content\/uploads\/sites\/4\/2022\/06\/DSCN5412-scaled.jpg?fit=2560%2C1920&amp;ssl=1\" data-orig-size=\"2560,1920\" data-comments-opened=\"0\" data-image-meta=\"{&quot;aperture&quot;:&quot;4.1&quot;,&quot;credit&quot;:&quot;&quot;,&quot;camera&quot;:&quot;COOLPIX AW130&quot;,&quot;caption&quot;:&quot;&quot;,&quot;created_timestamp&quot;:&quot;1592127340&quot;,&quot;copyright&quot;:&quot;&quot;,&quot;focal_length&quot;:&quot;4.3&quot;,&quot;iso&quot;:&quot;125&quot;,&quot;shutter_speed&quot;:&quot;0.00125&quot;,&quot;title&quot;:&quot;&quot;,&quot;orientation&quot;:&quot;1&quot;}\" data-image-title=\"DSCN5412\" data-image-description=\"\" data-image-caption=\"\" data-medium-file=\"https:\/\/i0.wp.com\/www.caicagliari.it\/cicloescursionismo\/wp-content\/uploads\/sites\/4\/2022\/06\/DSCN5412-scaled.jpg?fit=300%2C225&amp;ssl=1\" data-large-file=\"https:\/\/i0.wp.com\/www.caicagliari.it\/cicloescursionismo\/wp-content\/uploads\/sites\/4\/2022\/06\/DSCN5412-scaled.jpg?fit=1024%2C768&amp;ssl=1\" \/><\/a> <a class=\"title\" href=\"https:\/\/www.caicagliari.it\/cicloescursionismo\/2022\/06\/03\/11-giugno-mtb-le-genziane-del-gennargentu\/\">11 Giugno &#8211; (MTB) Le Genziane del Gennargentu<\/a> <span class=\"excerpt-dash\">-<\/span> <span class=\"excerpt\">11\u00b0 Cicloescursione stagionale &#8211; 11 Giugno &#8211; (MTB) Le Genziane del Gennargentu Il contesto paesaggistico che andremo a visitare \u00e8 quello del massiccio montuoso del Gennargentu, che in questo periodo si presenta con il suo vestito pi\u00f9 colorato grazie alla &hellip; <a href=\"https:\/\/www.caicagliari.it\/cicloescursionismo\/2022\/06\/03\/11-giugno-mtb-le-genziane-del-gennargentu\/\">Continua<\/a><\/span><\/li><li class=\"listing-item\"><a class=\"image\" href=\"https:\/\/www.caicagliari.it\/cicloescursionismo\/2022\/05\/18\/28-maggio-mtb-cala-domestica-grugua-dune-di-san-nicolo\/\"><img loading=\"lazy\" decoding=\"async\" width=\"150\" height=\"150\" src=\"https:\/\/i0.wp.com\/www.caicagliari.it\/cicloescursionismo\/wp-content\/uploads\/sites\/4\/2022\/05\/2022_05_28-Descrizione-Cala-Domestica.jpg?resize=150%2C150&amp;ssl=1\" class=\"attachment-thumbnail size-thumbnail wp-post-image\" alt=\"\" srcset=\"https:\/\/i0.wp.com\/www.caicagliari.it\/cicloescursionismo\/wp-content\/uploads\/sites\/4\/2022\/05\/2022_05_28-Descrizione-Cala-Domestica.jpg?resize=150%2C150&amp;ssl=1 150w, https:\/\/i0.wp.com\/www.caicagliari.it\/cicloescursionismo\/wp-content\/uploads\/sites\/4\/2022\/05\/2022_05_28-Descrizione-Cala-Domestica.jpg?zoom=2&amp;resize=150%2C150&amp;ssl=1 300w, https:\/\/i0.wp.com\/www.caicagliari.it\/cicloescursionismo\/wp-content\/uploads\/sites\/4\/2022\/05\/2022_05_28-Descrizione-Cala-Domestica.jpg?zoom=3&amp;resize=150%2C150&amp;ssl=1 450w\" sizes=\"auto, (max-width: 150px) 100vw, 150px\" data-attachment-id=\"10001958\" data-permalink=\"https:\/\/www.caicagliari.it\/cicloescursionismo\/2022_05_28-descrizione-cala-domestica-2\/\" data-orig-file=\"https:\/\/i0.wp.com\/www.caicagliari.it\/cicloescursionismo\/wp-content\/uploads\/sites\/4\/2022\/05\/2022_05_28-Descrizione-Cala-Domestica.jpg?fit=1473%2C1105&amp;ssl=1\" data-orig-size=\"1473,1105\" data-comments-opened=\"0\" data-image-meta=\"{&quot;aperture&quot;:&quot;0&quot;,&quot;credit&quot;:&quot;&quot;,&quot;camera&quot;:&quot;&quot;,&quot;caption&quot;:&quot;&quot;,&quot;created_timestamp&quot;:&quot;0&quot;,&quot;copyright&quot;:&quot;&quot;,&quot;focal_length&quot;:&quot;0&quot;,&quot;iso&quot;:&quot;0&quot;,&quot;shutter_speed&quot;:&quot;0&quot;,&quot;title&quot;:&quot;&quot;,&quot;orientation&quot;:&quot;0&quot;}\" data-image-title=\"2022_05_28 Descrizione Cala Domestica\" data-image-description=\"\" data-image-caption=\"\" data-medium-file=\"https:\/\/i0.wp.com\/www.caicagliari.it\/cicloescursionismo\/wp-content\/uploads\/sites\/4\/2022\/05\/2022_05_28-Descrizione-Cala-Domestica.jpg?fit=300%2C225&amp;ssl=1\" data-large-file=\"https:\/\/i0.wp.com\/www.caicagliari.it\/cicloescursionismo\/wp-content\/uploads\/sites\/4\/2022\/05\/2022_05_28-Descrizione-Cala-Domestica.jpg?fit=1024%2C768&amp;ssl=1\" \/><\/a> <a class=\"title\" href=\"https:\/\/www.caicagliari.it\/cicloescursionismo\/2022\/05\/18\/28-maggio-mtb-cala-domestica-grugua-dune-di-san-nicolo\/\">28 Maggio &#8211; (MTB) Cala Domestica \u2013 Grugua \u2013 Dune di San Nicol\u00f2<\/a> <span class=\"excerpt-dash\">-<\/span> <span class=\"excerpt\">10\u00b0 Cicloescursione stagionale &#8211; 28 Maggio &#8211; (MTB) Cala Domestica \u2013 Grugua \u2013 Dune di San Nicol\u00f2 La cicloescursione si svolge in un territorio molto interessante da un punto di vista naturalistico, archeologico, minerario e storico-culturale con base di partenza &hellip; <a href=\"https:\/\/www.caicagliari.it\/cicloescursionismo\/2022\/05\/18\/28-maggio-mtb-cala-domestica-grugua-dune-di-san-nicolo\/\">Continua<\/a><\/span><\/li><li class=\"listing-item\"><a class=\"image\" href=\"https:\/\/www.caicagliari.it\/cicloescursionismo\/2022\/05\/12\/22-maggio-mtb-pedalando-intorno-al-parco-di-pantaleo\/\"><img loading=\"lazy\" decoding=\"async\" width=\"150\" height=\"150\" src=\"https:\/\/i0.wp.com\/www.caicagliari.it\/cicloescursionismo\/wp-content\/uploads\/sites\/4\/2022\/05\/DSCN1502-scaled.jpg?resize=150%2C150&amp;ssl=1\" class=\"attachment-thumbnail size-thumbnail wp-post-image\" alt=\"\" srcset=\"https:\/\/i0.wp.com\/www.caicagliari.it\/cicloescursionismo\/wp-content\/uploads\/sites\/4\/2022\/05\/DSCN1502-scaled.jpg?resize=150%2C150&amp;ssl=1 150w, https:\/\/i0.wp.com\/www.caicagliari.it\/cicloescursionismo\/wp-content\/uploads\/sites\/4\/2022\/05\/DSCN1502-scaled.jpg?zoom=2&amp;resize=150%2C150&amp;ssl=1 300w, https:\/\/i0.wp.com\/www.caicagliari.it\/cicloescursionismo\/wp-content\/uploads\/sites\/4\/2022\/05\/DSCN1502-scaled.jpg?zoom=3&amp;resize=150%2C150&amp;ssl=1 450w\" sizes=\"auto, (max-width: 150px) 100vw, 150px\" data-attachment-id=\"10001947\" data-permalink=\"https:\/\/www.caicagliari.it\/cicloescursionismo\/dscn1502\/\" data-orig-file=\"https:\/\/i0.wp.com\/www.caicagliari.it\/cicloescursionismo\/wp-content\/uploads\/sites\/4\/2022\/05\/DSCN1502-scaled.jpg?fit=2560%2C1920&amp;ssl=1\" data-orig-size=\"2560,1920\" data-comments-opened=\"0\" data-image-meta=\"{&quot;aperture&quot;:&quot;2.8&quot;,&quot;credit&quot;:&quot;&quot;,&quot;camera&quot;:&quot;COOLPIX AW130&quot;,&quot;caption&quot;:&quot;&quot;,&quot;created_timestamp&quot;:&quot;1461587044&quot;,&quot;copyright&quot;:&quot;&quot;,&quot;focal_length&quot;:&quot;4.3&quot;,&quot;iso&quot;:&quot;125&quot;,&quot;shutter_speed&quot;:&quot;0.00066666666666667&quot;,&quot;title&quot;:&quot;&quot;,&quot;orientation&quot;:&quot;1&quot;}\" data-image-title=\"DSCN1502\" data-image-description=\"\" data-image-caption=\"\" data-medium-file=\"https:\/\/i0.wp.com\/www.caicagliari.it\/cicloescursionismo\/wp-content\/uploads\/sites\/4\/2022\/05\/DSCN1502-scaled.jpg?fit=300%2C225&amp;ssl=1\" data-large-file=\"https:\/\/i0.wp.com\/www.caicagliari.it\/cicloescursionismo\/wp-content\/uploads\/sites\/4\/2022\/05\/DSCN1502-scaled.jpg?fit=1024%2C768&amp;ssl=1\" \/><\/a> <a class=\"title\" href=\"https:\/\/www.caicagliari.it\/cicloescursionismo\/2022\/05\/12\/22-maggio-mtb-pedalando-intorno-al-parco-di-pantaleo\/\">22 Maggio &#8211; (MTB) Pedalando intorno al parco di Pantaleo<\/a> <span class=\"excerpt-dash\">-<\/span> <span class=\"excerpt\">Cicloescursione stagionale &#8211; 22 Maggio &#8211; (MTB) Pedalando intorno al parco di Pantaleo In occasione della settima edizione delle giornate regionali della sentieristica, che quest\u2019anno si terranno nel Parco regionale di Gutturu Mannu, il gruppo MTB CAI di Cagliari organizza &hellip; <a href=\"https:\/\/www.caicagliari.it\/cicloescursionismo\/2022\/05\/12\/22-maggio-mtb-pedalando-intorno-al-parco-di-pantaleo\/\">Continua<\/a><\/span><\/li><li class=\"listing-item\"><a class=\"image\" href=\"https:\/\/www.caicagliari.it\/cicloescursionismo\/2022\/04\/21\/30-aprile-mtb-da-monteponi-a-nebida-attraverso-la-foresta-di-bellicai\/\"><img loading=\"lazy\" decoding=\"async\" width=\"150\" height=\"150\" src=\"https:\/\/i0.wp.com\/www.caicagliari.it\/cicloescursionismo\/wp-content\/uploads\/sites\/4\/2022\/04\/2022_04_30-Da-Monteponi-a-Nebida-attraverso-Bellicai.jpg?resize=150%2C150&amp;ssl=1\" class=\"attachment-thumbnail size-thumbnail wp-post-image\" alt=\"\" srcset=\"https:\/\/i0.wp.com\/www.caicagliari.it\/cicloescursionismo\/wp-content\/uploads\/sites\/4\/2022\/04\/2022_04_30-Da-Monteponi-a-Nebida-attraverso-Bellicai.jpg?resize=150%2C150&amp;ssl=1 150w, https:\/\/i0.wp.com\/www.caicagliari.it\/cicloescursionismo\/wp-content\/uploads\/sites\/4\/2022\/04\/2022_04_30-Da-Monteponi-a-Nebida-attraverso-Bellicai.jpg?zoom=2&amp;resize=150%2C150&amp;ssl=1 300w, https:\/\/i0.wp.com\/www.caicagliari.it\/cicloescursionismo\/wp-content\/uploads\/sites\/4\/2022\/04\/2022_04_30-Da-Monteponi-a-Nebida-attraverso-Bellicai.jpg?zoom=3&amp;resize=150%2C150&amp;ssl=1 450w\" sizes=\"auto, (max-width: 150px) 100vw, 150px\" data-attachment-id=\"10001932\" data-permalink=\"https:\/\/www.caicagliari.it\/cicloescursionismo\/2022_04_30-da-monteponi-a-nebida-attraverso-bellicai-2\/\" data-orig-file=\"https:\/\/i0.wp.com\/www.caicagliari.it\/cicloescursionismo\/wp-content\/uploads\/sites\/4\/2022\/04\/2022_04_30-Da-Monteponi-a-Nebida-attraverso-Bellicai.jpg?fit=1292%2C682&amp;ssl=1\" data-orig-size=\"1292,682\" data-comments-opened=\"0\" data-image-meta=\"{&quot;aperture&quot;:&quot;0&quot;,&quot;credit&quot;:&quot;&quot;,&quot;camera&quot;:&quot;&quot;,&quot;caption&quot;:&quot;&quot;,&quot;created_timestamp&quot;:&quot;0&quot;,&quot;copyright&quot;:&quot;&quot;,&quot;focal_length&quot;:&quot;0&quot;,&quot;iso&quot;:&quot;0&quot;,&quot;shutter_speed&quot;:&quot;0&quot;,&quot;title&quot;:&quot;&quot;,&quot;orientation&quot;:&quot;0&quot;}\" data-image-title=\"2022_04_30 Da Monteponi a Nebida attraverso Bellicai\" data-image-description=\"\" data-image-caption=\"\" data-medium-file=\"https:\/\/i0.wp.com\/www.caicagliari.it\/cicloescursionismo\/wp-content\/uploads\/sites\/4\/2022\/04\/2022_04_30-Da-Monteponi-a-Nebida-attraverso-Bellicai.jpg?fit=300%2C158&amp;ssl=1\" data-large-file=\"https:\/\/i0.wp.com\/www.caicagliari.it\/cicloescursionismo\/wp-content\/uploads\/sites\/4\/2022\/04\/2022_04_30-Da-Monteponi-a-Nebida-attraverso-Bellicai.jpg?fit=1024%2C541&amp;ssl=1\" \/><\/a> <a class=\"title\" href=\"https:\/\/www.caicagliari.it\/cicloescursionismo\/2022\/04\/21\/30-aprile-mtb-da-monteponi-a-nebida-attraverso-la-foresta-di-bellicai\/\">30 Aprile &#8211; (MTB) Da Monteponi a Nebida attraverso la foresta di Bellicai<\/a> <span class=\"excerpt-dash\">-<\/span> <span class=\"excerpt\">7\u00b0 Cicloescursione stagionale &#8211; 30 Aprile &#8211; (MTB) Da Monteponi a Nebida attraverso la foresta di Bellicai La settima cicloescursione MTB Cai Cagliari vede interessato il territorio del Sulcis Iglesiente, territorio conosciuto soprattutto sia per la sua storia mineraria che &hellip; <a href=\"https:\/\/www.caicagliari.it\/cicloescursionismo\/2022\/04\/21\/30-aprile-mtb-da-monteponi-a-nebida-attraverso-la-foresta-di-bellicai\/\">Continua<\/a><\/span><\/li><li class=\"listing-item\"><a class=\"image\" href=\"https:\/\/www.caicagliari.it\/cicloescursionismo\/2022\/04\/11\/25-aprile-mtb-10-anni-di-mtb-del-cai-cagliari-arbus\/\"><img loading=\"lazy\" decoding=\"async\" width=\"150\" height=\"150\" src=\"https:\/\/i0.wp.com\/www.caicagliari.it\/cicloescursionismo\/wp-content\/uploads\/sites\/4\/2022\/04\/2022_04_25-Irvi-Copertina-scaled.jpg?resize=150%2C150&amp;ssl=1\" class=\"attachment-thumbnail size-thumbnail wp-post-image\" alt=\"\" srcset=\"https:\/\/i0.wp.com\/www.caicagliari.it\/cicloescursionismo\/wp-content\/uploads\/sites\/4\/2022\/04\/2022_04_25-Irvi-Copertina-scaled.jpg?resize=150%2C150&amp;ssl=1 150w, https:\/\/i0.wp.com\/www.caicagliari.it\/cicloescursionismo\/wp-content\/uploads\/sites\/4\/2022\/04\/2022_04_25-Irvi-Copertina-scaled.jpg?zoom=2&amp;resize=150%2C150&amp;ssl=1 300w, https:\/\/i0.wp.com\/www.caicagliari.it\/cicloescursionismo\/wp-content\/uploads\/sites\/4\/2022\/04\/2022_04_25-Irvi-Copertina-scaled.jpg?zoom=3&amp;resize=150%2C150&amp;ssl=1 450w\" sizes=\"auto, (max-width: 150px) 100vw, 150px\" data-attachment-id=\"10001921\" data-permalink=\"https:\/\/www.caicagliari.it\/cicloescursionismo\/2022_04_25-irvi-copertina\/\" data-orig-file=\"https:\/\/i0.wp.com\/www.caicagliari.it\/cicloescursionismo\/wp-content\/uploads\/sites\/4\/2022\/04\/2022_04_25-Irvi-Copertina-scaled.jpg?fit=2560%2C1920&amp;ssl=1\" data-orig-size=\"2560,1920\" data-comments-opened=\"0\" data-image-meta=\"{&quot;aperture&quot;:&quot;2.8&quot;,&quot;credit&quot;:&quot;&quot;,&quot;camera&quot;:&quot;TG-6&quot;,&quot;caption&quot;:&quot;&quot;,&quot;created_timestamp&quot;:&quot;1649342904&quot;,&quot;copyright&quot;:&quot;&quot;,&quot;focal_length&quot;:&quot;4.5&quot;,&quot;iso&quot;:&quot;100&quot;,&quot;shutter_speed&quot;:&quot;0.00125&quot;,&quot;title&quot;:&quot;&quot;,&quot;orientation&quot;:&quot;1&quot;}\" data-image-title=\"2022_04_25 Irvi Copertina\" data-image-description=\"\" data-image-caption=\"\" data-medium-file=\"https:\/\/i0.wp.com\/www.caicagliari.it\/cicloescursionismo\/wp-content\/uploads\/sites\/4\/2022\/04\/2022_04_25-Irvi-Copertina-scaled.jpg?fit=300%2C225&amp;ssl=1\" data-large-file=\"https:\/\/i0.wp.com\/www.caicagliari.it\/cicloescursionismo\/wp-content\/uploads\/sites\/4\/2022\/04\/2022_04_25-Irvi-Copertina-scaled.jpg?fit=1024%2C768&amp;ssl=1\" \/><\/a> <a class=\"title\" href=\"https:\/\/www.caicagliari.it\/cicloescursionismo\/2022\/04\/11\/25-aprile-mtb-10-anni-di-mtb-del-cai-cagliari-arbus\/\">25 Aprile &#8211; (MTB) 10 Anni di MTB del CAI Cagliari (Arbus)<\/a> <span class=\"excerpt-dash\">-<\/span> <span class=\"excerpt\">6\u00b0 Cicloescursione stagionale &#8211; 25 Aprile &#8211; (MTB) 10 Anni di MTB del CAI Cagliari (Arbus) Ebbene s\u00ec, la commissione mountain bike del CAI di Cagliari compie 10 anni!!! Dopo le prime timide pedalate, il gruppo si \u00e8 affermato sempre &hellip; <a href=\"https:\/\/www.caicagliari.it\/cicloescursionismo\/2022\/04\/11\/25-aprile-mtb-10-anni-di-mtb-del-cai-cagliari-arbus\/\">Continua<\/a><\/span><\/li><li class=\"listing-item\"><a class=\"image\" href=\"https:\/\/www.caicagliari.it\/cicloescursionismo\/2022\/03\/30\/16-aprile-mtb-pedalando-attorno-a-serra-oseli\/\"><img loading=\"lazy\" decoding=\"async\" width=\"150\" height=\"150\" src=\"https:\/\/i0.wp.com\/www.caicagliari.it\/cicloescursionismo\/wp-content\/uploads\/sites\/4\/2022\/03\/2022_04_16-Pedalando-attorno-a-Serra-Oseli-scaled.jpg?resize=150%2C150&amp;ssl=1\" class=\"attachment-thumbnail size-thumbnail wp-post-image\" alt=\"\" srcset=\"https:\/\/i0.wp.com\/www.caicagliari.it\/cicloescursionismo\/wp-content\/uploads\/sites\/4\/2022\/03\/2022_04_16-Pedalando-attorno-a-Serra-Oseli-scaled.jpg?resize=150%2C150&amp;ssl=1 150w, https:\/\/i0.wp.com\/www.caicagliari.it\/cicloescursionismo\/wp-content\/uploads\/sites\/4\/2022\/03\/2022_04_16-Pedalando-attorno-a-Serra-Oseli-scaled.jpg?zoom=2&amp;resize=150%2C150&amp;ssl=1 300w, https:\/\/i0.wp.com\/www.caicagliari.it\/cicloescursionismo\/wp-content\/uploads\/sites\/4\/2022\/03\/2022_04_16-Pedalando-attorno-a-Serra-Oseli-scaled.jpg?zoom=3&amp;resize=150%2C150&amp;ssl=1 450w\" sizes=\"auto, (max-width: 150px) 100vw, 150px\" data-attachment-id=\"10001906\" data-permalink=\"https:\/\/www.caicagliari.it\/cicloescursionismo\/2022_04_16-pedalando-attorno-a-serra-oseli\/\" data-orig-file=\"https:\/\/i0.wp.com\/www.caicagliari.it\/cicloescursionismo\/wp-content\/uploads\/sites\/4\/2022\/03\/2022_04_16-Pedalando-attorno-a-Serra-Oseli-scaled.jpg?fit=2560%2C1920&amp;ssl=1\" data-orig-size=\"2560,1920\" data-comments-opened=\"0\" data-image-meta=\"{&quot;aperture&quot;:&quot;3.5&quot;,&quot;credit&quot;:&quot;&quot;,&quot;camera&quot;:&quot;TG-6&quot;,&quot;caption&quot;:&quot;&quot;,&quot;created_timestamp&quot;:&quot;1648375150&quot;,&quot;copyright&quot;:&quot;&quot;,&quot;focal_length&quot;:&quot;6.83&quot;,&quot;iso&quot;:&quot;100&quot;,&quot;shutter_speed&quot;:&quot;0.003125&quot;,&quot;title&quot;:&quot;&quot;,&quot;orientation&quot;:&quot;1&quot;}\" data-image-title=\"2022_04_16 Pedalando attorno a Serra Oseli\" data-image-description=\"\" data-image-caption=\"\" data-medium-file=\"https:\/\/i0.wp.com\/www.caicagliari.it\/cicloescursionismo\/wp-content\/uploads\/sites\/4\/2022\/03\/2022_04_16-Pedalando-attorno-a-Serra-Oseli-scaled.jpg?fit=300%2C225&amp;ssl=1\" data-large-file=\"https:\/\/i0.wp.com\/www.caicagliari.it\/cicloescursionismo\/wp-content\/uploads\/sites\/4\/2022\/03\/2022_04_16-Pedalando-attorno-a-Serra-Oseli-scaled.jpg?fit=1024%2C768&amp;ssl=1\" \/><\/a> <a class=\"title\" href=\"https:\/\/www.caicagliari.it\/cicloescursionismo\/2022\/03\/30\/16-aprile-mtb-pedalando-attorno-a-serra-oseli\/\">16 Aprile &#8211; (MTB) Pedalando attorno a Serra Oseli<\/a> <span class=\"excerpt-dash\">-<\/span> <span class=\"excerpt\">5\u00b0 Cicloescursione stagionale &#8211; 16 Aprile &#8211; (MTB) Pedalando attorno a Serra Oseli Questa cicloescursione fa parte del programma creato in occasione dell\u2019incontro intersezionale CAI, un gemellaggio tra la sezione di Cagliari e la sezione di Bordighera, ma con l\u2019invito &hellip; <a href=\"https:\/\/www.caicagliari.it\/cicloescursionismo\/2022\/03\/30\/16-aprile-mtb-pedalando-attorno-a-serra-oseli\/\">Continua<\/a><\/span><\/li><li class=\"listing-item\"><a class=\"image\" href=\"https:\/\/www.caicagliari.it\/cicloescursionismo\/2022\/03\/30\/9-aprile-mtb-la-via-delle-peonie\/\"><img loading=\"lazy\" decoding=\"async\" width=\"150\" height=\"150\" src=\"https:\/\/i0.wp.com\/www.caicagliari.it\/cicloescursionismo\/wp-content\/uploads\/sites\/4\/2022\/03\/P4050028-scaled.jpg?resize=150%2C150&amp;ssl=1\" class=\"attachment-thumbnail size-thumbnail wp-post-image\" alt=\"\" srcset=\"https:\/\/i0.wp.com\/www.caicagliari.it\/cicloescursionismo\/wp-content\/uploads\/sites\/4\/2022\/03\/P4050028-scaled.jpg?resize=150%2C150&amp;ssl=1 150w, https:\/\/i0.wp.com\/www.caicagliari.it\/cicloescursionismo\/wp-content\/uploads\/sites\/4\/2022\/03\/P4050028-scaled.jpg?zoom=2&amp;resize=150%2C150&amp;ssl=1 300w, https:\/\/i0.wp.com\/www.caicagliari.it\/cicloescursionismo\/wp-content\/uploads\/sites\/4\/2022\/03\/P4050028-scaled.jpg?zoom=3&amp;resize=150%2C150&amp;ssl=1 450w\" sizes=\"auto, (max-width: 150px) 100vw, 150px\" data-attachment-id=\"10001902\" data-permalink=\"https:\/\/www.caicagliari.it\/cicloescursionismo\/p4050028\/\" data-orig-file=\"https:\/\/i0.wp.com\/www.caicagliari.it\/cicloescursionismo\/wp-content\/uploads\/sites\/4\/2022\/03\/P4050028-scaled.jpg?fit=2560%2C1920&amp;ssl=1\" data-orig-size=\"2560,1920\" data-comments-opened=\"0\" data-image-meta=\"{&quot;aperture&quot;:&quot;2.8&quot;,&quot;credit&quot;:&quot;&quot;,&quot;camera&quot;:&quot;TG-6&quot;,&quot;caption&quot;:&quot;&quot;,&quot;created_timestamp&quot;:&quot;1617621444&quot;,&quot;copyright&quot;:&quot;&quot;,&quot;focal_length&quot;:&quot;4.5&quot;,&quot;iso&quot;:&quot;100&quot;,&quot;shutter_speed&quot;:&quot;0.002&quot;,&quot;title&quot;:&quot;&quot;,&quot;orientation&quot;:&quot;1&quot;}\" data-image-title=\"P4050028\" data-image-description=\"\" data-image-caption=\"\" data-medium-file=\"https:\/\/i0.wp.com\/www.caicagliari.it\/cicloescursionismo\/wp-content\/uploads\/sites\/4\/2022\/03\/P4050028-scaled.jpg?fit=300%2C225&amp;ssl=1\" data-large-file=\"https:\/\/i0.wp.com\/www.caicagliari.it\/cicloescursionismo\/wp-content\/uploads\/sites\/4\/2022\/03\/P4050028-scaled.jpg?fit=1024%2C768&amp;ssl=1\" \/><\/a> <a class=\"title\" href=\"https:\/\/www.caicagliari.it\/cicloescursionismo\/2022\/03\/30\/9-aprile-mtb-la-via-delle-peonie\/\">9 Aprile &#8211; (MTB) La via delle Peonie<\/a> <span class=\"excerpt-dash\">-<\/span> <span class=\"excerpt\">4\u00b0 Cicloescursione stagionale &#8211; 9 Aprile &#8211; (MTB) La via delle Peonie In questa cicloescursione saliremo nei pressi del monte Serpedd\u00ec, dove in particolari aree nascono rigogliose le peonie, ma per ammirare questo spettacolo della natura dovremo affrontare delle lunghe &hellip; <a href=\"https:\/\/www.caicagliari.it\/cicloescursionismo\/2022\/03\/30\/9-aprile-mtb-la-via-delle-peonie\/\">Continua<\/a><\/span><\/li><li class=\"listing-item\"><a class=\"image\" href=\"https:\/\/www.caicagliari.it\/cicloescursionismo\/2022\/03\/07\/19-marzo-mtb-funtana-raminosa-e-la-foresta-di-corongia\/\"><img loading=\"lazy\" decoding=\"async\" width=\"150\" height=\"150\" src=\"https:\/\/i0.wp.com\/www.caicagliari.it\/cicloescursionismo\/wp-content\/uploads\/sites\/4\/2022\/05\/Gadoni-4-1024x485-1.jpg?resize=150%2C150&amp;ssl=1\" class=\"attachment-thumbnail size-thumbnail wp-post-image\" alt=\"\" srcset=\"https:\/\/i0.wp.com\/www.caicagliari.it\/cicloescursionismo\/wp-content\/uploads\/sites\/4\/2022\/05\/Gadoni-4-1024x485-1.jpg?resize=150%2C150&amp;ssl=1 150w, https:\/\/i0.wp.com\/www.caicagliari.it\/cicloescursionismo\/wp-content\/uploads\/sites\/4\/2022\/05\/Gadoni-4-1024x485-1.jpg?zoom=2&amp;resize=150%2C150&amp;ssl=1 300w, https:\/\/i0.wp.com\/www.caicagliari.it\/cicloescursionismo\/wp-content\/uploads\/sites\/4\/2022\/05\/Gadoni-4-1024x485-1.jpg?zoom=3&amp;resize=150%2C150&amp;ssl=1 450w\" sizes=\"auto, (max-width: 150px) 100vw, 150px\" data-attachment-id=\"10001939\" data-permalink=\"https:\/\/www.caicagliari.it\/cicloescursionismo\/gadoni-4-1024x485\/\" data-orig-file=\"https:\/\/i0.wp.com\/www.caicagliari.it\/cicloescursionismo\/wp-content\/uploads\/sites\/4\/2022\/05\/Gadoni-4-1024x485-1.jpg?fit=1024%2C485&amp;ssl=1\" data-orig-size=\"1024,485\" data-comments-opened=\"0\" data-image-meta=\"{&quot;aperture&quot;:&quot;0&quot;,&quot;credit&quot;:&quot;&quot;,&quot;camera&quot;:&quot;&quot;,&quot;caption&quot;:&quot;&quot;,&quot;created_timestamp&quot;:&quot;0&quot;,&quot;copyright&quot;:&quot;&quot;,&quot;focal_length&quot;:&quot;0&quot;,&quot;iso&quot;:&quot;0&quot;,&quot;shutter_speed&quot;:&quot;0&quot;,&quot;title&quot;:&quot;&quot;,&quot;orientation&quot;:&quot;1&quot;}\" data-image-title=\"Gadoni-4-1024&amp;#215;485\" data-image-description=\"\" data-image-caption=\"\" data-medium-file=\"https:\/\/i0.wp.com\/www.caicagliari.it\/cicloescursionismo\/wp-content\/uploads\/sites\/4\/2022\/05\/Gadoni-4-1024x485-1.jpg?fit=300%2C142&amp;ssl=1\" data-large-file=\"https:\/\/i0.wp.com\/www.caicagliari.it\/cicloescursionismo\/wp-content\/uploads\/sites\/4\/2022\/05\/Gadoni-4-1024x485-1.jpg?fit=1024%2C485&amp;ssl=1\" \/><\/a> <a class=\"title\" href=\"https:\/\/www.caicagliari.it\/cicloescursionismo\/2022\/03\/07\/19-marzo-mtb-funtana-raminosa-e-la-foresta-di-corongia\/\">7 Maggio (inizialmente programmata per il 19 Marzo)  &#8211; (MTB) Funtana Raminosa e la foresta di Corongia<\/a> <span class=\"excerpt-dash\">-<\/span> <span class=\"excerpt\">3\u00b0 Cicloescursione stagionale &#8211; 14 Maggio (inizialmente programmata per il 19 Marzo)\u00a0&#8211; (MTB) Funtana Raminosa e la foresta di Corongia La terza ciclo escursione stagionale, si svolge quasi completamente nel territorio di Gadoni, ai confini della barbagia, tra le spoglie &hellip; <a href=\"https:\/\/www.caicagliari.it\/cicloescursionismo\/2022\/03\/07\/19-marzo-mtb-funtana-raminosa-e-la-foresta-di-corongia\/\">Continua<\/a><\/span><\/li><li class=\"listing-item\"><a class=\"image\" href=\"https:\/\/www.caicagliari.it\/cicloescursionismo\/2022\/02\/15\/20-febbraio-mtb-il-parco-naturale-di-molentargius-in-mountain-bike\/\"><img loading=\"lazy\" decoding=\"async\" width=\"150\" height=\"150\" src=\"https:\/\/i0.wp.com\/www.caicagliari.it\/cicloescursionismo\/wp-content\/uploads\/sites\/4\/2022\/02\/2022_02_20-Molentargius-scaled.jpg?resize=150%2C150&amp;ssl=1\" class=\"attachment-thumbnail size-thumbnail wp-post-image\" alt=\"\" srcset=\"https:\/\/i0.wp.com\/www.caicagliari.it\/cicloescursionismo\/wp-content\/uploads\/sites\/4\/2022\/02\/2022_02_20-Molentargius-scaled.jpg?resize=150%2C150&amp;ssl=1 150w, https:\/\/i0.wp.com\/www.caicagliari.it\/cicloescursionismo\/wp-content\/uploads\/sites\/4\/2022\/02\/2022_02_20-Molentargius-scaled.jpg?zoom=2&amp;resize=150%2C150&amp;ssl=1 300w, https:\/\/i0.wp.com\/www.caicagliari.it\/cicloescursionismo\/wp-content\/uploads\/sites\/4\/2022\/02\/2022_02_20-Molentargius-scaled.jpg?zoom=3&amp;resize=150%2C150&amp;ssl=1 450w\" sizes=\"auto, (max-width: 150px) 100vw, 150px\" data-attachment-id=\"10001877\" data-permalink=\"https:\/\/www.caicagliari.it\/cicloescursionismo\/2022_02_20-molentargius-2\/\" data-orig-file=\"https:\/\/i0.wp.com\/www.caicagliari.it\/cicloescursionismo\/wp-content\/uploads\/sites\/4\/2022\/02\/2022_02_20-Molentargius-scaled.jpg?fit=2560%2C1920&amp;ssl=1\" data-orig-size=\"2560,1920\" data-comments-opened=\"0\" data-image-meta=\"{&quot;aperture&quot;:&quot;0&quot;,&quot;credit&quot;:&quot;&quot;,&quot;camera&quot;:&quot;&quot;,&quot;caption&quot;:&quot;&quot;,&quot;created_timestamp&quot;:&quot;0&quot;,&quot;copyright&quot;:&quot;&quot;,&quot;focal_length&quot;:&quot;0&quot;,&quot;iso&quot;:&quot;0&quot;,&quot;shutter_speed&quot;:&quot;0&quot;,&quot;title&quot;:&quot;&quot;,&quot;orientation&quot;:&quot;0&quot;}\" data-image-title=\"2022_02_20 Molentargius\" data-image-description=\"\" data-image-caption=\"\" data-medium-file=\"https:\/\/i0.wp.com\/www.caicagliari.it\/cicloescursionismo\/wp-content\/uploads\/sites\/4\/2022\/02\/2022_02_20-Molentargius-scaled.jpg?fit=300%2C225&amp;ssl=1\" data-large-file=\"https:\/\/i0.wp.com\/www.caicagliari.it\/cicloescursionismo\/wp-content\/uploads\/sites\/4\/2022\/02\/2022_02_20-Molentargius-scaled.jpg?fit=1024%2C768&amp;ssl=1\" \/><\/a> <a class=\"title\" href=\"https:\/\/www.caicagliari.it\/cicloescursionismo\/2022\/02\/15\/20-febbraio-mtb-il-parco-naturale-di-molentargius-in-mountain-bike\/\">20 Febbraio  &#8211; (MTB) Il Parco Naturale di Molentargius in Mountain bike<\/a> <span class=\"excerpt-dash\">-<\/span> <span class=\"excerpt\">2\u00b0 Cicloescursione stagionale &#8211; 20 Febbraio &#8211; (MTB) Il Parco Naturale di Molentargius in Mountain bike **Evento inserito nei festeggiamenti dei 90 anni della sezione CAI di Cagliari** Questa cicloescursione nasce con l\u2019intento, sia di promuovere i percorsi ciclopedonali all\u2019interno &hellip; <a href=\"https:\/\/www.caicagliari.it\/cicloescursionismo\/2022\/02\/15\/20-febbraio-mtb-il-parco-naturale-di-molentargius-in-mountain-bike\/\">Continua<\/a><\/span><\/li><li class=\"listing-item\"><a class=\"image\" href=\"https:\/\/www.caicagliari.it\/cicloescursionismo\/2022\/01\/26\/5-febbraio-mtb-deliziosa-santandrea-frius\/\"><img loading=\"lazy\" decoding=\"async\" width=\"150\" height=\"150\" src=\"https:\/\/i0.wp.com\/www.caicagliari.it\/cicloescursionismo\/wp-content\/uploads\/sites\/4\/2022\/01\/2022_02_05-Santandrea-scaled.jpg?resize=150%2C150&amp;ssl=1\" class=\"attachment-thumbnail size-thumbnail wp-post-image\" alt=\"\" srcset=\"https:\/\/i0.wp.com\/www.caicagliari.it\/cicloescursionismo\/wp-content\/uploads\/sites\/4\/2022\/01\/2022_02_05-Santandrea-scaled.jpg?resize=150%2C150&amp;ssl=1 150w, https:\/\/i0.wp.com\/www.caicagliari.it\/cicloescursionismo\/wp-content\/uploads\/sites\/4\/2022\/01\/2022_02_05-Santandrea-scaled.jpg?zoom=2&amp;resize=150%2C150&amp;ssl=1 300w, https:\/\/i0.wp.com\/www.caicagliari.it\/cicloescursionismo\/wp-content\/uploads\/sites\/4\/2022\/01\/2022_02_05-Santandrea-scaled.jpg?zoom=3&amp;resize=150%2C150&amp;ssl=1 450w\" sizes=\"auto, (max-width: 150px) 100vw, 150px\" data-attachment-id=\"10001863\" data-permalink=\"https:\/\/www.caicagliari.it\/cicloescursionismo\/2022_02_05-santandrea\/\" data-orig-file=\"https:\/\/i0.wp.com\/www.caicagliari.it\/cicloescursionismo\/wp-content\/uploads\/sites\/4\/2022\/01\/2022_02_05-Santandrea-scaled.jpg?fit=2560%2C1440&amp;ssl=1\" data-orig-size=\"2560,1440\" data-comments-opened=\"0\" data-image-meta=\"{&quot;aperture&quot;:&quot;0&quot;,&quot;credit&quot;:&quot;&quot;,&quot;camera&quot;:&quot;&quot;,&quot;caption&quot;:&quot;&quot;,&quot;created_timestamp&quot;:&quot;0&quot;,&quot;copyright&quot;:&quot;&quot;,&quot;focal_length&quot;:&quot;0&quot;,&quot;iso&quot;:&quot;0&quot;,&quot;shutter_speed&quot;:&quot;0&quot;,&quot;title&quot;:&quot;&quot;,&quot;orientation&quot;:&quot;0&quot;}\" data-image-title=\"2022_02_05 Santandrea\" data-image-description=\"\" data-image-caption=\"\" data-medium-file=\"https:\/\/i0.wp.com\/www.caicagliari.it\/cicloescursionismo\/wp-content\/uploads\/sites\/4\/2022\/01\/2022_02_05-Santandrea-scaled.jpg?fit=300%2C169&amp;ssl=1\" data-large-file=\"https:\/\/i0.wp.com\/www.caicagliari.it\/cicloescursionismo\/wp-content\/uploads\/sites\/4\/2022\/01\/2022_02_05-Santandrea-scaled.jpg?fit=1024%2C576&amp;ssl=1\" \/><\/a> <a class=\"title\" href=\"https:\/\/www.caicagliari.it\/cicloescursionismo\/2022\/01\/26\/5-febbraio-mtb-deliziosa-santandrea-frius\/\">5 Febbraio  &#8211; (MTB) Deliziosa Sant&#8217;Andrea Frius<\/a> <span class=\"excerpt-dash\">-<\/span> <span class=\"excerpt\">Cicloescursione stagionale &#8211; 5 Febbraio &#8211; (MTB) Deliziosa Sant&#8217;Andrea Frius Cicloescursione fuori calendario che ci far\u00e0 pedalare e conoscere il poco conosciuto territorio di Sant&#8217;Andrea Frius. &#8211; Lunghezza: 30,6 Km\u00a0 &#8211; Dislivello: 850 metri &#8211; Impegno fisico: medio &#8211; Difficolt\u00e0: &hellip; <a href=\"https:\/\/www.caicagliari.it\/cicloescursionismo\/2022\/01\/26\/5-febbraio-mtb-deliziosa-santandrea-frius\/\">Continua<\/a><\/span><\/li><li class=\"listing-item\"><a class=\"image\" href=\"https:\/\/www.caicagliari.it\/cicloescursionismo\/2021\/12\/27\/15-gennaio-mtb-la-salita-di-carraras\/\"><img loading=\"lazy\" decoding=\"async\" width=\"150\" height=\"150\" src=\"https:\/\/i0.wp.com\/www.caicagliari.it\/cicloescursionismo\/wp-content\/uploads\/sites\/4\/2021\/12\/2022_01_15-Domusnovas-scaled.jpg?resize=150%2C150&amp;ssl=1\" class=\"attachment-thumbnail size-thumbnail wp-post-image\" alt=\"\" srcset=\"https:\/\/i0.wp.com\/www.caicagliari.it\/cicloescursionismo\/wp-content\/uploads\/sites\/4\/2021\/12\/2022_01_15-Domusnovas-scaled.jpg?resize=150%2C150&amp;ssl=1 150w, https:\/\/i0.wp.com\/www.caicagliari.it\/cicloescursionismo\/wp-content\/uploads\/sites\/4\/2021\/12\/2022_01_15-Domusnovas-scaled.jpg?zoom=2&amp;resize=150%2C150&amp;ssl=1 300w, https:\/\/i0.wp.com\/www.caicagliari.it\/cicloescursionismo\/wp-content\/uploads\/sites\/4\/2021\/12\/2022_01_15-Domusnovas-scaled.jpg?zoom=3&amp;resize=150%2C150&amp;ssl=1 450w\" sizes=\"auto, (max-width: 150px) 100vw, 150px\" data-attachment-id=\"10001842\" data-permalink=\"https:\/\/www.caicagliari.it\/cicloescursionismo\/2022_01_15-domusnovas\/\" data-orig-file=\"https:\/\/i0.wp.com\/www.caicagliari.it\/cicloescursionismo\/wp-content\/uploads\/sites\/4\/2021\/12\/2022_01_15-Domusnovas-scaled.jpg?fit=2560%2C1920&amp;ssl=1\" data-orig-size=\"2560,1920\" data-comments-opened=\"0\" data-image-meta=\"{&quot;aperture&quot;:&quot;2.8&quot;,&quot;credit&quot;:&quot;&quot;,&quot;camera&quot;:&quot;COOLPIX AW130&quot;,&quot;caption&quot;:&quot;&quot;,&quot;created_timestamp&quot;:&quot;1635594315&quot;,&quot;copyright&quot;:&quot;&quot;,&quot;focal_length&quot;:&quot;4.3&quot;,&quot;iso&quot;:&quot;200&quot;,&quot;shutter_speed&quot;:&quot;0.033333333333333&quot;,&quot;title&quot;:&quot;&quot;,&quot;orientation&quot;:&quot;1&quot;}\" data-image-title=\"2022_01_15 Domusnovas\" data-image-description=\"\" data-image-caption=\"\" data-medium-file=\"https:\/\/i0.wp.com\/www.caicagliari.it\/cicloescursionismo\/wp-content\/uploads\/sites\/4\/2021\/12\/2022_01_15-Domusnovas-scaled.jpg?fit=300%2C225&amp;ssl=1\" data-large-file=\"https:\/\/i0.wp.com\/www.caicagliari.it\/cicloescursionismo\/wp-content\/uploads\/sites\/4\/2021\/12\/2022_01_15-Domusnovas-scaled.jpg?fit=1024%2C768&amp;ssl=1\" \/><\/a> <a class=\"title\" href=\"https:\/\/www.caicagliari.it\/cicloescursionismo\/2021\/12\/27\/15-gennaio-mtb-la-salita-di-carraras\/\">15 Gennaio  &#8211; (MTB) La salita di Carraras<\/a> <span class=\"excerpt-dash\">-<\/span> <span class=\"excerpt\">1 Cicloescursione stagionale &#8211; 15 Gennaio\u00a0&#8211; (MTB) La salita di Carraras La prima cicloescursione del 2022 si svolger\u00e0 nei territori di Iglesias e Domusnovas, pedalando attraverso campi coltivati, maestosi insediamenti nuragici, testimonianze minerarie e una rigogliosa natura dove potremo immergerci &hellip; <a href=\"https:\/\/www.caicagliari.it\/cicloescursionismo\/2021\/12\/27\/15-gennaio-mtb-la-salita-di-carraras\/\">Continua<\/a><\/span><\/li><li class=\"listing-item\"><a class=\"image\" href=\"https:\/\/www.caicagliari.it\/cicloescursionismo\/2021\/11\/28\/18-dicembre-mtb-armungia-in-mtb\/\"><img loading=\"lazy\" decoding=\"async\" width=\"150\" height=\"150\" src=\"https:\/\/i0.wp.com\/www.caicagliari.it\/cicloescursionismo\/wp-content\/uploads\/sites\/4\/2021\/11\/2021_12_18-Armungia.jpg?resize=150%2C150&amp;ssl=1\" class=\"attachment-thumbnail size-thumbnail wp-post-image\" alt=\"\" srcset=\"https:\/\/i0.wp.com\/www.caicagliari.it\/cicloescursionismo\/wp-content\/uploads\/sites\/4\/2021\/11\/2021_12_18-Armungia.jpg?resize=150%2C150&amp;ssl=1 150w, https:\/\/i0.wp.com\/www.caicagliari.it\/cicloescursionismo\/wp-content\/uploads\/sites\/4\/2021\/11\/2021_12_18-Armungia.jpg?zoom=2&amp;resize=150%2C150&amp;ssl=1 300w, https:\/\/i0.wp.com\/www.caicagliari.it\/cicloescursionismo\/wp-content\/uploads\/sites\/4\/2021\/11\/2021_12_18-Armungia.jpg?zoom=3&amp;resize=150%2C150&amp;ssl=1 450w\" sizes=\"auto, (max-width: 150px) 100vw, 150px\" data-attachment-id=\"10001834\" data-permalink=\"https:\/\/www.caicagliari.it\/cicloescursionismo\/cicloescursioni\/2021_12_18-armungia\/\" data-orig-file=\"https:\/\/i0.wp.com\/www.caicagliari.it\/cicloescursionismo\/wp-content\/uploads\/sites\/4\/2021\/11\/2021_12_18-Armungia.jpg?fit=868%2C474&amp;ssl=1\" data-orig-size=\"868,474\" data-comments-opened=\"0\" data-image-meta=\"{&quot;aperture&quot;:&quot;0&quot;,&quot;credit&quot;:&quot;&quot;,&quot;camera&quot;:&quot;&quot;,&quot;caption&quot;:&quot;&quot;,&quot;created_timestamp&quot;:&quot;0&quot;,&quot;copyright&quot;:&quot;&quot;,&quot;focal_length&quot;:&quot;0&quot;,&quot;iso&quot;:&quot;0&quot;,&quot;shutter_speed&quot;:&quot;0&quot;,&quot;title&quot;:&quot;&quot;,&quot;orientation&quot;:&quot;0&quot;}\" data-image-title=\"2021_12_18 Armungia\" data-image-description=\"\" data-image-caption=\"\" data-medium-file=\"https:\/\/i0.wp.com\/www.caicagliari.it\/cicloescursionismo\/wp-content\/uploads\/sites\/4\/2021\/11\/2021_12_18-Armungia.jpg?fit=300%2C164&amp;ssl=1\" data-large-file=\"https:\/\/i0.wp.com\/www.caicagliari.it\/cicloescursionismo\/wp-content\/uploads\/sites\/4\/2021\/11\/2021_12_18-Armungia.jpg?fit=868%2C474&amp;ssl=1\" \/><\/a> <a class=\"title\" href=\"https:\/\/www.caicagliari.it\/cicloescursionismo\/2021\/11\/28\/18-dicembre-mtb-armungia-in-mtb\/\">18 Dicembre  &#8211; (MTB) Armungia in MTB<\/a> <span class=\"excerpt-dash\">-<\/span> <span class=\"excerpt\">14 Cicloescursione stagionale &#8211; 18 Dicembre &#8211; (MTB) Armungia in MTB L&#8217; ultima ciclo-escursione dell&#8217;anno si svolger\u00e0 per lo pi\u00f9 nel territorio del comune di Armungia e in parte in quello di Ballao. Armungia \u00e8 un piccolo centro del Gerrei &hellip; <a href=\"https:\/\/www.caicagliari.it\/cicloescursionismo\/2021\/11\/28\/18-dicembre-mtb-armungia-in-mtb\/\">Continua<\/a><\/span><\/li><li class=\"listing-item\"><a class=\"image\" href=\"https:\/\/www.caicagliari.it\/cicloescursionismo\/2021\/11\/02\/13-novembre-mtb-pedalando-sulle-colline-di-villaspeciosa\/\"><img loading=\"lazy\" decoding=\"async\" width=\"150\" height=\"150\" src=\"https:\/\/i0.wp.com\/www.caicagliari.it\/cicloescursionismo\/wp-content\/uploads\/sites\/4\/2021\/11\/2021_11_13-Uta.jpg?resize=150%2C150&amp;ssl=1\" class=\"attachment-thumbnail size-thumbnail wp-post-image\" alt=\"\" srcset=\"https:\/\/i0.wp.com\/www.caicagliari.it\/cicloescursionismo\/wp-content\/uploads\/sites\/4\/2021\/11\/2021_11_13-Uta.jpg?resize=150%2C150&amp;ssl=1 150w, https:\/\/i0.wp.com\/www.caicagliari.it\/cicloescursionismo\/wp-content\/uploads\/sites\/4\/2021\/11\/2021_11_13-Uta.jpg?zoom=2&amp;resize=150%2C150&amp;ssl=1 300w, https:\/\/i0.wp.com\/www.caicagliari.it\/cicloescursionismo\/wp-content\/uploads\/sites\/4\/2021\/11\/2021_11_13-Uta.jpg?zoom=3&amp;resize=150%2C150&amp;ssl=1 450w\" sizes=\"auto, (max-width: 150px) 100vw, 150px\" data-attachment-id=\"10001825\" data-permalink=\"https:\/\/www.caicagliari.it\/cicloescursionismo\/cicloescursioni\/2021_11_13-uta\/\" data-orig-file=\"https:\/\/i0.wp.com\/www.caicagliari.it\/cicloescursionismo\/wp-content\/uploads\/sites\/4\/2021\/11\/2021_11_13-Uta.jpg?fit=1024%2C768&amp;ssl=1\" data-orig-size=\"1024,768\" data-comments-opened=\"0\" data-image-meta=\"{&quot;aperture&quot;:&quot;0&quot;,&quot;credit&quot;:&quot;&quot;,&quot;camera&quot;:&quot;&quot;,&quot;caption&quot;:&quot;&quot;,&quot;created_timestamp&quot;:&quot;0&quot;,&quot;copyright&quot;:&quot;&quot;,&quot;focal_length&quot;:&quot;0&quot;,&quot;iso&quot;:&quot;0&quot;,&quot;shutter_speed&quot;:&quot;0&quot;,&quot;title&quot;:&quot;&quot;,&quot;orientation&quot;:&quot;0&quot;}\" data-image-title=\"2021_11_13 Uta\" data-image-description=\"\" data-image-caption=\"\" data-medium-file=\"https:\/\/i0.wp.com\/www.caicagliari.it\/cicloescursionismo\/wp-content\/uploads\/sites\/4\/2021\/11\/2021_11_13-Uta.jpg?fit=300%2C225&amp;ssl=1\" data-large-file=\"https:\/\/i0.wp.com\/www.caicagliari.it\/cicloescursionismo\/wp-content\/uploads\/sites\/4\/2021\/11\/2021_11_13-Uta.jpg?fit=1024%2C768&amp;ssl=1\" \/><\/a> <a class=\"title\" href=\"https:\/\/www.caicagliari.it\/cicloescursionismo\/2021\/11\/02\/13-novembre-mtb-pedalando-sulle-colline-di-villaspeciosa\/\">13 Novembre  &#8211; (MTB) Pedalando sulle colline di Villaspeciosa<\/a> <span class=\"excerpt-dash\">-<\/span> <span class=\"excerpt\">13 Cicloescursione stagionale &#8211; 13 Novembre &#8211; (MTB) Pedalando sulle colline di Villaspeciosa &nbsp; Abitando ad Uta ho eletto ormai da anni questo percorso come zona di allenamento e posso dire di conoscerne ogni angolo e ogni segreto, come si &hellip; <a href=\"https:\/\/www.caicagliari.it\/cicloescursionismo\/2021\/11\/02\/13-novembre-mtb-pedalando-sulle-colline-di-villaspeciosa\/\">Continua<\/a><\/span><\/li><li class=\"listing-item\"><a class=\"image\" href=\"https:\/\/www.caicagliari.it\/cicloescursionismo\/2021\/10\/05\/24-ottobre-mtb-il-riu-de-ulassai-ed-il-nuraghe-sulimu\/\"><img loading=\"lazy\" decoding=\"async\" width=\"150\" height=\"150\" src=\"https:\/\/i0.wp.com\/www.caicagliari.it\/cicloescursionismo\/wp-content\/uploads\/sites\/4\/2021\/09\/2021_10_24-Ulassai-scaled.jpg?resize=150%2C150&amp;ssl=1\" class=\"attachment-thumbnail size-thumbnail wp-post-image\" alt=\"\" srcset=\"https:\/\/i0.wp.com\/www.caicagliari.it\/cicloescursionismo\/wp-content\/uploads\/sites\/4\/2021\/09\/2021_10_24-Ulassai-scaled.jpg?resize=150%2C150&amp;ssl=1 150w, https:\/\/i0.wp.com\/www.caicagliari.it\/cicloescursionismo\/wp-content\/uploads\/sites\/4\/2021\/09\/2021_10_24-Ulassai-scaled.jpg?zoom=2&amp;resize=150%2C150&amp;ssl=1 300w, https:\/\/i0.wp.com\/www.caicagliari.it\/cicloescursionismo\/wp-content\/uploads\/sites\/4\/2021\/09\/2021_10_24-Ulassai-scaled.jpg?zoom=3&amp;resize=150%2C150&amp;ssl=1 450w\" sizes=\"auto, (max-width: 150px) 100vw, 150px\" data-attachment-id=\"10001804\" data-permalink=\"https:\/\/www.caicagliari.it\/cicloescursionismo\/2021_10_24-ulassai\/\" data-orig-file=\"https:\/\/i0.wp.com\/www.caicagliari.it\/cicloescursionismo\/wp-content\/uploads\/sites\/4\/2021\/09\/2021_10_24-Ulassai-scaled.jpg?fit=2560%2C1920&amp;ssl=1\" data-orig-size=\"2560,1920\" data-comments-opened=\"0\" data-image-meta=\"{&quot;aperture&quot;:&quot;3.5&quot;,&quot;credit&quot;:&quot;&quot;,&quot;camera&quot;:&quot;TG-6&quot;,&quot;caption&quot;:&quot;&quot;,&quot;created_timestamp&quot;:&quot;1614504801&quot;,&quot;copyright&quot;:&quot;&quot;,&quot;focal_length&quot;:&quot;6.83&quot;,&quot;iso&quot;:&quot;100&quot;,&quot;shutter_speed&quot;:&quot;0.00625&quot;,&quot;title&quot;:&quot;&quot;,&quot;orientation&quot;:&quot;1&quot;}\" data-image-title=\"2021_10_24 Ulassai\" data-image-description=\"\" data-image-caption=\"\" data-medium-file=\"https:\/\/i0.wp.com\/www.caicagliari.it\/cicloescursionismo\/wp-content\/uploads\/sites\/4\/2021\/09\/2021_10_24-Ulassai-scaled.jpg?fit=300%2C225&amp;ssl=1\" data-large-file=\"https:\/\/i0.wp.com\/www.caicagliari.it\/cicloescursionismo\/wp-content\/uploads\/sites\/4\/2021\/09\/2021_10_24-Ulassai-scaled.jpg?fit=1024%2C768&amp;ssl=1\" \/><\/a> <a class=\"title\" href=\"https:\/\/www.caicagliari.it\/cicloescursionismo\/2021\/10\/05\/24-ottobre-mtb-il-riu-de-ulassai-ed-il-nuraghe-sulimu\/\">24 Ottobre  &#8211; (MTB) Il riu de Ulassai ed il nuraghe S\u2019Ulimu<\/a> <span class=\"excerpt-dash\">-<\/span> <span class=\"excerpt\">12 Cicloescursione stagionale &#8211; 24 ottobre &#8211; (MTB) Il riu de Ulassai ed il nuraghe S\u2019Ulimu &nbsp; Questa cicloescursione ci porter\u00e0 a pedalare a sud di Ulassai, nei territori di competenza della gi\u00e0 citata Ulassai, di Jerzu e Perdasdefogu. Questo &hellip; <a href=\"https:\/\/www.caicagliari.it\/cicloescursionismo\/2021\/10\/05\/24-ottobre-mtb-il-riu-de-ulassai-ed-il-nuraghe-sulimu\/\">Continua<\/a><\/span><\/li><li class=\"listing-item\"><a class=\"title\" href=\"https:\/\/www.caicagliari.it\/cicloescursionismo\/2021\/10\/05\/23-ottobre-mtb-i-tacchi-di-ulassai\/\">23 Ottobre  &#8211; (MTB) I tacchi di Ulassai<\/a> <span class=\"excerpt-dash\">-<\/span> <span class=\"excerpt\">11 Cicloescursione stagionale &#8211; 23 ottobre &#8211; (MTB) I tacchi di Ulassai &nbsp; Questa cicloescursione ci porter\u00e0 a pedalare nei tacchi calcarei limitrofi ad Ulassai dove potremo ammirare una natura rigogliosa, dei panorami mozzafiato e maestose testimonianze del periodo nuragico. &hellip; <a href=\"https:\/\/www.caicagliari.it\/cicloescursionismo\/2021\/10\/05\/23-ottobre-mtb-i-tacchi-di-ulassai\/\">Continua<\/a><\/span><\/li><li class=\"listing-item\"><a class=\"image\" href=\"https:\/\/www.caicagliari.it\/cicloescursionismo\/2021\/09\/14\/sulcisminerario\/\"><img loading=\"lazy\" decoding=\"async\" width=\"150\" height=\"150\" src=\"https:\/\/i0.wp.com\/www.caicagliari.it\/cicloescursionismo\/wp-content\/uploads\/sites\/4\/2021\/09\/2021_09_25-Sulcis-Minerario.jpg?resize=150%2C150&amp;ssl=1\" class=\"attachment-thumbnail size-thumbnail wp-post-image\" alt=\"\" srcset=\"https:\/\/i0.wp.com\/www.caicagliari.it\/cicloescursionismo\/wp-content\/uploads\/sites\/4\/2021\/09\/2021_09_25-Sulcis-Minerario.jpg?resize=150%2C150&amp;ssl=1 150w, https:\/\/i0.wp.com\/www.caicagliari.it\/cicloescursionismo\/wp-content\/uploads\/sites\/4\/2021\/09\/2021_09_25-Sulcis-Minerario.jpg?zoom=2&amp;resize=150%2C150&amp;ssl=1 300w, https:\/\/i0.wp.com\/www.caicagliari.it\/cicloescursionismo\/wp-content\/uploads\/sites\/4\/2021\/09\/2021_09_25-Sulcis-Minerario.jpg?zoom=3&amp;resize=150%2C150&amp;ssl=1 450w\" sizes=\"auto, (max-width: 150px) 100vw, 150px\" data-attachment-id=\"10001807\" data-permalink=\"https:\/\/www.caicagliari.it\/cicloescursionismo\/2021_09_25-sulcis-minerario\/\" data-orig-file=\"https:\/\/i0.wp.com\/www.caicagliari.it\/cicloescursionismo\/wp-content\/uploads\/sites\/4\/2021\/09\/2021_09_25-Sulcis-Minerario.jpg?fit=1473%2C452&amp;ssl=1\" data-orig-size=\"1473,452\" data-comments-opened=\"0\" data-image-meta=\"{&quot;aperture&quot;:&quot;0&quot;,&quot;credit&quot;:&quot;&quot;,&quot;camera&quot;:&quot;&quot;,&quot;caption&quot;:&quot;&quot;,&quot;created_timestamp&quot;:&quot;0&quot;,&quot;copyright&quot;:&quot;&quot;,&quot;focal_length&quot;:&quot;0&quot;,&quot;iso&quot;:&quot;0&quot;,&quot;shutter_speed&quot;:&quot;0&quot;,&quot;title&quot;:&quot;&quot;,&quot;orientation&quot;:&quot;0&quot;}\" data-image-title=\"2021_09_25 Sulcis Minerario\" data-image-description=\"\" data-image-caption=\"\" data-medium-file=\"https:\/\/i0.wp.com\/www.caicagliari.it\/cicloescursionismo\/wp-content\/uploads\/sites\/4\/2021\/09\/2021_09_25-Sulcis-Minerario.jpg?fit=300%2C92&amp;ssl=1\" data-large-file=\"https:\/\/i0.wp.com\/www.caicagliari.it\/cicloescursionismo\/wp-content\/uploads\/sites\/4\/2021\/09\/2021_09_25-Sulcis-Minerario.jpg?fit=1024%2C314&amp;ssl=1\" \/><\/a> <a class=\"title\" href=\"https:\/\/www.caicagliari.it\/cicloescursionismo\/2021\/09\/14\/sulcisminerario\/\">25 Settembre  &#8211; (MTB) Sulcis minerario<\/a> <span class=\"excerpt-dash\">-<\/span> <span class=\"excerpt\">Cicloescursione stagionale &#8211; 25 settembre &#8211; (MTB) Sulcis minerario Questa cicloescursione ci far\u00e0 pedalare tra le foreste del futuro (speriamo!) parco regionale del Sulcis, avente un&#8217;estensione di 68.868 ettari, che comprende e tutela gran parte dell\u2019entroterra verde e montuoso della &hellip; <a href=\"https:\/\/www.caicagliari.it\/cicloescursionismo\/2021\/09\/14\/sulcisminerario\/\">Continua<\/a><\/span><\/li><li class=\"listing-item\"><a class=\"image\" href=\"https:\/\/www.caicagliari.it\/cicloescursionismo\/2021\/08\/22\/4-settembre-mtb-la-valle-di-lanaitho\/\"><img loading=\"lazy\" decoding=\"async\" width=\"150\" height=\"150\" src=\"https:\/\/i0.wp.com\/www.caicagliari.it\/cicloescursionismo\/wp-content\/uploads\/sites\/4\/2021\/08\/2021_09_04-Cicloescursione-Lanaitho-scaled.jpg?resize=150%2C150&amp;ssl=1\" class=\"attachment-thumbnail size-thumbnail wp-post-image\" alt=\"\" srcset=\"https:\/\/i0.wp.com\/www.caicagliari.it\/cicloescursionismo\/wp-content\/uploads\/sites\/4\/2021\/08\/2021_09_04-Cicloescursione-Lanaitho-scaled.jpg?resize=150%2C150&amp;ssl=1 150w, https:\/\/i0.wp.com\/www.caicagliari.it\/cicloescursionismo\/wp-content\/uploads\/sites\/4\/2021\/08\/2021_09_04-Cicloescursione-Lanaitho-scaled.jpg?zoom=2&amp;resize=150%2C150&amp;ssl=1 300w, https:\/\/i0.wp.com\/www.caicagliari.it\/cicloescursionismo\/wp-content\/uploads\/sites\/4\/2021\/08\/2021_09_04-Cicloescursione-Lanaitho-scaled.jpg?zoom=3&amp;resize=150%2C150&amp;ssl=1 450w\" sizes=\"auto, (max-width: 150px) 100vw, 150px\" data-attachment-id=\"10001797\" data-permalink=\"https:\/\/www.caicagliari.it\/cicloescursionismo\/cicloescursioni\/2021_09_04-cicloescursione-lanaitho\/\" data-orig-file=\"https:\/\/i0.wp.com\/www.caicagliari.it\/cicloescursionismo\/wp-content\/uploads\/sites\/4\/2021\/08\/2021_09_04-Cicloescursione-Lanaitho-scaled.jpg?fit=2560%2C1440&amp;ssl=1\" data-orig-size=\"2560,1440\" data-comments-opened=\"0\" data-image-meta=\"{&quot;aperture&quot;:&quot;0&quot;,&quot;credit&quot;:&quot;&quot;,&quot;camera&quot;:&quot;&quot;,&quot;caption&quot;:&quot;&quot;,&quot;created_timestamp&quot;:&quot;0&quot;,&quot;copyright&quot;:&quot;&quot;,&quot;focal_length&quot;:&quot;0&quot;,&quot;iso&quot;:&quot;0&quot;,&quot;shutter_speed&quot;:&quot;0&quot;,&quot;title&quot;:&quot;&quot;,&quot;orientation&quot;:&quot;0&quot;}\" data-image-title=\"2021_09_04 Cicloescursione Lanaitho\" data-image-description=\"\" data-image-caption=\"\" data-medium-file=\"https:\/\/i0.wp.com\/www.caicagliari.it\/cicloescursionismo\/wp-content\/uploads\/sites\/4\/2021\/08\/2021_09_04-Cicloescursione-Lanaitho-scaled.jpg?fit=300%2C169&amp;ssl=1\" data-large-file=\"https:\/\/i0.wp.com\/www.caicagliari.it\/cicloescursionismo\/wp-content\/uploads\/sites\/4\/2021\/08\/2021_09_04-Cicloescursione-Lanaitho-scaled.jpg?fit=1024%2C576&amp;ssl=1\" \/><\/a> <a class=\"title\" href=\"https:\/\/www.caicagliari.it\/cicloescursionismo\/2021\/08\/22\/4-settembre-mtb-la-valle-di-lanaitho\/\">4 Settembre  &#8211; (MTB) La valle di Lanaitho<\/a> <span class=\"excerpt-dash\">-<\/span> <span class=\"excerpt\">Cicloescursione stagionale &#8211; 4 Settembre &#8211; (MTB) La valle di Lanaitho In questa cicloescursione avremo la possibilit\u00e0 di pedalare nella valle di Lanaitho, una valle ricca di tanti percorsi escursionistici, siti speleologici, storici e culturali. Nel nostro giro vedremo il &hellip; <a href=\"https:\/\/www.caicagliari.it\/cicloescursionismo\/2021\/08\/22\/4-settembre-mtb-la-valle-di-lanaitho\/\">Continua<\/a><\/span><\/li><li class=\"listing-item\"><a class=\"image\" href=\"https:\/\/www.caicagliari.it\/cicloescursionismo\/2021\/06\/05\/12-giugno-mtb-tra-i-boschi-di-villanovatulo\/\"><img loading=\"lazy\" decoding=\"async\" width=\"150\" height=\"150\" src=\"https:\/\/i0.wp.com\/www.caicagliari.it\/cicloescursionismo\/wp-content\/uploads\/sites\/4\/2020\/11\/2020_11_21-Villanovatulo-scaled.jpg?resize=150%2C150&amp;ssl=1\" class=\"attachment-thumbnail size-thumbnail wp-post-image\" alt=\"\" srcset=\"https:\/\/i0.wp.com\/www.caicagliari.it\/cicloescursionismo\/wp-content\/uploads\/sites\/4\/2020\/11\/2020_11_21-Villanovatulo-scaled.jpg?resize=150%2C150&amp;ssl=1 150w, https:\/\/i0.wp.com\/www.caicagliari.it\/cicloescursionismo\/wp-content\/uploads\/sites\/4\/2020\/11\/2020_11_21-Villanovatulo-scaled.jpg?zoom=2&amp;resize=150%2C150&amp;ssl=1 300w, https:\/\/i0.wp.com\/www.caicagliari.it\/cicloescursionismo\/wp-content\/uploads\/sites\/4\/2020\/11\/2020_11_21-Villanovatulo-scaled.jpg?zoom=3&amp;resize=150%2C150&amp;ssl=1 450w\" sizes=\"auto, (max-width: 150px) 100vw, 150px\" data-attachment-id=\"10001719\" data-permalink=\"https:\/\/www.caicagliari.it\/cicloescursionismo\/2020_11_21-villanovatulo\/\" data-orig-file=\"https:\/\/i0.wp.com\/www.caicagliari.it\/cicloescursionismo\/wp-content\/uploads\/sites\/4\/2020\/11\/2020_11_21-Villanovatulo-scaled.jpg?fit=2560%2C1920&amp;ssl=1\" data-orig-size=\"2560,1920\" data-comments-opened=\"0\" data-image-meta=\"{&quot;aperture&quot;:&quot;3.5&quot;,&quot;credit&quot;:&quot;&quot;,&quot;camera&quot;:&quot;DSC-TX30&quot;,&quot;caption&quot;:&quot;&quot;,&quot;created_timestamp&quot;:&quot;1601819630&quot;,&quot;copyright&quot;:&quot;&quot;,&quot;focal_length&quot;:&quot;4.7&quot;,&quot;iso&quot;:&quot;80&quot;,&quot;shutter_speed&quot;:&quot;0.005&quot;,&quot;title&quot;:&quot;&quot;,&quot;orientation&quot;:&quot;1&quot;}\" data-image-title=\"2020_11_21 Villanovatulo\" data-image-description=\"\" data-image-caption=\"\" data-medium-file=\"https:\/\/i0.wp.com\/www.caicagliari.it\/cicloescursionismo\/wp-content\/uploads\/sites\/4\/2020\/11\/2020_11_21-Villanovatulo-scaled.jpg?fit=300%2C225&amp;ssl=1\" data-large-file=\"https:\/\/i0.wp.com\/www.caicagliari.it\/cicloescursionismo\/wp-content\/uploads\/sites\/4\/2020\/11\/2020_11_21-Villanovatulo-scaled.jpg?fit=1024%2C768&amp;ssl=1\" \/><\/a> <a class=\"title\" href=\"https:\/\/www.caicagliari.it\/cicloescursionismo\/2021\/06\/05\/12-giugno-mtb-tra-i-boschi-di-villanovatulo\/\">12 Giugno  &#8211; (MTB) Tra i boschi di Villanovatulo<\/a> <span class=\"excerpt-dash\">-<\/span> <span class=\"excerpt\">Cicloescursione stagionale &#8211; 12 Giugno &#8211; (MTB) Tra i boschi di Villanovatulo In sostituzione della cicloescursione calendarizzata sul Gennargentu, riproponiamo la quattordicesima cicloescursione del 2020 rimandata per via delle condizioni metereologiche avverse. L&#8217;escursione si svolger\u00e0 nel centro del Sarcidano e &hellip; <a href=\"https:\/\/www.caicagliari.it\/cicloescursionismo\/2021\/06\/05\/12-giugno-mtb-tra-i-boschi-di-villanovatulo\/\">Continua<\/a><\/span><\/li><li class=\"listing-item\"><a class=\"image\" href=\"https:\/\/www.caicagliari.it\/cicloescursionismo\/2021\/05\/26\/29-maggio-mtb-barrali-tra-i-romani-e-i-prenuragici\/\"><img loading=\"lazy\" decoding=\"async\" width=\"150\" height=\"150\" src=\"https:\/\/i0.wp.com\/www.caicagliari.it\/cicloescursionismo\/wp-content\/uploads\/sites\/4\/2021\/05\/2021_05_29-Trexenta.jpeg?resize=150%2C150&amp;ssl=1\" class=\"attachment-thumbnail size-thumbnail wp-post-image\" alt=\"\" srcset=\"https:\/\/i0.wp.com\/www.caicagliari.it\/cicloescursionismo\/wp-content\/uploads\/sites\/4\/2021\/05\/2021_05_29-Trexenta.jpeg?resize=150%2C150&amp;ssl=1 150w, https:\/\/i0.wp.com\/www.caicagliari.it\/cicloescursionismo\/wp-content\/uploads\/sites\/4\/2021\/05\/2021_05_29-Trexenta.jpeg?zoom=2&amp;resize=150%2C150&amp;ssl=1 300w, https:\/\/i0.wp.com\/www.caicagliari.it\/cicloescursionismo\/wp-content\/uploads\/sites\/4\/2021\/05\/2021_05_29-Trexenta.jpeg?zoom=3&amp;resize=150%2C150&amp;ssl=1 450w\" sizes=\"auto, (max-width: 150px) 100vw, 150px\" data-attachment-id=\"10001777\" data-permalink=\"https:\/\/www.caicagliari.it\/cicloescursionismo\/2021_05_29-trexenta\/\" data-orig-file=\"https:\/\/i0.wp.com\/www.caicagliari.it\/cicloescursionismo\/wp-content\/uploads\/sites\/4\/2021\/05\/2021_05_29-Trexenta.jpeg?fit=1600%2C900&amp;ssl=1\" data-orig-size=\"1600,900\" data-comments-opened=\"0\" data-image-meta=\"{&quot;aperture&quot;:&quot;0&quot;,&quot;credit&quot;:&quot;&quot;,&quot;camera&quot;:&quot;&quot;,&quot;caption&quot;:&quot;&quot;,&quot;created_timestamp&quot;:&quot;0&quot;,&quot;copyright&quot;:&quot;&quot;,&quot;focal_length&quot;:&quot;0&quot;,&quot;iso&quot;:&quot;0&quot;,&quot;shutter_speed&quot;:&quot;0&quot;,&quot;title&quot;:&quot;&quot;,&quot;orientation&quot;:&quot;0&quot;}\" data-image-title=\"2021_05_29 Trexenta\" data-image-description=\"\" data-image-caption=\"\" data-medium-file=\"https:\/\/i0.wp.com\/www.caicagliari.it\/cicloescursionismo\/wp-content\/uploads\/sites\/4\/2021\/05\/2021_05_29-Trexenta.jpeg?fit=300%2C169&amp;ssl=1\" data-large-file=\"https:\/\/i0.wp.com\/www.caicagliari.it\/cicloescursionismo\/wp-content\/uploads\/sites\/4\/2021\/05\/2021_05_29-Trexenta.jpeg?fit=1024%2C576&amp;ssl=1\" \/><\/a> <a class=\"title\" href=\"https:\/\/www.caicagliari.it\/cicloescursionismo\/2021\/05\/26\/29-maggio-mtb-barrali-tra-i-romani-e-i-prenuragici\/\">29 Maggio  &#8211; (MTB) Barrali tra i romani e i prenuragici<\/a> <span class=\"excerpt-dash\">-<\/span> <span class=\"excerpt\">Cicloescursione stagionale &#8211; 29 Maggio &#8211; (MTB) Barrali tra i romani e i prenuragici Dopo tanti rinvii per causa di forza maggiore, finalmente abbiamo l\u2019occasione di ritornare a pedalare nella Trexenta. Diversi i territori dei comuni che attraverseremo a cominciare &hellip; <a href=\"https:\/\/www.caicagliari.it\/cicloescursionismo\/2021\/05\/26\/29-maggio-mtb-barrali-tra-i-romani-e-i-prenuragici\/\">Continua<\/a><\/span><\/li><li class=\"listing-item\"><a class=\"image\" href=\"https:\/\/www.caicagliari.it\/cicloescursionismo\/2021\/05\/14\/22-maggio-mtb-perda-liana-e-la-foresta-demaniale-di-montarbu\/\"><img loading=\"lazy\" decoding=\"async\" width=\"150\" height=\"150\" src=\"https:\/\/i0.wp.com\/www.caicagliari.it\/cicloescursionismo\/wp-content\/uploads\/sites\/4\/2021\/05\/2021_05_22-Perda-Liana-e-la-foresta-demaniale-di-Montarbu-scaled.jpg?resize=150%2C150&amp;ssl=1\" class=\"attachment-thumbnail size-thumbnail wp-post-image\" alt=\"\" srcset=\"https:\/\/i0.wp.com\/www.caicagliari.it\/cicloescursionismo\/wp-content\/uploads\/sites\/4\/2021\/05\/2021_05_22-Perda-Liana-e-la-foresta-demaniale-di-Montarbu-scaled.jpg?resize=150%2C150&amp;ssl=1 150w, https:\/\/i0.wp.com\/www.caicagliari.it\/cicloescursionismo\/wp-content\/uploads\/sites\/4\/2021\/05\/2021_05_22-Perda-Liana-e-la-foresta-demaniale-di-Montarbu-scaled.jpg?zoom=2&amp;resize=150%2C150&amp;ssl=1 300w, https:\/\/i0.wp.com\/www.caicagliari.it\/cicloescursionismo\/wp-content\/uploads\/sites\/4\/2021\/05\/2021_05_22-Perda-Liana-e-la-foresta-demaniale-di-Montarbu-scaled.jpg?zoom=3&amp;resize=150%2C150&amp;ssl=1 450w\" sizes=\"auto, (max-width: 150px) 100vw, 150px\" data-attachment-id=\"10001770\" data-permalink=\"https:\/\/www.caicagliari.it\/cicloescursionismo\/2021_05_22-perda-liana-e-la-foresta-demaniale-di-montarbu-2\/\" data-orig-file=\"https:\/\/i0.wp.com\/www.caicagliari.it\/cicloescursionismo\/wp-content\/uploads\/sites\/4\/2021\/05\/2021_05_22-Perda-Liana-e-la-foresta-demaniale-di-Montarbu-scaled.jpg?fit=2560%2C1920&amp;ssl=1\" data-orig-size=\"2560,1920\" data-comments-opened=\"0\" data-image-meta=\"{&quot;aperture&quot;:&quot;4.5&quot;,&quot;credit&quot;:&quot;&quot;,&quot;camera&quot;:&quot;DSC-TX30&quot;,&quot;caption&quot;:&quot;&quot;,&quot;created_timestamp&quot;:&quot;1594547106&quot;,&quot;copyright&quot;:&quot;&quot;,&quot;focal_length&quot;:&quot;4.7&quot;,&quot;iso&quot;:&quot;80&quot;,&quot;shutter_speed&quot;:&quot;0.002&quot;,&quot;title&quot;:&quot;&quot;,&quot;orientation&quot;:&quot;1&quot;}\" data-image-title=\"2021_05_22 Perda Liana e la foresta demaniale di Montarbu\" data-image-description=\"\" data-image-caption=\"\" data-medium-file=\"https:\/\/i0.wp.com\/www.caicagliari.it\/cicloescursionismo\/wp-content\/uploads\/sites\/4\/2021\/05\/2021_05_22-Perda-Liana-e-la-foresta-demaniale-di-Montarbu-scaled.jpg?fit=300%2C225&amp;ssl=1\" data-large-file=\"https:\/\/i0.wp.com\/www.caicagliari.it\/cicloescursionismo\/wp-content\/uploads\/sites\/4\/2021\/05\/2021_05_22-Perda-Liana-e-la-foresta-demaniale-di-Montarbu-scaled.jpg?fit=1024%2C768&amp;ssl=1\" \/><\/a> <a class=\"title\" href=\"https:\/\/www.caicagliari.it\/cicloescursionismo\/2021\/05\/14\/22-maggio-mtb-perda-liana-e-la-foresta-demaniale-di-montarbu\/\">22 Maggio  &#8211; (MTB) Perda Liana e la foresta demaniale di Montarbu<\/a> <span class=\"excerpt-dash\">-<\/span> <span class=\"excerpt\">Cicloescursione stagionale &#8211; 22 Maggio &#8211; (MTB) Perda Liana e la foresta demaniale di Montarbu In questa cicloescursione pedaleremo in una delle aree verdi pi\u00f9 suggestive e meglio conservate della Sardegna, incastonata fra Supramonte e Gennargentu, la foresta Montarbu, che &hellip; <a href=\"https:\/\/www.caicagliari.it\/cicloescursionismo\/2021\/05\/14\/22-maggio-mtb-perda-liana-e-la-foresta-demaniale-di-montarbu\/\">Continua<\/a><\/span><\/li><li class=\"listing-item\"><a class=\"image\" href=\"https:\/\/www.caicagliari.it\/cicloescursionismo\/2019\/06\/05\/15-giugno-mtb-sorgono-pedalando-nel-cuore-della-sardegna\/\"><img loading=\"lazy\" decoding=\"async\" width=\"150\" height=\"150\" src=\"https:\/\/i0.wp.com\/www.caicagliari.it\/cicloescursionismo\/wp-content\/uploads\/sites\/4\/2019\/06\/2019_06_15-MTB-Sorgono.jpg?resize=150%2C150&amp;ssl=1\" class=\"attachment-thumbnail size-thumbnail wp-post-image\" alt=\"\" srcset=\"https:\/\/i0.wp.com\/www.caicagliari.it\/cicloescursionismo\/wp-content\/uploads\/sites\/4\/2019\/06\/2019_06_15-MTB-Sorgono.jpg?resize=150%2C150&amp;ssl=1 150w, https:\/\/i0.wp.com\/www.caicagliari.it\/cicloescursionismo\/wp-content\/uploads\/sites\/4\/2019\/06\/2019_06_15-MTB-Sorgono.jpg?zoom=2&amp;resize=150%2C150&amp;ssl=1 300w, https:\/\/i0.wp.com\/www.caicagliari.it\/cicloescursionismo\/wp-content\/uploads\/sites\/4\/2019\/06\/2019_06_15-MTB-Sorgono.jpg?zoom=3&amp;resize=150%2C150&amp;ssl=1 450w\" sizes=\"auto, (max-width: 150px) 100vw, 150px\" data-attachment-id=\"10001558\" data-permalink=\"https:\/\/www.caicagliari.it\/cicloescursionismo\/cicloescursioni\/2019_06_15-mtb-sorgono\/\" data-orig-file=\"https:\/\/i0.wp.com\/www.caicagliari.it\/cicloescursionismo\/wp-content\/uploads\/sites\/4\/2019\/06\/2019_06_15-MTB-Sorgono.jpg?fit=1280%2C720&amp;ssl=1\" data-orig-size=\"1280,720\" data-comments-opened=\"0\" data-image-meta=\"{&quot;aperture&quot;:&quot;0&quot;,&quot;credit&quot;:&quot;&quot;,&quot;camera&quot;:&quot;&quot;,&quot;caption&quot;:&quot;&quot;,&quot;created_timestamp&quot;:&quot;0&quot;,&quot;copyright&quot;:&quot;&quot;,&quot;focal_length&quot;:&quot;0&quot;,&quot;iso&quot;:&quot;0&quot;,&quot;shutter_speed&quot;:&quot;0&quot;,&quot;title&quot;:&quot;&quot;,&quot;orientation&quot;:&quot;0&quot;}\" data-image-title=\"2019_06_15 MTB Sorgono\" data-image-description=\"\" data-image-caption=\"\" data-medium-file=\"https:\/\/i0.wp.com\/www.caicagliari.it\/cicloescursionismo\/wp-content\/uploads\/sites\/4\/2019\/06\/2019_06_15-MTB-Sorgono.jpg?fit=300%2C169&amp;ssl=1\" data-large-file=\"https:\/\/i0.wp.com\/www.caicagliari.it\/cicloescursionismo\/wp-content\/uploads\/sites\/4\/2019\/06\/2019_06_15-MTB-Sorgono.jpg?fit=1024%2C576&amp;ssl=1\" \/><\/a> <a class=\"title\" href=\"https:\/\/www.caicagliari.it\/cicloescursionismo\/2019\/06\/05\/15-giugno-mtb-sorgono-pedalando-nel-cuore-della-sardegna\/\">15 Giugno &#8211; (MTB) Sorgono \u2013 pedalando nel cuore della Sardegna<\/a> <span class=\"excerpt-dash\">-<\/span> <span class=\"excerpt\">6\u00b0 Cicloescursione stagionale &#8211; 15 Giugno &#8211; Sorgono \u2013 pedalando nel cuore della Sardegna Questa cicloescursione ci porter\u00e0 a pedalare nel cuore della Sardegna e precisamente a Sorgono, nella provincia di Nuoro, nella sub-regione della Barbagia Mandrolisai, tra vecchie ferrovie, &hellip; <a href=\"https:\/\/www.caicagliari.it\/cicloescursionismo\/2019\/06\/05\/15-giugno-mtb-sorgono-pedalando-nel-cuore-della-sardegna\/\">Continua<\/a><\/span><\/li><\/ul>[\/vc_column_text][\/vc_column][\/vc_row]\n","protected":false},"excerpt":{"rendered":"<p>[vc_row][vc_column][vc_column_text][\/vc_column_text][\/vc_column][\/vc_row]<\/p>\n","protected":false},"author":6,"featured_media":0,"parent":0,"menu_order":0,"comment_status":"closed","ping_status":"closed","template":"","meta":{"_acf_changed":false,"jetpack_post_was_ever_published":false,"footnotes":""},"class_list":["post-10000631","page","type-page","status-publish","hentry"],"acf":[],"jetpack_sharing_enabled":true,"jetpack_shortlink":"https:\/\/wp.me\/P7lKRh-FXCv","jetpack-related-posts":[],"_links":{"self":[{"href":"https:\/\/www.caicagliari.it\/cicloescursionismo\/wp-json\/wp\/v2\/pages\/10000631","targetHints":{"allow":["GET"]}}],"collection":[{"href":"https:\/\/www.caicagliari.it\/cicloescursionismo\/wp-json\/wp\/v2\/pages"}],"about":[{"href":"https:\/\/www.caicagliari.it\/cicloescursionismo\/wp-json\/wp\/v2\/types\/page"}],"author":[{"embeddable":true,"href":"https:\/\/www.caicagliari.it\/cicloescursionismo\/wp-json\/wp\/v2\/users\/6"}],"replies":[{"embeddable":true,"href":"https:\/\/www.caicagliari.it\/cicloescursionismo\/wp-json\/wp\/v2\/comments?post=10000631"}],"version-history":[{"count":5,"href":"https:\/\/www.caicagliari.it\/cicloescursionismo\/wp-json\/wp\/v2\/pages\/10000631\/revisions"}],"predecessor-version":[{"id":10001035,"href":"https:\/\/www.caicagliari.it\/cicloescursionismo\/wp-json\/wp\/v2\/pages\/10000631\/revisions\/10001035"}],"wp:attachment":[{"href":"https:\/\/www.caicagliari.it\/cicloescursionismo\/wp-json\/wp\/v2\/media?parent=10000631"}],"curies":[{"name":"wp","href":"https:\/\/api.w.org\/{rel}","templated":true}]}}